{"id":82082,"date":"2023-12-14T02:11:53","date_gmt":"2023-12-14T01:11:53","guid":{"rendered":"https:\/\/www.soanam.de\/?post_type=product&#038;p=82082"},"modified":"2023-12-14T02:14:15","modified_gmt":"2023-12-14T01:14:15","slug":"icepeak-softshelljacke-barnes-in-schwarz-grau-groesse-58","status":"publish","type":"product","link":"https:\/\/www.soanam.de\/ru\/produkt\/icepeak-softshelljacke-barnes-in-schwarz-grau-groesse-58\/","title":{"rendered":"\u041a\u0443\u0440\u0442\u043a\u0430 \u0441\u043e\u0444\u0442\u0448\u0435\u043b\u043b ICEPEAK BARNES, \u0446\u0432\u0435\u0442 \u0447\u0435\u0440\u043d\u044b\u0439, \u0441\u0435\u0440\u044b\u0439, \u0440\u0430\u0437\u043c\u0435\u0440 58"},"content":{"rendered":"<p>Softshelljacke von Icepeak<br \/>\n\u0412\u043e\u0434\u043e\u043e\u0442\u0442\u0430\u043b\u043a\u0438\u0432\u0430\u044e\u0449\u0438\u0439, \u0432\u0435\u0442\u0440\u043e\u0437\u0430\u0449\u0438\u0442\u043d\u044b\u0439, \u0434\u044b\u0448\u0430\u0449\u0438\u0439<br \/>\nRei\u00dfverschlusstasche<br \/>\n\u0420\u0435\u0433\u0443\u043b\u0438\u0440\u0443\u0435\u043c\u044b\u0435 \u043c\u0430\u043d\u0436\u0435\u0442\u044b \u0438 \u043f\u043e\u0434\u043e\u043b.<br \/>\n\u0423\u0434\u043e\u0431\u043d\u044b\u0439 \u0432\u043d\u0443\u0442\u0440\u0435\u043d\u043d\u0438\u0439 \u0432\u043e\u0440\u043e\u0442\u043d\u0438\u043a<br \/>\n\u0421\u044a\u0435\u043c\u043d\u044b\u0439 \u043a\u0430\u043f\u044e\u0448\u043e\u043d<br \/>\n\u0421 \u043a\u043e\u043d\u0442\u0440\u0430\u0441\u0442\u043d\u044b\u043c\u0438 \u0446\u0432\u0435\u0442\u043d\u044b\u043c\u0438 \u0434\u0435\u0442\u0430\u043b\u044f\u043c\u0438<\/p>\n<p>Einer der Vorteile einer Softshelljacke ist das atmungsaktive und bequeme Material, dank dem Sie keine Abstriche bei wind- und wasserabweisenden Eigenschaften machen m\u00fcssen.Der Komfort wird durch das anatomische Design, das eine freie Bewegungsfreiheit gew\u00e4hrleistet, und einen weichen Innenkragen mit Kinnschutz erh\u00f6ht gegen unangenehmes Reiben des Rei\u00dfverschlusses auf der Haut. Dank der abnehmbaren Kapuze ist die Jacke an unterschiedliche Wetterbedingungen auf und abseits der Piste anpassbar.<\/p>\n<p>Dieses A.W.S. EXTREME-Produkt erf\u00fcllt die Anforderungen aktiver Outdoor-Leute auch unter extremen Bedingungen. Wassers\u00e4ule und Atmungsaktivit\u00e4t des Materials: 10 000 mm 5 000 mvp.<br \/>\nSoftshell ist ein funktionales Material f\u00fcr vielf\u00e4ltige Outdoor-Aktivit\u00e4ten.<br \/>\nDas Produkt bietet Wetterschutz, ist aber gleichzeitig angenehm elastisch.<br \/>\nDie Gewebeoberfl\u00e4che ist wasserabweisend impr\u00e4gniert.<br \/>\nDas 2-Wege-Stretchmaterial erh\u00f6ht die Bewegungsfreiheit.<\/p>\n<p>\u041c\u0430\u0442\u0435\u0440\u0438\u0430\u043b: 100 % \u043f\u043e\u043b\u0438\u044d\u0441\u0442\u0435\u0440<br \/>\n\u0420\u0435\u043a\u043e\u043c\u0435\u043d\u0434\u0430\u0446\u0438\u0438 \u043f\u043e \u0443\u0445\u043e\u0434\u0443: \u041c\u0430\u0448\u0438\u043d\u043d\u0430\u044f \u0441\u0442\u0438\u0440\u043a\u0430<\/p>\n<p>\u0426\u0432\u0435\u0442: \u0447\u0435\u0440\u043d\u044b\u0439, \u0441\u0435\u0440\u044b\u0439<br \/>\nMuster: kontrastfarbene Details<br \/>\n\u0420\u0430\u0437\u043c\u0435\u0440: 58<\/p>\n<p>\u0428\u0438\u0440\u0438\u043d\u0430 \u043f\u043b\u0435\u0447: 60 \u0441\u043c<br \/>\n\u0428\u0438\u0440\u0438\u043d\u0430 \u0433\u0440\u0443\u0434\u0438: 124 \u0441\u043c<br \/>\n\u00c4rmell\u00e4nge: 84cm<br \/>\n\u041e\u0431\u0449\u0430\u044f \u0434\u043b\u0438\u043d\u0430: 81 \u0441\u043c<\/p>","protected":false},"excerpt":{"rendered":"<table class=\"dv_characteristicsTable\">\n<tbody>\n<tr>\n<td class=\"left\">\u0420\u0430\u0437\u043c\u0435\u0440<\/td>\n<td>58<\/td>\n<\/tr>\n<tr>\n<td class=\"left\">\u0421\u043e\u0441\u0442\u0430\u0432 \u043c\u0430\u0442\u0435\u0440\u0438\u0430\u043b\u0430<\/td>\n<td>100 % \u041f\u043e\u043b\u0438\u044d\u0441\u0442\u0435\u0440<\/td>\n<\/tr>\n<tr>\n<td class=\"left\">\u0420\u0435\u043a\u043e\u043c\u0435\u043d\u0434\u0430\u0446\u0438\u0438 \u043f\u043e \u0443\u0445\u043e\u0434\u0443<\/td>\n<td>\u041c\u0430\u0448\u0438\u043d\u043d\u0430\u044f \u0441\u0442\u0438\u0440\u043a\u0430<\/td>\n<\/tr>\n<tr>\n<td class=\"left\">\u0426\u0432\u0435\u0442<\/td>\n<td>Schwarz, Grau<\/td>\n<\/tr>\n<tr>\n<td class=\"left\">Ausschnitt<\/td>\n<td>\u041a\u0430\u043f\u044e\u0448\u043e\u043d<\/td>\n<\/tr>\n<tr>\n<td class=\"left\">\u00c4rmel<\/td>\n<td>\u0414\u043b\u0438\u043d\u043d\u044b\u0439 \u0440\u0443\u043a\u0430\u0432<\/td>\n<\/tr>\n<tr>\n<td class=\"left\">Fit<\/td>\n<td>regular fit<\/td>\n<\/tr>\n<tr>\n<td class=\"left\">Besondere Merkmale<\/td>\n<td>\u0412\u043e\u0434\u043e\u043e\u0442\u0442\u0430\u043b\u043a\u0438\u0432\u0430\u044e\u0449\u0438\u0439, \u0432\u0435\u0442\u0440\u043e\u0437\u0430\u0449\u0438\u0442\u043d\u044b\u0439, \u0434\u044b\u0448\u0430\u0449\u0438\u0439<\/td>\n<\/tr>\n<\/tbody>\n<\/table>","protected":false},"featured_media":82199,"comment_status":"open","ping_status":"closed","template":"","meta":{"_seopress_robots_primary_cat":"","_seopress_titles_title":"","_seopress_titles_desc":"","_seopress_robots_index":""},"product_brand":[],"product_cat":[1345,1363,1648],"product_tag":[],"class_list":{"0":"post-82082","1":"product","2":"type-product","3":"status-publish","4":"has-post-thumbnail","6":"product_cat-herrenmode","7":"product_cat-jacken-maentel-herrenmode","8":"product_cat-softshelljacken-jacken-maentel-herrenmode","9":"product_shipping_class-standard-versand","11":"first","12":"instock","13":"taxable","14":"shipping-taxable","15":"purchasable","16":"product-type-simple"},"_links":{"self":[{"href":"https:\/\/www.soanam.de\/ru\/wp-json\/wp\/v2\/product\/82082","targetHints":{"allow":["GET"]}}],"collection":[{"href":"https:\/\/www.soanam.de\/ru\/wp-json\/wp\/v2\/product"}],"about":[{"href":"https:\/\/www.soanam.de\/ru\/wp-json\/wp\/v2\/types\/product"}],"replies":[{"embeddable":true,"href":"https:\/\/www.soanam.de\/ru\/wp-json\/wp\/v2\/comments?post=82082"}],"wp:featuredmedia":[{"embeddable":true,"href":"https:\/\/www.soanam.de\/ru\/wp-json\/wp\/v2\/media\/82199"}],"wp:attachment":[{"href":"https:\/\/www.soanam.de\/ru\/wp-json\/wp\/v2\/media?parent=82082"}],"wp:term":[{"taxonomy":"product_brand","embeddable":true,"href":"https:\/\/www.soanam.de\/ru\/wp-json\/wp\/v2\/product_brand?post=82082"},{"taxonomy":"product_cat","embeddable":true,"href":"https:\/\/www.soanam.de\/ru\/wp-json\/wp\/v2\/product_cat?post=82082"},{"taxonomy":"product_tag","embeddable":true,"href":"https:\/\/www.soanam.de\/ru\/wp-json\/wp\/v2\/product_tag?post=82082"}],"curies":[{"name":"wp","href":"https:\/\/api.w.org\/{rel}","templated":true}]}}