{"id":79106,"date":"2023-12-13T22:00:08","date_gmt":"2023-12-13T21:00:08","guid":{"rendered":"https:\/\/www.soanam.de\/?post_type=product&#038;p=79106"},"modified":"2023-12-13T22:34:37","modified_gmt":"2023-12-13T21:34:37","slug":"lascana-babydolltop-in-schwarz-groesse-36-38","status":"publish","type":"product","link":"https:\/\/www.soanam.de\/ru\/produkt\/lascana-babydolltop-in-schwarz-groesse-36-38\/","title":{"rendered":"LASCANA Babydolltop, in Schwarz, Gr\u00f6\u00dfe 36\/38"},"content":{"rendered":"<p>Schlaftop mit tiefem V-Ausschnitt<br \/>\nSpitze am Racerback und als Schr\u00e4geinsatz unter der Brust<br \/>\nVerstellbare Tr\u00e4ger f\u00fcr einen optimalen Sitz<br \/>\n\u041c\u044f\u0433\u043a\u0438\u0439 \u0441\u0442\u0440\u0443\u044f\u0449\u0438\u0439\u0441\u044f \u043c\u0430\u0442\u0435\u0440\u0438\u0430\u043b \u0438\u0437 \u0441\u043c\u0435\u0441\u0438 \u0432\u0438\u0441\u043a\u043e\u0437\u044b<\/p>\n<p>Absoluter Hingucker bei diesem Top ist nat\u00fcrlich das hochwertige Design mit edler Spitze am tiefen Ausschnitt, am Racerback und als Schr\u00e4geinsatz unter der Brust. Aber nicht nur die Optik punktet hier. Die Nachtw\u00e4sche hat au\u00dferdem noch elegante schmale Tr\u00e4ger, die du individuell f\u00fcr einen optimalen Sitz selber verstellen kannst. Das herrlich weich flie\u00dfende elastische Viskose-Material wird dir gut gefallen, denn es umschmeichelt sanft und angenehm deine Formen<\/p>\n<p>\u041c\u0430\u0442\u0435\u0440\u0438\u0430\u043b: 95% \u0432\u0438\u0441\u043a\u043e\u0437\u0430, 5% \u044d\u043b\u0430\u0441\u0442\u0430\u043d<br \/>\n\u0420\u0435\u043a\u043e\u043c\u0435\u043d\u0434\u0430\u0446\u0438\u0438 \u043f\u043e \u0443\u0445\u043e\u0434\u0443: \u041c\u0430\u0448\u0438\u043d\u043d\u0430\u044f \u0441\u0442\u0438\u0440\u043a\u0430<\/p>\n<p>\u0426\u0432\u0435\u0442: \u0447\u0435\u0440\u043d\u044b\u0439<br \/>\n\u0423\u0437\u043e\u0440: \u043a\u0440\u0443\u0436\u0435\u0432\u043d\u0430\u044f \u0432\u0441\u0442\u0430\u0432\u043a\u0430<br \/>\n\u0420\u0430\u0437\u043c\u0435\u0440: 36\/38<\/p>\n<p>\u041e\u0431\u0449\u0430\u044f \u0434\u043b\u0438\u043d\u0430: 66 \u0441\u043c<\/p>","protected":false},"excerpt":{"rendered":"<table class=\"dv_characteristicsTable\">\n<tbody>\n<tr>\n<td class=\"left\">\u0420\u0430\u0437\u043c\u0435\u0440<\/td>\n<td>36\/38<\/td>\n<\/tr>\n<tr>\n<td class=\"left\">Gr\u00f6\u00dfentyp<\/td>\n<td>Normalgr\u00f6\u00dfen<\/td>\n<\/tr>\n<tr>\n<td class=\"left\">\u0421\u043e\u0441\u0442\u0430\u0432 \u043c\u0430\u0442\u0435\u0440\u0438\u0430\u043b\u0430<\/td>\n<td>Obermaterial: 95% Viskose, 5% Elasthan<\/td>\n<\/tr>\n<tr>\n<td class=\"left\">\u0420\u0435\u043a\u043e\u043c\u0435\u043d\u0434\u0430\u0446\u0438\u0438 \u043f\u043e \u0443\u0445\u043e\u0434\u0443<\/td>\n<td>\u041c\u0430\u0448\u0438\u043d\u043d\u0430\u044f \u0441\u0442\u0438\u0440\u043a\u0430<\/td>\n<\/tr>\n<tr>\n<td class=\"left\">Optik<\/td>\n<td>unifarben<\/td>\n<\/tr>\n<tr>\n<td class=\"left\">Stil<\/td>\n<td>sexy<\/td>\n<\/tr>\n<tr>\n<td class=\"left\">\u0426\u0432\u0435\u0442<\/td>\n<td>schwarz<\/td>\n<\/tr>\n<tr>\n<td class=\"left\">Ausschnitt<\/td>\n<td>tiefer V-Ausschnitt<\/td>\n<\/tr>\n<tr>\n<td class=\"left\">\u00c4rmel<\/td>\n<td>ohne \u00c4rmel<\/td>\n<\/tr>\n<tr>\n<td class=\"left\">Tr\u00e4gerdetails<\/td>\n<td>verstellbar<\/td>\n<\/tr>\n<tr>\n<td class=\"left\">Fit<\/td>\n<td>Basic<\/td>\n<\/tr>\n<tr>\n<td class=\"left\">Schnittform L\u00e4nge<\/td>\n<td>normal<\/td>\n<\/tr>\n<tr>\n<td class=\"left\">Applikationen<\/td>\n<td>\u0422\u043e\u043f<\/td>\n<\/tr>\n<tr>\n<td class=\"left\">Besondere Merkmale<\/td>\n<td>mit feinen Tr\u00e4gern und transparenten Spitzeneins\u00e4tzen<\/td>\n<\/tr>\n<\/tbody>\n<\/table>","protected":false},"featured_media":79205,"comment_status":"open","ping_status":"closed","template":"","meta":{"_seopress_robots_primary_cat":"","_seopress_titles_title":"","_seopress_titles_desc":"","_seopress_robots_index":""},"product_brand":[],"product_cat":[1348,1520,1521],"product_tag":[],"class_list":{"0":"post-79106","1":"product","2":"type-product","3":"status-publish","4":"has-post-thumbnail","6":"product_cat-damen-mode","7":"product_cat-nachtwaesche","8":"product_cat-einzelteile","9":"product_shipping_class-standard-versand","11":"first","12":"instock","13":"sale","14":"taxable","15":"shipping-taxable","16":"purchasable","17":"product-type-simple"},"_links":{"self":[{"href":"https:\/\/www.soanam.de\/ru\/wp-json\/wp\/v2\/product\/79106","targetHints":{"allow":["GET"]}}],"collection":[{"href":"https:\/\/www.soanam.de\/ru\/wp-json\/wp\/v2\/product"}],"about":[{"href":"https:\/\/www.soanam.de\/ru\/wp-json\/wp\/v2\/types\/product"}],"replies":[{"embeddable":true,"href":"https:\/\/www.soanam.de\/ru\/wp-json\/wp\/v2\/comments?post=79106"}],"wp:featuredmedia":[{"embeddable":true,"href":"https:\/\/www.soanam.de\/ru\/wp-json\/wp\/v2\/media\/79205"}],"wp:attachment":[{"href":"https:\/\/www.soanam.de\/ru\/wp-json\/wp\/v2\/media?parent=79106"}],"wp:term":[{"taxonomy":"product_brand","embeddable":true,"href":"https:\/\/www.soanam.de\/ru\/wp-json\/wp\/v2\/product_brand?post=79106"},{"taxonomy":"product_cat","embeddable":true,"href":"https:\/\/www.soanam.de\/ru\/wp-json\/wp\/v2\/product_cat?post=79106"},{"taxonomy":"product_tag","embeddable":true,"href":"https:\/\/www.soanam.de\/ru\/wp-json\/wp\/v2\/product_tag?post=79106"}],"curies":[{"name":"wp","href":"https:\/\/api.w.org\/{rel}","templated":true}]}}