{"id":78264,"date":"2023-12-13T21:14:57","date_gmt":"2023-12-13T20:14:57","guid":{"rendered":"https:\/\/www.soanam.de\/?post_type=product&#038;p=78264"},"modified":"2023-12-13T21:18:20","modified_gmt":"2023-12-13T20:18:20","slug":"%d0%bd%d0%b0%d0%be%d0%bc%d0%b8-%d0%bd%d0%be%d0%b2%d0%b8%d0%ba-%d1%82%d0%b5%d0%bc%d0%bd%d0%be%d0%b5-%d1%81%d0%b5%d1%80%d0%b4%d1%86%d0%b5-%d0%bb%d0%b5%d1%81%d0%b0-%d0%bc%d1%8f%d0%b3%d0%ba%d0%b0%d1%8f","status":"publish","type":"product","link":"https:\/\/www.soanam.de\/ru\/produkt\/naomi-novik-das-dunkle-herz-des-waldes-taschenbuch-2018-deutsch\/","title":{"rendered":"\u041d\u0430\u043e\u043c\u0438 \u041d\u043e\u0432\u0438\u043a \"\u0422\u0435\u043c\u043d\u043e\u0435 \u0441\u0435\u0440\u0434\u0446\u0435 \u043b\u0435\u0441\u0430\" \u043c\u044f\u0433\u043a\u0430\u044f \u043e\u0431\u043b\u043e\u0436\u043a\u0430 2018 \u041d\u0435\u043c\u0435\u0446\u043a\u0438\u0439 \u044f\u0437\u044b\u043a"},"content":{"rendered":"<h3>\u041e\u043f\u0438\u0441\u0430\u043d\u0438\u0435 \u0442\u043e\u0432\u0430\u0440\u0430<\/h3>\n<p>Es stimmt nicht, dass der Drache die M\u00e4dchen, die er sich holt, verspeist. Ganz gleich, was f\u00fcr Geschichten man sich au\u00dferhalb unseres Tales erz\u00e4hlen mag \u2026<\/p>\n<p>Agnieszka liebt ihr Dorf und das Tal, in dem sie lebt. Doch jenseits des silbernen Flusses im Dunklen Wald lauert eine b\u00f6se Macht. Nur der \u00bbDrache\u00ab, ein m\u00e4chtiger Zauberer, kann sie unter Kontrolle halten. Daf\u00fcr fordert er alle zehn Jahre ein M\u00e4dchen, das ihm dienen muss. Der Zeitpunkt der Wahl naht, und alle wissen, dass es Kasia treffen wird, Agnieszkas beste Freundin. Sie ist sch\u00f6n, anmutig, tapfer \u2013 das Gegenteil von Agnieszka. Als der Drache aber kommt, w\u00e4hlt er nicht Kasia, sondern Agnieszka.<\/p>\n<p><strong>\u0414\u0435\u0442\u0430\u043b\u0438 \u043f\u0440\u043e\u0434\u0443\u043a\u0442\u0430<\/strong><br \/>\nHerausgeber \u200f : \u200e cbt<br \/>\n\u0413\u043e\u0434 \u0438\u0437\u0434\u0430\u043d\u0438\u044f : 2018<br \/>\n\u042f\u0437\u044b\u043a : \u041d\u0435\u043c\u0435\u0446\u043a\u0438\u0439<br \/>\nTaschenbuch \u200f : \u200e 574 Seiten<br \/>\nISBN-10 \u200f : \u200e 3570312445<br \/>\nISBN-13 \u200f : \u200e 978-3570312445<br \/>\nLesealter \u200f : \u200e 14 Jahre und \u00e4lter<br \/>\nOriginaltitel \u200f : \u200e Uprooted<br \/>\nAbmessungen \u200f : \u200e 12 x 4.3 x 18.7 cm<\/p>","protected":false},"excerpt":{"rendered":"<h3>Artikelmerkmale<\/h3>\n<p>Artikelzustand: Neu - Neues, ungelesenes, ungebrauchtes Buch in makellosem Zustand<\/p>\n<table dir=\"ltr\" border=\"1\" cellspacing=\"0\" cellpadding=\"0\">\n<colgroup>\n<col width=\"203\" \/>\n<col width=\"365\" \/><\/colgroup>\n<tbody>\n<tr>\n<td data-sheets-value=\"{&quot;1&quot;:2,&quot;2&quot;:&quot;Anzahl der Seiten:&quot;}\">Anzahl der Seiten:<\/td>\n<td data-sheets-value=\"{&quot;1&quot;:2,&quot;2&quot;:&quot;573 Seiten&quot;}\">573 Seiten<\/td>\n<\/tr>\n<tr>\n<td data-sheets-value=\"{&quot;1&quot;:2,&quot;2&quot;:&quot;Autor:&quot;}\">Autor:<\/td>\n<td data-sheets-value=\"{&quot;1&quot;:2,&quot;2&quot;:&quot;Naomi Novik&quot;}\">Naomi Novik<\/td>\n<\/tr>\n<tr>\n<td data-sheets-value=\"{&quot;1&quot;:2,&quot;2&quot;:&quot;Buchtitel:&quot;}\">Buchtitel:<\/td>\n<td data-sheets-value=\"{&quot;1&quot;:2,&quot;2&quot;:&quot;Das Dunkle Herz des Waldes&quot;}\">Das Dunkle Herz des Waldes<\/td>\n<\/tr>\n<tr>\n<td data-sheets-value=\"{&quot;1&quot;:2,&quot;2&quot;:&quot;Erscheinungsjahr:&quot;}\">Erscheinungsjahr:<\/td>\n<td data-sheets-value=\"{&quot;1&quot;:3,&quot;3&quot;:2018}\">2018<\/td>\n<\/tr>\n<tr>\n<td data-sheets-value=\"{&quot;1&quot;:2,&quot;2&quot;:&quot;Format:&quot;}\">Format:<\/td>\n<td data-sheets-value=\"{&quot;1&quot;:2,&quot;2&quot;:&quot;Taschenbuch&quot;}\">Taschenbuch<\/td>\n<\/tr>\n<tr>\n<td data-sheets-value=\"{&quot;1&quot;:2,&quot;2&quot;:&quot;Genre:&quot;}\">Genre:<\/td>\n<td data-sheets-value=\"{&quot;1&quot;:2,&quot;2&quot;:&quot;Fantasy&quot;}\">Fantasy<\/td>\n<\/tr>\n<tr>\n<td data-sheets-value=\"{&quot;1&quot;:2,&quot;2&quot;:&quot;Herstellungsland und -region:&quot;}\">Herstellungsland und -region:<\/td>\n<td data-sheets-value=\"{&quot;1&quot;:2,&quot;2&quot;:&quot;Deutschland&quot;}\">\u0413\u0435\u0440\u043c\u0430\u043d\u0438\u044f<\/td>\n<\/tr>\n<tr>\n<td data-sheets-value=\"{&quot;1&quot;:2,&quot;2&quot;:&quot;ISBN:&quot;}\">ISBN:<\/td>\n<td data-sheets-value=\"{&quot;1&quot;:3,&quot;3&quot;:9783570312445}\">9783570312445<\/td>\n<\/tr>\n<tr>\n<td data-sheets-value=\"{&quot;1&quot;:2,&quot;2&quot;:&quot;Literarische Gattung:&quot;}\">Literarische Gattung:<\/td>\n<td data-sheets-value=\"{&quot;1&quot;:2,&quot;2&quot;:&quot;Belletristik&quot;}\">Belletristik<\/td>\n<\/tr>\n<tr>\n<td data-sheets-value=\"{&quot;1&quot;:2,&quot;2&quot;:&quot;Originalsprache:&quot;}\">Originalsprache:<\/td>\n<td data-sheets-value=\"{&quot;1&quot;:2,&quot;2&quot;:&quot;Englisch&quot;}\">Englisch<\/td>\n<\/tr>\n<tr>\n<td data-sheets-value=\"{&quot;1&quot;:2,&quot;2&quot;:&quot;Produktart:&quot;}\">Produktart:<\/td>\n<td data-sheets-value=\"{&quot;1&quot;:2,&quot;2&quot;:&quot;Roman&quot;}\">Roman<\/td>\n<\/tr>\n<tr>\n<td data-sheets-value=\"{&quot;1&quot;:2,&quot;2&quot;:&quot;Sprache:&quot;}\">Sprache:<\/td>\n<td data-sheets-value=\"{&quot;1&quot;:2,&quot;2&quot;:&quot;Deutsch&quot;}\">Deutsch<\/td>\n<\/tr>\n<tr>\n<td data-sheets-value=\"{&quot;1&quot;:2,&quot;2&quot;:&quot;Thematik:&quot;}\">Thematik:<\/td>\n<td data-sheets-value=\"{&quot;1&quot;:2,&quot;2&quot;:&quot;Drache&quot;}\">Drache<\/td>\n<\/tr>\n<tr>\n<td data-sheets-value=\"{&quot;1&quot;:2,&quot;2&quot;:&quot;Verlag:&quot;}\">Verlag:<\/td>\n<td data-sheets-value=\"{&quot;1&quot;:2,&quot;2&quot;:&quot;Cbt&quot;}\">Cbt<\/td>\n<\/tr>\n<tr>\n<td data-sheets-value=\"{&quot;1&quot;:2,&quot;2&quot;:&quot;Zielgruppe:&quot;}\">Zielgruppe:<\/td>\n<td data-sheets-value=\"{&quot;1&quot;:2,&quot;2&quot;:&quot;Jugendliche&quot;}\">Jugendliche<\/td>\n<\/tr>\n<\/tbody>\n<\/table>","protected":false},"featured_media":78379,"comment_status":"open","ping_status":"closed","template":"","meta":{"_seopress_robots_primary_cat":"","_seopress_titles_title":"","_seopress_titles_desc":"","_seopress_robots_index":""},"product_brand":[],"product_cat":[1428,1429,1452],"product_tag":[],"class_list":{"0":"post-78264","1":"product","2":"type-product","3":"status-publish","4":"has-post-thumbnail","6":"product_cat-buecher","7":"product_cat-jugend","8":"product_cat-romane-jugend","9":"product_shipping_class-standard-versand","11":"first","12":"instock","13":"taxable","14":"shipping-taxable","15":"purchasable","16":"product-type-simple"},"_links":{"self":[{"href":"https:\/\/www.soanam.de\/ru\/wp-json\/wp\/v2\/product\/78264","targetHints":{"allow":["GET"]}}],"collection":[{"href":"https:\/\/www.soanam.de\/ru\/wp-json\/wp\/v2\/product"}],"about":[{"href":"https:\/\/www.soanam.de\/ru\/wp-json\/wp\/v2\/types\/product"}],"replies":[{"embeddable":true,"href":"https:\/\/www.soanam.de\/ru\/wp-json\/wp\/v2\/comments?post=78264"}],"wp:featuredmedia":[{"embeddable":true,"href":"https:\/\/www.soanam.de\/ru\/wp-json\/wp\/v2\/media\/78379"}],"wp:attachment":[{"href":"https:\/\/www.soanam.de\/ru\/wp-json\/wp\/v2\/media?parent=78264"}],"wp:term":[{"taxonomy":"product_brand","embeddable":true,"href":"https:\/\/www.soanam.de\/ru\/wp-json\/wp\/v2\/product_brand?post=78264"},{"taxonomy":"product_cat","embeddable":true,"href":"https:\/\/www.soanam.de\/ru\/wp-json\/wp\/v2\/product_cat?post=78264"},{"taxonomy":"product_tag","embeddable":true,"href":"https:\/\/www.soanam.de\/ru\/wp-json\/wp\/v2\/product_tag?post=78264"}],"curies":[{"name":"wp","href":"https:\/\/api.w.org\/{rel}","templated":true}]}}