{"id":77736,"date":"2023-12-13T20:59:32","date_gmt":"2023-12-13T19:59:32","guid":{"rendered":"https:\/\/www.soanam.de\/?post_type=product&#038;p=77736"},"modified":"2023-12-13T21:02:07","modified_gmt":"2023-12-13T20:02:07","slug":"frida-nilsson-hedvig-das-erste-schuljahr-taschenbuch-2014-deutsch","status":"publish","type":"product","link":"https:\/\/www.soanam.de\/ru\/produkt\/frida-nilsson-hedvig-das-erste-schuljahr-taschenbuch-2014-deutsch\/","title":{"rendered":"\u0424\u0440\u0438\u0434\u0430 \u041d\u0438\u043b\u044c\u0441\u0441\u043e\u043d \"\u0425\u0435\u0434\u0432\u0438\u0433! \u041f\u0435\u0440\u0432\u044b\u0439 \u0443\u0447\u0435\u0431\u043d\u044b\u0439 \u0433\u043e\u0434\" \u041c\u044f\u0433\u043a\u0430\u044f \u043e\u0431\u043b\u043e\u0436\u043a\u0430 2014 \u041d\u0435\u043c\u0435\u0446\u043a\u0438\u0439 \u044f\u0437\u044b\u043a"},"content":{"rendered":"<h3><strong>\u041e\u043f\u0438\u0441\u0430\u043d\u0438\u0435 \u0442\u043e\u0432\u0430\u0440\u0430<\/strong><\/h3>\n<p>Hedvig wohnt nicht einmal am Ende der Welt, sie wohnt dahinter. In einem roten Holzhaus, mit ihren Eltern, einem Schaf, einigen H\u00fchnern, einem Hund, zwei Katzen \u2013 aber ohne beste Freundin.<\/p>\n<p>Denn Hedvig ist das einzige Kind weit und breit. Was f\u00fcr ein Gl\u00fcck, dass sie bald in die Schule kommt! Als sie gleich am ersten Schultag Linda kennenlernt, ist Hedvigs Leben pl\u00f6tzlich voller Abenteuer. Wenn ihre verr\u00fcckten Ideen blo\u00df nicht immer anders ausgingen als gedacht ... Wie h\u00e4tte Hedvig denn auch darauf kommen k\u00f6nnen, dass Kaulquappen keine Sahne m\u00f6gen, Rickard vom Seifenwasser in seiner Trinkflasche spucken muss und die Blumen, die sie f\u00fcr Mama pfl\u00fcckt, eigentlich der Nachbarin geh\u00f6ren?<\/p>\n<p><strong>\u0414\u0435\u0442\u0430\u043b\u0438 \u043f\u0440\u043e\u0434\u0443\u043a\u0442\u0430<\/strong><br \/>\nHerausgeber \u200f : \u200e Gulliver von Beltz &amp; Gelberg<br \/>\nErscheinungsjahr : 2014<br \/>\n\u042f\u0437\u044b\u043a : \u041d\u0435\u043c\u0435\u0446\u043a\u0438\u0439<br \/>\n\u041f\u0435\u0440\u0435\u043f\u043b\u0435\u0442 : \u043c\u044f\u0433\u043a\u0430\u044f \u043e\u0431\u043b\u043e\u0436\u043a\u0430<br \/>\nSeitenzahl \u200f : \u200e 173 Seiten<br \/>\nISBN-10 \u200f : \u200e 3407744536<br \/>\nISBN-13 \u200f : \u200e 978-3407744531<br \/>\nAltersempfehlung : 7-9 Jahre<br \/>\nArtikelgr\u00f6\u00dfe: \u200e 12.6 x 1.2 x 18.8 cm<\/p>","protected":false},"excerpt":{"rendered":"<h3><strong>Artikelmerkmale<\/strong><\/h3>\n<p>Artikelzustand: Neu - Neues, ungelesenes, ungebrauchtes Buch in makellosem Zustand<\/p>\n<table style=\"border-collapse: collapse;width: 432pt\" width=\"576\">\n<tbody>\n<tr style=\"height: 15.0pt\">\n<td class=\"xl65\" style=\"width: 193pt;height: 15.0pt\" width=\"257\" height=\"20\">Autor:<\/td>\n<td class=\"xl65\" style=\"width: 239pt\" width=\"319\">Frida Nilsson<\/td>\n<\/tr>\n<tr style=\"height: 15.0pt\">\n<td class=\"xl65\" style=\"height: 15.0pt\" height=\"20\">Besonderheiten:<\/td>\n<td class=\"xl65\">Illustriert<\/td>\n<\/tr>\n<tr style=\"height: 15.0pt\">\n<td class=\"xl65\" style=\"height: 15.0pt\" height=\"20\">Buchreihe:<\/td>\n<td class=\"xl65\">nicht zutreffend<\/td>\n<\/tr>\n<tr style=\"height: 15.0pt\">\n<td class=\"xl65\" style=\"height: 15.0pt\" height=\"20\">Buchtitel:<\/td>\n<td class=\"xl65\">Hedvig! Das erste Schuljahr<\/td>\n<\/tr>\n<tr style=\"height: 15.0pt\">\n<td class=\"xl65\" style=\"height: 15.0pt\" height=\"20\">Erscheinungsjahr:<\/td>\n<td class=\"xl65\">2014<\/td>\n<\/tr>\n<tr style=\"height: 15.0pt\">\n<td class=\"xl65\" style=\"height: 15.0pt\" height=\"20\">Format:<\/td>\n<td class=\"xl65\">Taschenbuch<\/td>\n<\/tr>\n<tr style=\"height: 15.0pt\">\n<td class=\"xl65\" style=\"height: 15.0pt\" height=\"20\">Genre:<\/td>\n<td class=\"xl65\">Kinder- &amp; Jugendliteratur<\/td>\n<\/tr>\n<tr style=\"height: 15.0pt\">\n<td style=\"height: 15.0pt\" height=\"20\">Herstellungsland und -region:<\/td>\n<td>\u0413\u0435\u0440\u043c\u0430\u043d\u0438\u044f<\/td>\n<\/tr>\n<tr style=\"height: 15.0pt\">\n<td class=\"xl65\" style=\"height: 15.0pt\" height=\"20\">ISBN:<\/td>\n<td class=\"xl65\">9783407744531<\/td>\n<\/tr>\n<tr style=\"height: 15.0pt\">\n<td class=\"xl65\" style=\"height: 15.0pt\" height=\"20\">Literarische Gattung:<\/td>\n<td class=\"xl65\">Belletristik<\/td>\n<\/tr>\n<tr style=\"height: 15.0pt\">\n<td style=\"height: 15.0pt\" height=\"20\">Produktart:<\/td>\n<td class=\"xl65\">Kinderbuch<\/td>\n<\/tr>\n<tr style=\"height: 15.0pt\">\n<td class=\"xl65\" style=\"height: 15.0pt\" height=\"20\">Sprache:<\/td>\n<td class=\"xl65\">Deutsch<\/td>\n<\/tr>\n<tr style=\"height: 15.0pt\">\n<td class=\"xl65\" style=\"height: 15.0pt\" height=\"20\">Thematik:<\/td>\n<td class=\"xl65\">Schule<\/td>\n<\/tr>\n<tr style=\"height: 15.0pt\">\n<td class=\"xl65\" style=\"height: 15.0pt\" height=\"20\">Verlag:<\/td>\n<td class=\"xl65\">Gulliver von Beltz &amp; Gelberg<\/td>\n<\/tr>\n<tr style=\"height: 15.0pt\">\n<td style=\"height: 15.0pt\" height=\"20\">Zielgruppe:<\/td>\n<td>7-9 Jahre<\/td>\n<\/tr>\n<\/tbody>\n<\/table>","protected":false},"featured_media":77860,"comment_status":"open","ping_status":"closed","template":"","meta":{"_seopress_robots_primary_cat":"","_seopress_titles_title":"","_seopress_titles_desc":"","_seopress_robots_index":""},"product_brand":[],"product_cat":[1428,1431,1441],"product_tag":[],"class_list":{"0":"post-77736","1":"product","2":"type-product","3":"status-publish","4":"has-post-thumbnail","6":"product_cat-buecher","7":"product_cat-kinder","8":"product_cat-geschichten","9":"product_shipping_class-standard-versand","11":"first","12":"instock","13":"taxable","14":"shipping-taxable","15":"purchasable","16":"product-type-simple"},"_links":{"self":[{"href":"https:\/\/www.soanam.de\/ru\/wp-json\/wp\/v2\/product\/77736","targetHints":{"allow":["GET"]}}],"collection":[{"href":"https:\/\/www.soanam.de\/ru\/wp-json\/wp\/v2\/product"}],"about":[{"href":"https:\/\/www.soanam.de\/ru\/wp-json\/wp\/v2\/types\/product"}],"replies":[{"embeddable":true,"href":"https:\/\/www.soanam.de\/ru\/wp-json\/wp\/v2\/comments?post=77736"}],"wp:featuredmedia":[{"embeddable":true,"href":"https:\/\/www.soanam.de\/ru\/wp-json\/wp\/v2\/media\/77860"}],"wp:attachment":[{"href":"https:\/\/www.soanam.de\/ru\/wp-json\/wp\/v2\/media?parent=77736"}],"wp:term":[{"taxonomy":"product_brand","embeddable":true,"href":"https:\/\/www.soanam.de\/ru\/wp-json\/wp\/v2\/product_brand?post=77736"},{"taxonomy":"product_cat","embeddable":true,"href":"https:\/\/www.soanam.de\/ru\/wp-json\/wp\/v2\/product_cat?post=77736"},{"taxonomy":"product_tag","embeddable":true,"href":"https:\/\/www.soanam.de\/ru\/wp-json\/wp\/v2\/product_tag?post=77736"}],"curies":[{"name":"wp","href":"https:\/\/api.w.org\/{rel}","templated":true}]}}