{"id":77008,"date":"2023-12-13T20:32:10","date_gmt":"2023-12-13T19:32:10","guid":{"rendered":"https:\/\/www.soanam.de\/?post_type=product&#038;p=77008"},"modified":"2023-12-13T20:34:48","modified_gmt":"2023-12-13T19:34:48","slug":"emporio-armani-damen-wendemantel-aus-lammfell-und-nappaleder","status":"publish","type":"product","link":"https:\/\/www.soanam.de\/ru\/produkt\/emporio-armani-damen-wendemantel-aus-lammfell-und-nappaleder\/","title":{"rendered":"\u0416\u0435\u043d\u0441\u043a\u043e\u0435 \u0434\u0432\u0443\u0441\u0442\u043e\u0440\u043e\u043d\u043d\u0435\u0435 \u043f\u0430\u043b\u044c\u0442\u043e EMPORIO ARMANI \u0438\u0437 \u043a\u043e\u0436\u0438 \u044f\u0433\u043d\u0435\u043d\u043a\u0430 \u0438 \u043a\u043e\u0436\u0438 \u043d\u0430\u043f\u043f\u0430"},"content":{"rendered":"<div><span style=\"font-family: Arial;\"><b>EMPORIO ARMANI Wendemantel aus Lammfell und Nappaleder, in Fuchsia, Gr. 38<\/b><\/span><\/div>\n<div><span style=\"font-family: Arial;\">\u00a0<\/span><\/div>\n<div><span style=\"font-family: Arial;\">Allein dieser Lammfellmantel gen\u00fcgt, um raffiniert und zugleich praktisch gekleidet zu sein. Der Wendemantel kann mit der Pelzseite nach au\u00dfen getragen werde, f\u00fcr einen gr\u00f6\u00dferen Kuschelfaktor, oder mit der Pelzseite nach innen, um das Nappaleder zu zeigen und die Einzigartigkeit zu betonen.<\/span><\/div>\n<div><span style=\"font-family: Arial;\">\u00a0<\/span><\/div>\n<div><span style=\"font-family: Arial;\"><b>\u041e\u043f\u0438\u0441\u0430\u043d\u0438\u0435<\/b><\/span><\/div>\n<div><span style=\"font-family: Arial;\">Der Ledermantel von Emporio Armani ist aus Lammshearling gefertigt. Er zeigt sich in taillierter Passform mit Stehkragen, \u00fcberschnittenen Schultern und Eingrifftaschen.<\/span><\/div>\n<div><span style=\"font-family: Arial;\">\u00a0<\/span><\/div>\n<div><span style=\"font-family: Arial;\"><b>\u043f\u043e\u0434\u0440\u043e\u0431\u043d\u043e\u0441\u0442\u0438<\/b><\/span><\/div>\n<ul>\n<li><span style=\"font-family: Arial;\">Damen Ledermantel von Emporio Armani<\/span><\/li>\n<li><span style=\"font-family: Arial;\">Lammshearling<\/span><\/li>\n<li><span style=\"font-family: Arial;\">\u041f\u0440\u0438\u0442\u0430\u043b\u0435\u043d\u043d\u044b\u0439 \u043f\u043e\u043a\u0440\u043e\u0439<\/span><\/li>\n<li><span style=\"font-family: Arial;\">\u0412\u043e\u0440\u043e\u0442\u043d\u0438\u043a-\u0441\u0442\u043e\u0439\u043a\u0430<\/span><\/li>\n<li><span style=\"font-family: Arial;\">\u0417\u0430\u0441\u0442\u0435\u0436\u043a\u0430 \u043d\u0430 \u043c\u043e\u043b\u043d\u0438\u0438<\/span><\/li>\n<li><span style=\"font-family: Arial;\">\u041e\u0431\u0440\u0435\u0437\u0430\u043d\u043d\u044b\u0435 \u043f\u043b\u0435\u0447\u0438<\/span><\/li>\n<li><span style=\"font-family: Arial;\">\u041a\u0430\u0440\u043c\u0430\u043d\u044b<\/span><\/li>\n<li><span style=\"font-family: Arial;\">R\u00fcckenl\u00e4nge bei Gr\u00f6\u00dfe 36: 98 cm<\/span><\/li>\n<li><span style=\"font-family: Arial;\">Farbe: Fuchsia<\/span><\/li>\n<\/ul>\n<div><span style=\"font-family: Arial;\">\u00a0<\/span><\/div>\n<div><span style=\"font-family: Arial;\"><b>\u041c\u0430\u0442\u0435\u0440\u0438\u0430\u043b \u0438 \u0443\u0445\u043e\u0434<\/b><\/span><\/div>\n<ul>\n<li><span style=\"font-family: Arial;\">Hauptmaterial 1: 100% Lammshearling<\/span><\/li>\n<li><span style=\"font-family: Arial;\">\u041d\u0435 \u0441\u0442\u0438\u0440\u0430\u0442\u044c<\/span><\/li>\n<li><span style=\"font-family: Arial;\">\u041d\u0435 \u043e\u0442\u0431\u0435\u043b\u0438\u0432\u0430\u0442\u044c<\/span><\/li>\n<li><span style=\"font-family: Arial;\">Nicht hei\u00df b\u00fcgeln, Vorsicht beim B\u00fcgeln mit Dampf<\/span><\/li>\n<li><span style=\"font-family: Arial;\">Eingeschr\u00e4nkte chemische Reinigung: Kohlenwasserstoffe erlaubt. Begrenzung der Feuchtigkeitszugabe und\/oder der mechanischen Beanspruchung und\/oder der Temperatur.<\/span><\/li>\n<\/ul>","protected":false},"excerpt":{"rendered":"<p>Neuer und ungetragener Artikel im Kleidersack, enth\u00e4lt kein Etikett, um das Leder nicht zu besch\u00e4digen, da von beiden Seiten tragbar<\/p>\n<div class=\"ux-layout-section__row\">\n<div class=\"ux-labels-values__labels\">\n<div class=\"ux-labels-values__labels-content\">\n<div><strong><span class=\"ux-textspans\">Abteilung: <\/span><\/strong>Damen<\/div>\n<div><strong><span class=\"ux-textspans\">Akzente: <\/span><\/strong>\u0414\u0432\u0443\u0441\u0442\u043e\u0440\u043e\u043d\u043d\u044f\u044f \u043c\u043e\u043b\u043d\u0438\u044f<\/div>\n<div><strong><span class=\"ux-textspans\">Anlass: <\/span><\/strong>Business, Elegant, Freizeit, Reise<\/div>\n<\/div>\n<\/div>\n<div class=\"ux-labels-values__labels\">\n<div class=\"ux-labels-values__labels-content\"><\/div>\n<\/div>\n<\/div>\n<div class=\"ux-layout-section__row\">\n<div class=\"ux-labels-values__labels\">\n<div class=\"ux-labels-values__labels-content\">\n<div><strong><span class=\"ux-textspans\">Au\u00dfenmaterial: <\/span><\/strong>Lammfell, Nappaleder<\/div>\n<div>\n<div class=\"ux-layout-section__row\">\n<div class=\"ux-labels-values__labels\">\n<div class=\"ux-labels-values__labels-content\">\n<div><strong><span class=\"ux-textspans\">Besonderheiten: <\/span><\/strong>Wendemantel<\/div>\n<\/div>\n<\/div>\n<\/div>\n<div class=\"ux-layout-section__row\">\n<div class=\"ux-labels-values__labels\">\n<div class=\"ux-labels-values__labels-content\"><strong><span class=\"ux-textspans\">Futtermaterial: <\/span><\/strong>Lammshearling<\/div>\n<div><strong><span class=\"ux-textspans\">Gewebeart: <\/span><\/strong>Lammshearling<\/div>\n<div><strong><span class=\"ux-textspans\">Gr\u00f6\u00dfenkategorie: <\/span><\/strong>Normalgr\u00f6\u00dfe<\/div>\n<\/div>\n<\/div>\n<\/div>\n<\/div>\n<\/div>\n<div class=\"ux-labels-values__labels\">\n<div class=\"ux-labels-values__labels-content\"><strong><span class=\"ux-textspans\">Isoliermaterial: <\/span><\/strong>Lammshearling<\/div>\n<div><strong><span class=\"ux-textspans\">Jacken-\/Mantell\u00e4nge: <\/span><\/strong>Halblang<\/div>\n<\/div>\n<\/div>\n<div class=\"ux-layout-section__row\">\n<div class=\"ux-labels-values__labels\">\n<div class=\"ux-labels-values__labels-content\"><\/div>\n<\/div>\n<\/div>\n<div class=\"ux-layout-section__row\">\n<div class=\"ux-labels-values__labels\">\n<div><strong><span class=\"ux-textspans\">Jahreszeit: <\/span><\/strong>Fr\u00fchling, Herbst, Winter<\/div>\n<\/div>\n<\/div>\n<div class=\"ux-layout-section__row\">\n<div class=\"ux-labels-values__labels\">\n<div class=\"ux-labels-values__labels-content\">\n<div><strong><span class=\"ux-textspans\">Muster: <\/span><\/strong>Ohne Muster<\/div>\n<\/div>\n<\/div>\n<div class=\"ux-labels-values__labels\">\n<div class=\"ux-labels-values__labels-content\"><strong><span class=\"ux-textspans\">Produktart: <\/span><\/strong>Mantel<\/div>\n<\/div>\n<\/div>\n<div class=\"ux-layout-section__row\">\n<div class=\"ux-labels-values__labels\">\n<div class=\"ux-labels-values__labels-content\"><strong><span class=\"ux-textspans\">Stil: <\/span><\/strong>Mantel<\/div>\n<\/div>\n<div class=\"ux-labels-values__labels\">\n<div class=\"ux-labels-values__labels-content\"><strong><span class=\"ux-textspans\">Thema: <\/span><\/strong>Designer<\/div>\n<\/div>\n<\/div>\n<div class=\"ux-layout-section__row\">\n<div class=\"ux-labels-values__labels\">\n<div class=\"ux-labels-values__labels-content\"><strong><span class=\"ux-textspans\">Verschluss: <\/span><\/strong>\u0417\u0430\u0441\u0442\u0435\u0436\u043a\u0430 \u043d\u0430 \u043c\u043e\u043b\u043d\u0438\u0438<\/div>\n<\/div>\n<div class=\"ux-labels-values__labels\">\n<div class=\"ux-labels-values__labels-content\">\n<div><strong><span class=\"ux-textspans\">Vintage: <\/span><\/strong>Nein<\/div>\n<\/div>\n<\/div>\n<\/div>\n<div class=\"ux-layout-section__row\">\n<div class=\"ux-labels-values__labels\">\n<div class=\"ux-labels-values__labels-content\"><\/div>\n<\/div>\n<div class=\"ux-labels-values__labels\">\n<div class=\"ux-labels-values__labels-content\"><\/div>\n<\/div>\n<\/div>\n<div class=\"ux-layout-section__row\">\n<div class=\"ux-labels-values__labels\">\n<div class=\"ux-labels-values__labels-content\"><\/div>\n<\/div>\n<\/div>\n<div class=\"ux-layout-section__row\">\n<div class=\"ux-labels-values__labels\">\n<div class=\"ux-labels-values__labels-content\"><\/div>\n<\/div>\n<\/div>\n<div class=\"ux-layout-section__row\">\n<div class=\"ux-labels-values__labels\">\n<div class=\"ux-labels-values__labels-content\"><\/div>\n<\/div>\n<\/div>","protected":false},"featured_media":77066,"comment_status":"open","ping_status":"closed","template":"","meta":{"_seopress_robots_primary_cat":"","_seopress_titles_title":"","_seopress_titles_desc":"","_seopress_robots_index":""},"product_brand":[],"product_cat":[1348,1354,1355,1356],"product_tag":[],"class_list":{"0":"post-77008","1":"product","2":"type-product","3":"status-publish","4":"has-post-thumbnail","6":"product_cat-damen-mode","7":"product_cat-jacken-maentel","8":"product_cat-maentel","9":"product_cat-wintermaentel","10":"product_shipping_class-standard-versand","12":"first","13":"instock","14":"sale","15":"taxable","16":"shipping-taxable","17":"purchasable","18":"product-type-simple"},"_links":{"self":[{"href":"https:\/\/www.soanam.de\/ru\/wp-json\/wp\/v2\/product\/77008","targetHints":{"allow":["GET"]}}],"collection":[{"href":"https:\/\/www.soanam.de\/ru\/wp-json\/wp\/v2\/product"}],"about":[{"href":"https:\/\/www.soanam.de\/ru\/wp-json\/wp\/v2\/types\/product"}],"replies":[{"embeddable":true,"href":"https:\/\/www.soanam.de\/ru\/wp-json\/wp\/v2\/comments?post=77008"}],"wp:featuredmedia":[{"embeddable":true,"href":"https:\/\/www.soanam.de\/ru\/wp-json\/wp\/v2\/media\/77066"}],"wp:attachment":[{"href":"https:\/\/www.soanam.de\/ru\/wp-json\/wp\/v2\/media?parent=77008"}],"wp:term":[{"taxonomy":"product_brand","embeddable":true,"href":"https:\/\/www.soanam.de\/ru\/wp-json\/wp\/v2\/product_brand?post=77008"},{"taxonomy":"product_cat","embeddable":true,"href":"https:\/\/www.soanam.de\/ru\/wp-json\/wp\/v2\/product_cat?post=77008"},{"taxonomy":"product_tag","embeddable":true,"href":"https:\/\/www.soanam.de\/ru\/wp-json\/wp\/v2\/product_tag?post=77008"}],"curies":[{"name":"wp","href":"https:\/\/api.w.org\/{rel}","templated":true}]}}