{"id":82793,"date":"2023-12-14T03:07:10","date_gmt":"2023-12-14T02:07:10","guid":{"rendered":"https:\/\/www.soanam.de\/?post_type=product&#038;p=82793"},"modified":"2023-12-14T21:13:33","modified_gmt":"2023-12-14T20:13:33","slug":"tom-tailor-steppmantel-mit-guertel-in-graugruen-gr-40","status":"publish","type":"product","link":"https:\/\/www.soanam.de\/pl\/produkt\/tom-tailor-steppmantel-mit-guertel-in-graugruen-gr-40\/","title":{"rendered":"TOM TAILOR Steppmantel mit G\u00fcrtel, in Graugr\u00fcn,  Gr. 40"},"content":{"rendered":"<p>Steppmantel von Tom Tailor<br \/>\nAus pflegeleichtem Material<br \/>\nRegular Fit<br \/>\nMit abnehmbarer Kapuze<br \/>\nRei\u00dfverschluss, Druckkn\u00f6pfe und G\u00fcrtel<br \/>\nLederbadge<\/p>\n<p>Tom Tailor hat mit diesem Steppmantel ein tolles Teil kreiert, das Eindruck macht!<br \/>\nDer abnehmbare Kapuze ist neben dem G\u00fcrtel der Eyecatcher an dieser Jacke, die mit ihren gro\u00dfen Taschen besonders praktisch ist.<br \/>\nDie Druckkn\u00f6pfe \u00fcber dem Zipper und innen liegende \u00c4rmelb\u00fcndchen sorgen daf\u00fcr, dass K\u00e4lte und Wind drau\u00dfen bleiben.<br \/>\nDetails wie das Lederbadge auf dem \u00c4rmel runden das Design wunderbar ab.<br \/>\nMit ihrem w\u00e4rmenden Futter und dem robusten Material verspricht der Damenmantel optimalen Tragekomfort.<\/p>\n<p>Materia\u0142: poliester 100%<br \/>\nWskaz\u00f3wki dotycz\u0105ce piel\u0119gnacji: Pra\u0107 w pralce<\/p>\n<p>Farbe: graugr\u00fcn<br \/>\nWz\u00f3r: bez<br \/>\nRozmiar: 40<\/p>\n<p>Szeroko\u015b\u0107 ramion: 44 cm<br \/>\nSzeroko\u015b\u0107 klatki piersiowej: 106 cm<br \/>\nD\u0142ugo\u015b\u0107 r\u0119kawa: 64 cm<br \/>\nCa\u0142kowita d\u0142ugo\u015b\u0107: 102 cm<\/p>\n<p>&nbsp;<\/p>\n<p>Ten nowy przedmiot jest zwrotem klienta bez etykiety.<\/p>","protected":false},"excerpt":{"rendered":"<table class=\"dv_characteristicsTable\">\n<tbody>\n<tr>\n<td class=\"left\">Rozmiar<\/td>\n<td>40<\/td>\n<\/tr>\n<tr>\n<td class=\"left\">Gr\u00f6\u00dfentyp<\/td>\n<td>Normalgr\u00f6\u00dfen<\/td>\n<\/tr>\n<tr>\n<td class=\"left\">Sk\u0142ad materia\u0142u<\/td>\n<td>100% Poliester<\/td>\n<\/tr>\n<tr>\n<td class=\"left\">Materialart<\/td>\n<td>Web<\/td>\n<\/tr>\n<tr>\n<td class=\"left\">Materialart Innenfutter<\/td>\n<td>Web<\/td>\n<\/tr>\n<tr>\n<td class=\"left\">Materialeigenschaften<\/td>\n<td>wasserabweisend, windabweisend<\/td>\n<\/tr>\n<tr>\n<td class=\"left\">Instrukcje dotycz\u0105ce piel\u0119gnacji<\/td>\n<td>Pranie w pralce<\/td>\n<\/tr>\n<tr>\n<td class=\"left\">Stil<\/td>\n<td>casual<\/td>\n<\/tr>\n<tr>\n<td class=\"left\">Kolor<\/td>\n<td>khaki<\/td>\n<\/tr>\n<tr>\n<td class=\"left\">Kragen<\/td>\n<td>Obro\u017ca stoj\u0105ca<\/td>\n<\/tr>\n<tr>\n<td class=\"left\">\u00c4rmel<\/td>\n<td>D\u0142ugi r\u0119kaw<\/td>\n<\/tr>\n<tr>\n<td class=\"left\">\u00c4rmelabschluss<\/td>\n<td>Rippstrickb\u00fcndchen<\/td>\n<\/tr>\n<tr>\n<td class=\"left\">\u00c4rmeldetails<\/td>\n<td>mit Lederbadge<\/td>\n<\/tr>\n<tr>\n<td class=\"left\">Dopasowanie<\/td>\n<td>normal<\/td>\n<\/tr>\n<tr>\n<td class=\"left\">Kaptur<\/td>\n<td>mit Kapuze<\/td>\n<\/tr>\n<tr>\n<td class=\"left\">Kapuzendetails<\/td>\n<td>abnehmbar<\/td>\n<\/tr>\n<tr>\n<td class=\"left\">Kapuzenf\u00fctterung<\/td>\n<td>in Jackenfarbe<\/td>\n<\/tr>\n<tr>\n<td class=\"left\">Applikationen<\/td>\n<td>Pas<\/td>\n<\/tr>\n<tr>\n<td class=\"left\">Torby<\/td>\n<td>Pattentaschen, Eingrifftaschen<\/td>\n<\/tr>\n<tr>\n<td class=\"left\">Verschluss<\/td>\n<td>Rei\u00dfverschluss, Druckkn\u00f6pfe<\/td>\n<\/tr>\n<tr>\n<td class=\"left\">Besondere Merkmale<\/td>\n<td>\u00a0Kapuze mit Fellbesatz<\/td>\n<\/tr>\n<\/tbody>\n<\/table>","protected":false},"featured_media":82915,"comment_status":"open","ping_status":"closed","template":"","meta":{"_seopress_robots_primary_cat":"","_seopress_titles_title":"","_seopress_titles_desc":"","_seopress_robots_index":""},"product_brand":[],"product_cat":[1348,1354,1376],"product_tag":[],"class_list":{"0":"post-82793","1":"product","2":"type-product","3":"status-publish","4":"has-post-thumbnail","6":"product_cat-damen-mode","7":"product_cat-jacken-maentel","8":"product_cat-daunenjacken-steppjacken","9":"product_shipping_class-standard-versand","11":"first","12":"instock","13":"sale","14":"taxable","15":"shipping-taxable","16":"purchasable","17":"product-type-simple"},"_links":{"self":[{"href":"https:\/\/www.soanam.de\/pl\/wp-json\/wp\/v2\/product\/82793","targetHints":{"allow":["GET"]}}],"collection":[{"href":"https:\/\/www.soanam.de\/pl\/wp-json\/wp\/v2\/product"}],"about":[{"href":"https:\/\/www.soanam.de\/pl\/wp-json\/wp\/v2\/types\/product"}],"replies":[{"embeddable":true,"href":"https:\/\/www.soanam.de\/pl\/wp-json\/wp\/v2\/comments?post=82793"}],"wp:featuredmedia":[{"embeddable":true,"href":"https:\/\/www.soanam.de\/pl\/wp-json\/wp\/v2\/media\/82915"}],"wp:attachment":[{"href":"https:\/\/www.soanam.de\/pl\/wp-json\/wp\/v2\/media?parent=82793"}],"wp:term":[{"taxonomy":"product_brand","embeddable":true,"href":"https:\/\/www.soanam.de\/pl\/wp-json\/wp\/v2\/product_brand?post=82793"},{"taxonomy":"product_cat","embeddable":true,"href":"https:\/\/www.soanam.de\/pl\/wp-json\/wp\/v2\/product_cat?post=82793"},{"taxonomy":"product_tag","embeddable":true,"href":"https:\/\/www.soanam.de\/pl\/wp-json\/wp\/v2\/product_tag?post=82793"}],"curies":[{"name":"wp","href":"https:\/\/api.w.org\/{rel}","templated":true}]}}