{"id":82503,"date":"2023-12-14T02:25:53","date_gmt":"2023-12-14T01:25:53","guid":{"rendered":"https:\/\/www.soanam.de\/?post_type=product&#038;p=82503"},"modified":"2023-12-14T02:27:51","modified_gmt":"2023-12-14T01:27:51","slug":"my-home-roleta-belem-1stk-z-petlami-w-kolorze-bialo-zielonym-rozmiar-45cmx140cm","status":"publish","type":"product","link":"https:\/\/www.soanam.de\/pl\/produkt\/my-home-raffrollo-belem-1stk-mit-schlaufen-in-weiss-gruen-groesse-45cmx140cm\/","title":{"rendered":"my home roleta rzymska Belem, 1 szt. z p\u0119telkami, bia\u0142o-zielona, rozmiar 45cmx140cm"},"content":{"rendered":"<p>Przezroczysta tkanina<br \/>\nNadruk z jednej strony<br \/>\nOryginalny woal<br \/>\nLekka jako\u015b\u0107<br \/>\nMo\u017cna pra\u0107 w temperaturze 30 stopni w delikatnym cyklu<\/p>\n<p>Przezroczysta tkanina rolety rzymskiej Belem jest zadrukowana z jednej strony powtarzaj\u0105cym si\u0119 motywem ko\u0142a.<br \/>\nJednobarwny wz\u00f3r wykorzystuje padaj\u0105ce promienie \u015bwiat\u0142a do tworzenia pi\u0119knych odbi\u0107 i efekt\u00f3w. Wykonana w 100% z poliestru, jest \u0142atwa w piel\u0119gnacji i w razie potrzeby mo\u017ce by\u0107 czyszczona w pralce.<\/p>\n<p>Materia\u0142: Materia\u0142 cholewki: poliester 100%<br \/>\nWskaz\u00f3wki dotycz\u0105ce piel\u0119gnacji: Delikatne pranie<\/p>\n<p>Kolor: bia\u0142o-zielony<br \/>\nWz\u00f3r: Okr\u0119gi<br \/>\nRozmiar: 45 cm x 140 cm<\/p>\n<p>Uwaga: Podane wymiary s\u0105 wymiarami tkaniny.<\/p>\n<p>Zawieszane za pomoc\u0105 p\u0119tli na dr\u0105\u017cku kurtyny.<\/p>\n<p>Zbieranie odbywa si\u0119 za pomoc\u0105 bocznych linek i mo\u017ce by\u0107 zamocowane na dowolnej wysoko\u015bci. W tym celu w \u015bcianie montuje si\u0119 blokad\u0119 sznurka ze \u015brub\u0105 i ko\u0142kiem.<\/p>","protected":false},"excerpt":{"rendered":"<table class=\"dv_characteristicsTable\">\n<tbody>\n<tr>\n<td class=\"left\">Aufh\u00e4ngung<\/td>\n<td>Schlaufen<\/td>\n<\/tr>\n<tr>\n<td class=\"left\">Raffm\u00f6glichkeiten<\/td>\n<td>Zugschnur wahlweise<\/td>\n<\/tr>\n<tr>\n<td class=\"left\">Abschluss<\/td>\n<td>gerader Abschluss<\/td>\n<\/tr>\n<\/tbody>\n<\/table>\n<table class=\"dv_characteristicsTable\">\n<tbody>\n<tr>\n<td class=\"left\">Kolor<\/td>\n<td>gr\u00fcn<\/td>\n<\/tr>\n<tr>\n<td class=\"left\">Transparenz<\/td>\n<td>transparent<\/td>\n<\/tr>\n<tr>\n<td class=\"left\">Oberfl\u00e4chenstruktur<\/td>\n<td>glatt<\/td>\n<\/tr>\n<tr>\n<td class=\"left\">Design<\/td>\n<td>bedruckt<br \/>\nunifarben<br \/>\nMotiv<br \/>\ngemustert<\/td>\n<\/tr>\n<tr>\n<td class=\"left\">Motiv<\/td>\n<td>Kreise<\/td>\n<\/tr>\n<tr>\n<td class=\"left\">Designerstellungsart<\/td>\n<td>bedruckt<\/td>\n<\/tr>\n<\/tbody>\n<\/table>\n<table class=\"dv_characteristicsTable\">\n<tbody>\n<tr>\n<td class=\"left\">Sk\u0142ad materia\u0142u<\/td>\n<td>\u00a0100% Poliester<\/td>\n<\/tr>\n<\/tbody>\n<\/table>\n<table class=\"dv_characteristicsTable\">\n<tbody>\n<tr>\n<td class=\"left\">Breite<\/td>\n<td>45 cm<\/td>\n<\/tr>\n<tr>\n<td class=\"left\">H\u00f6he<\/td>\n<td>140 cm<\/td>\n<\/tr>\n<\/tbody>\n<\/table>\n<table class=\"dv_characteristicsTable\">\n<tbody>\n<tr>\n<td class=\"left\">Materialart<\/td>\n<td>Voile<\/td>\n<\/tr>\n<\/tbody>\n<\/table>\n<table class=\"dv_characteristicsTable\">\n<tbody>\n<tr>\n<td class=\"left\">Gewicht<\/td>\n<td>50 g\/m\u00b2<\/td>\n<\/tr>\n<\/tbody>\n<\/table>\n<table class=\"dv_characteristicsTable\">\n<tbody>\n<tr>\n<td class=\"left\">Anzahl Teile<\/td>\n<td>1 St.<\/td>\n<\/tr>\n<tr>\n<td class=\"left\">Zakres dostawy<\/td>\n<td>Montageanleitung<br \/>\nBefestigungszubeh\u00f6r<br \/>\nBeschwerungsstange<\/td>\n<\/tr>\n<\/tbody>\n<\/table>\n<p>&nbsp;<\/p>\n<p>&nbsp;<\/p>","protected":false},"featured_media":82595,"comment_status":"open","ping_status":"closed","template":"","meta":{"_seopress_robots_primary_cat":"","_seopress_titles_title":"","_seopress_titles_desc":"","_seopress_robots_index":""},"product_brand":[],"product_cat":[1400,1420],"product_tag":[],"class_list":{"0":"post-82503","1":"product","2":"type-product","3":"status-publish","4":"has-post-thumbnail","6":"product_cat-wohnzubehoer","7":"product_cat-wohndekoration","8":"product_shipping_class-standard-versand","10":"first","11":"instock","12":"sale","13":"taxable","14":"shipping-taxable","15":"purchasable","16":"product-type-simple"},"_links":{"self":[{"href":"https:\/\/www.soanam.de\/pl\/wp-json\/wp\/v2\/product\/82503","targetHints":{"allow":["GET"]}}],"collection":[{"href":"https:\/\/www.soanam.de\/pl\/wp-json\/wp\/v2\/product"}],"about":[{"href":"https:\/\/www.soanam.de\/pl\/wp-json\/wp\/v2\/types\/product"}],"replies":[{"embeddable":true,"href":"https:\/\/www.soanam.de\/pl\/wp-json\/wp\/v2\/comments?post=82503"}],"wp:featuredmedia":[{"embeddable":true,"href":"https:\/\/www.soanam.de\/pl\/wp-json\/wp\/v2\/media\/82595"}],"wp:attachment":[{"href":"https:\/\/www.soanam.de\/pl\/wp-json\/wp\/v2\/media?parent=82503"}],"wp:term":[{"taxonomy":"product_brand","embeddable":true,"href":"https:\/\/www.soanam.de\/pl\/wp-json\/wp\/v2\/product_brand?post=82503"},{"taxonomy":"product_cat","embeddable":true,"href":"https:\/\/www.soanam.de\/pl\/wp-json\/wp\/v2\/product_cat?post=82503"},{"taxonomy":"product_tag","embeddable":true,"href":"https:\/\/www.soanam.de\/pl\/wp-json\/wp\/v2\/product_tag?post=82503"}],"curies":[{"name":"wp","href":"https:\/\/api.w.org\/{rel}","templated":true}]}}