{"id":82230,"date":"2023-12-14T02:14:58","date_gmt":"2023-12-14T01:14:58","guid":{"rendered":"https:\/\/www.soanam.de\/?post_type=product&#038;p=82230"},"modified":"2023-12-14T02:22:26","modified_gmt":"2023-12-14T01:22:26","slug":"khujo-steppmantel-mit-kapuze-in-marine-groesse-2xl","status":"publish","type":"product","link":"https:\/\/www.soanam.de\/pl\/produkt\/khujo-steppmantel-mit-kapuze-in-marine-groesse-2xl\/","title":{"rendered":"Pikowany p\u0142aszcz Khujo z kapturem, granatowy, rozmiar 2XL"},"content":{"rendered":"<p>Sportiver Stepp-Mantel mit Kapuze von Khujo<br \/>\nZ wk\u0142adk\u0105 ocieplaj\u0105c\u0105<br \/>\nPodszewka w kontrastowym kolorze<br \/>\nKr\u00f3j lekko dopasowany do sylwetki<br \/>\nPraktyczny dwukierunkowy zamek b\u0142yskawiczny i boczne kieszenie z zamkiem b\u0142yskawicznym<br \/>\nAbnehmbarer Fellbesatz an der Kapuze<\/p>\n<p>Mit der langen Steppjacke von Khujo bist du im Winter richtig angezogen.<br \/>\nMit dem 2-Wege-Rei\u00dfverschluss ist sie praktisch, wenn du mehr Bewegungsspielraum brauchst. Der Schnitt der Steppjacke ist Po-bedeckend und figurbetont, sodass du deinen K\u00f6rper leicht betonst. In den Rei\u00dfverschlusstaschen lassen sich kleine Gegenst\u00e4nde sicher verstauen.<br \/>\nTkany materia\u0142 sprawia, \u017ce kurtka jest bardzo lekka dla sk\u00f3ry.<\/p>\n<p>Materia\u0142: Materia\u0142 cholewki: poliamid 100%<br \/>\nPodszewka: poliester 100%<\/p>\n<p>Wskaz\u00f3wki dotycz\u0105ce piel\u0119gnacji: Pra\u0107 w pralce<\/p>\n<p>Kolor: granatowy<br \/>\nWz\u00f3r: bez<br \/>\nRozmiar: 2XL<\/p>\n<p>Szeroko\u015b\u0107 ramion: 47 cm<br \/>\nSzeroko\u015b\u0107 klatki piersiowej: 116 cm<br \/>\nD\u0142ugo\u015b\u0107 r\u0119kawa: 66 cm<br \/>\nCa\u0142kowita d\u0142ugo\u015b\u0107: 91 cm<\/p>\n<p>Ten nowy przedmiot jest zwrotem klienta bez etykiety.<\/p>","protected":false},"excerpt":{"rendered":"<table class=\"dv_characteristicsTable\">\n<tbody>\n<tr>\n<td class=\"left\">Rozmiar<\/td>\n<td>2XL<\/td>\n<\/tr>\n<tr>\n<td class=\"left\">Gr\u00f6\u00dfentyp<\/td>\n<td>Normalgr\u00f6\u00dfen<\/td>\n<\/tr>\n<tr>\n<td class=\"left\">Sk\u0142ad materia\u0142u<\/td>\n<td>Obermaterial: 100% Polyamid. Futter: 100% Polyamid. Wattierung: 100% Polyester<\/td>\n<\/tr>\n<tr>\n<td class=\"left\">Materialart<\/td>\n<td>Web<\/td>\n<\/tr>\n<tr>\n<td class=\"left\">Instrukcje dotycz\u0105ce piel\u0119gnacji<\/td>\n<td>Pranie w pralce<\/td>\n<\/tr>\n<tr>\n<td class=\"left\">Optik<\/td>\n<td>unifarben, kontrastfarbene Details<\/td>\n<\/tr>\n<tr>\n<td class=\"left\">Stil<\/td>\n<td>casual<\/td>\n<\/tr>\n<tr>\n<td class=\"left\">Kolor<\/td>\n<td>morski<\/td>\n<\/tr>\n<tr>\n<td class=\"left\">Kragen<\/td>\n<td>Kaptur<\/td>\n<\/tr>\n<tr>\n<td class=\"left\">\u00c4rmel<\/td>\n<td>D\u0142ugi r\u0119kaw<\/td>\n<\/tr>\n<tr>\n<td class=\"left\">Dopasowanie<\/td>\n<td>figurbetont<\/td>\n<\/tr>\n<tr>\n<td class=\"left\">Schnittdetails<\/td>\n<td>Wiener N\u00e4hte<\/td>\n<\/tr>\n<tr>\n<td class=\"left\">Schnittform L\u00e4nge<\/td>\n<td>Po-bedeckend<\/td>\n<\/tr>\n<tr>\n<td class=\"left\">Kaptur<\/td>\n<td>mit Kapuze<\/td>\n<\/tr>\n<tr>\n<td class=\"left\">Applikationen<\/td>\n<td>Markenlabel, Badge<\/td>\n<\/tr>\n<tr>\n<td class=\"left\">Torby<\/td>\n<td>Rei\u00dfverschlusstaschen<\/td>\n<\/tr>\n<tr>\n<td class=\"left\">Verschluss<\/td>\n<td>2-Wege-Rei\u00dfverschluss<\/td>\n<\/tr>\n<\/tbody>\n<\/table>","protected":false},"featured_media":82345,"comment_status":"open","ping_status":"closed","template":"","meta":{"_seopress_robots_primary_cat":"","_seopress_titles_title":"","_seopress_titles_desc":"","_seopress_robots_index":""},"product_brand":[],"product_cat":[1348,1354,1375,1376],"product_tag":[],"class_list":{"0":"post-82230","1":"product","2":"type-product","3":"status-publish","4":"has-post-thumbnail","6":"product_cat-damen-mode","7":"product_cat-jacken-maentel","8":"product_cat-winterjacken","9":"product_cat-daunenjacken-steppjacken","10":"product_shipping_class-standard-versand","12":"first","13":"instock","14":"sale","15":"taxable","16":"shipping-taxable","17":"purchasable","18":"product-type-simple"},"_links":{"self":[{"href":"https:\/\/www.soanam.de\/pl\/wp-json\/wp\/v2\/product\/82230","targetHints":{"allow":["GET"]}}],"collection":[{"href":"https:\/\/www.soanam.de\/pl\/wp-json\/wp\/v2\/product"}],"about":[{"href":"https:\/\/www.soanam.de\/pl\/wp-json\/wp\/v2\/types\/product"}],"replies":[{"embeddable":true,"href":"https:\/\/www.soanam.de\/pl\/wp-json\/wp\/v2\/comments?post=82230"}],"wp:featuredmedia":[{"embeddable":true,"href":"https:\/\/www.soanam.de\/pl\/wp-json\/wp\/v2\/media\/82345"}],"wp:attachment":[{"href":"https:\/\/www.soanam.de\/pl\/wp-json\/wp\/v2\/media?parent=82230"}],"wp:term":[{"taxonomy":"product_brand","embeddable":true,"href":"https:\/\/www.soanam.de\/pl\/wp-json\/wp\/v2\/product_brand?post=82230"},{"taxonomy":"product_cat","embeddable":true,"href":"https:\/\/www.soanam.de\/pl\/wp-json\/wp\/v2\/product_cat?post=82230"},{"taxonomy":"product_tag","embeddable":true,"href":"https:\/\/www.soanam.de\/pl\/wp-json\/wp\/v2\/product_tag?post=82230"}],"curies":[{"name":"wp","href":"https:\/\/api.w.org\/{rel}","templated":true}]}}