{"id":82211,"date":"2023-12-14T02:14:32","date_gmt":"2023-12-14T01:14:32","guid":{"rendered":"https:\/\/www.soanam.de\/?post_type=product&#038;p=82211"},"modified":"2023-12-14T02:22:03","modified_gmt":"2023-12-14T01:22:03","slug":"parka-meska-blend-w-kolorze-czarnym-rozmiar-44-46","status":"publish","type":"product","link":"https:\/\/www.soanam.de\/pl\/produkt\/blend-herren-parka-in-schwarz-groesse-44-46\/","title":{"rendered":"Parka m\u0119ska Blend w kolorze czarnym, rozmiar 44\/46"},"content":{"rendered":"<p>Parka od Blend<br \/>\nOdpinane sztuczne futro na kapturze<br \/>\nPowlekana i sprana kurtka<br \/>\nWykonane z wytrzyma\u0142ego materia\u0142u<br \/>\nRegularny kr\u00f3j \/ normalny kszta\u0142t<br \/>\nEfektowna pomara\u0144czowa podszewka wewn\u0119trzna<br \/>\nKontrastowa kolorowa imitacja pluszowej podszewki w kapturze<\/p>\n<p>Parka Blend to praktyczna kurtka zimowa dla m\u0119\u017cczyzn.<br \/>\nPosiada du\u017cy kaptur z wyko\u0144czeniem ze sztucznego futra, kieszenie z klapami, kiesze\u0144 na r\u0119kawie, zamek b\u0142yskawiczny na ca\u0142ej d\u0142ugo\u015bci z zapi\u0119ciem na zatrzaski, r\u0119kawy ze \u015bci\u0105gaczami i przed\u0142u\u017cony ty\u0142.<br \/>\nPowlekany, wytrzyma\u0142y materia\u0142 sprawia, \u017ce s\u0105 one odporne na wiatr i warunki atmosferyczne.<\/p>\n<p>Materia\u0142: Materia\u0142 zewn\u0119trzny: nylon 100%. Sztuczne futro: poliester 100%. Podszewka: poliester 100%<br \/>\nWskaz\u00f3wki dotycz\u0105ce piel\u0119gnacji: Pra\u0107 w pralce<\/p>\n<p>Kolor: czarny<br \/>\nWz\u00f3r: bez<br \/>\nRozmiar: 44\/46<\/p>\n<p>Szeroko\u015b\u0107 ramion: 50 cm<br \/>\nSzeroko\u015b\u0107 klatki piersiowej: 120 cm<br \/>\nD\u0142ugo\u015b\u0107 r\u0119kawa: 71 cm<br \/>\nCa\u0142kowita d\u0142ugo\u015b\u0107: 92 cm<\/p>\n<p>&nbsp;<\/p>\n<p>Ten nowy przedmiot jest zwrotem klienta bez etykiety.<\/p>","protected":false},"excerpt":{"rendered":"<table class=\"dv_characteristicsTable\" style=\"height: 601px;\" width=\"420\">\n<tbody>\n<tr>\n<td class=\"left\">Rozmiar<\/td>\n<td>M<\/td>\n<\/tr>\n<tr>\n<td class=\"left\">Gr\u00f6\u00dfentyp<\/td>\n<td>Normalgr\u00f6\u00dfen<\/td>\n<\/tr>\n<tr>\n<td class=\"left\">Sk\u0142ad materia\u0142u<\/td>\n<td>Obermaterial: 100% Polyester<\/td>\n<\/tr>\n<tr>\n<td class=\"left\">Instrukcje dotycz\u0105ce piel\u0119gnacji<\/td>\n<td>Pranie w pralce<\/td>\n<\/tr>\n<tr>\n<td class=\"left\">Optik<\/td>\n<td>unifarben<\/td>\n<\/tr>\n<tr>\n<td class=\"left\">Stil<\/td>\n<td>casual<\/td>\n<\/tr>\n<tr>\n<td class=\"left\">Kolor<\/td>\n<td>schwarz<\/td>\n<\/tr>\n<tr>\n<td class=\"left\">Kragen<\/td>\n<td>mit Kapuze<\/td>\n<\/tr>\n<tr>\n<td class=\"left\">Podszewka<\/td>\n<td>ja<\/td>\n<\/tr>\n<tr>\n<td class=\"left\">\u00c4rmel<\/td>\n<td>D\u0142ugi r\u0119kaw<\/td>\n<\/tr>\n<tr>\n<td class=\"left\">Ton in Ton N\u00e4hte<\/td>\n<td>ja<\/td>\n<\/tr>\n<tr>\n<td class=\"left\">L\u00e4nge<\/td>\n<td>Oberschenkel<\/td>\n<\/tr>\n<tr>\n<td class=\"left\">Schnitt<\/td>\n<td>regular fit<\/td>\n<\/tr>\n<tr>\n<td class=\"left\">Verschluss<\/td>\n<td>Rei\u00dfverschluss, Kn\u00f6pfe<\/td>\n<\/tr>\n<tr>\n<td class=\"left\"><\/td>\n<td><\/td>\n<\/tr>\n<tr>\n<td class=\"left\"><\/td>\n<td><\/td>\n<\/tr>\n<tr>\n<td class=\"left\"><\/td>\n<td><\/td>\n<\/tr>\n<tr>\n<td class=\"left\"><\/td>\n<td><\/td>\n<\/tr>\n<tr>\n<td class=\"left\"><\/td>\n<td><\/td>\n<\/tr>\n<tr>\n<td class=\"left\"><\/td>\n<td><\/td>\n<\/tr>\n<\/tbody>\n<\/table>","protected":false},"featured_media":82327,"comment_status":"open","ping_status":"closed","template":"","meta":{"_seopress_robots_primary_cat":"","_seopress_titles_title":"","_seopress_titles_desc":"","_seopress_robots_index":""},"product_brand":[],"product_cat":[1345,1363,1377,1389],"product_tag":[],"class_list":{"0":"post-82211","1":"product","2":"type-product","3":"status-publish","4":"has-post-thumbnail","6":"product_cat-herrenmode","7":"product_cat-jacken-maentel-herrenmode","8":"product_cat-winterjacken-jacken-maentel-herrenmode","9":"product_cat-parkas","10":"product_shipping_class-standard-versand","12":"first","13":"instock","14":"sale","15":"taxable","16":"shipping-taxable","17":"purchasable","18":"product-type-simple"},"_links":{"self":[{"href":"https:\/\/www.soanam.de\/pl\/wp-json\/wp\/v2\/product\/82211","targetHints":{"allow":["GET"]}}],"collection":[{"href":"https:\/\/www.soanam.de\/pl\/wp-json\/wp\/v2\/product"}],"about":[{"href":"https:\/\/www.soanam.de\/pl\/wp-json\/wp\/v2\/types\/product"}],"replies":[{"embeddable":true,"href":"https:\/\/www.soanam.de\/pl\/wp-json\/wp\/v2\/comments?post=82211"}],"wp:featuredmedia":[{"embeddable":true,"href":"https:\/\/www.soanam.de\/pl\/wp-json\/wp\/v2\/media\/82327"}],"wp:attachment":[{"href":"https:\/\/www.soanam.de\/pl\/wp-json\/wp\/v2\/media?parent=82211"}],"wp:term":[{"taxonomy":"product_brand","embeddable":true,"href":"https:\/\/www.soanam.de\/pl\/wp-json\/wp\/v2\/product_brand?post=82211"},{"taxonomy":"product_cat","embeddable":true,"href":"https:\/\/www.soanam.de\/pl\/wp-json\/wp\/v2\/product_cat?post=82211"},{"taxonomy":"product_tag","embeddable":true,"href":"https:\/\/www.soanam.de\/pl\/wp-json\/wp\/v2\/product_tag?post=82211"}],"curies":[{"name":"wp","href":"https:\/\/api.w.org\/{rel}","templated":true}]}}