{"id":82192,"date":"2023-12-14T02:14:04","date_gmt":"2023-12-14T01:14:04","guid":{"rendered":"https:\/\/www.soanam.de\/?post_type=product&#038;p=82192"},"modified":"2023-12-14T02:21:49","modified_gmt":"2023-12-14T01:21:49","slug":"pikowana-kurtka-od-g-i-g-a-dx-by-killtec-w-kolorze-czarnym-rozmiar-50","status":"publish","type":"product","link":"https:\/\/www.soanam.de\/pl\/produkt\/steppjacke-von-g-i-g-a-dx-by-killtec-in-schwarz-groesse-50\/","title":{"rendered":"Pikowana kurtka G.I.G.A. DX marki killtec, w kolorze czarnym, rozmiar 50"},"content":{"rendered":"<p>Pikowana kurtka damska od G.I.G.A. DX by killtec<br \/>\nWiatroszczelna, wodoodporna i oddychaj\u0105ca<br \/>\nDwie boczne kieszenie na suwak<br \/>\nWysoki ko\u0142nierz z regulowanym kapturem<\/p>\n<p>Dzi\u0119ki dwukierunkowemu zamkowi b\u0142yskawicznemu pikowana kurtka killtec jest bardzo praktyczna podczas jazdy na rowerze.<br \/>\nSzeroko\u015b\u0107 kaptura mo\u017cna regulowa\u0107 za pomoc\u0105 elastycznego sznurka. Ko\u0142nierz przylega do szyi i odstaje. Kieszenie na suwak zapobiegaj\u0105 wypadaniu wa\u017cnych przedmiot\u00f3w, takich jak portfel i telefon kom\u00f3rkowy.<br \/>\nDzi\u0119ki materia\u0142owi kurtka zachowuje sw\u00f3j kszta\u0142t i prawie si\u0119 nie gniecie. Kurtka jest oddychaj\u0105ca, wodoodporna i wiatroszczelna. Oznacza to, \u017ce utrzyma ciep\u0142o nawet w ni\u017cszych temperaturach.<\/p>\n<p>Materia\u0142: poliester 100%<br \/>\nWskaz\u00f3wki dotycz\u0105ce piel\u0119gnacji: Pra\u0107 w pralce<\/p>\n<p>Kolor: czarny<br \/>\nWz\u00f3r: bez<br \/>\nRozmiar: 50<\/p>\n<p>Szeroko\u015b\u0107 ramion: 49 cm<br \/>\nSzeroko\u015b\u0107 klatki piersiowej: 138 cm<br \/>\nD\u0142ugo\u015b\u0107 r\u0119kawa: 69 cm<br \/>\nCa\u0142kowita d\u0142ugo\u015b\u0107: 84 cm<\/p>\n<p>&nbsp;<\/p>\n<p>Ten nowy przedmiot jest zwrotem klienta bez etykiety.<\/p>","protected":false},"excerpt":{"rendered":"<table class=\"dv_characteristicsTable\">\n<tbody>\n<tr>\n<td class=\"left\">Rozmiar<\/td>\n<td>50<\/td>\n<\/tr>\n<tr>\n<td class=\"left\">Gr\u00f6\u00dfentyp<\/td>\n<td>Normalgr\u00f6\u00dfen<\/td>\n<\/tr>\n<tr>\n<td class=\"left\">Sk\u0142ad materia\u0142u<\/td>\n<td>Obermaterial: 100% Polyester. Futter: 100% Polyester. Wattierung: 100% Polyester<\/td>\n<\/tr>\n<tr>\n<td class=\"left\">Materialeigenschaften<\/td>\n<td>winddicht, wasserabweisend, atmungsaktiv, w\u00e4rmend<\/td>\n<\/tr>\n<tr>\n<td class=\"left\">Instrukcje dotycz\u0105ce piel\u0119gnacji<\/td>\n<td>Pranie w pralce<\/td>\n<\/tr>\n<tr>\n<td class=\"left\">Stil<\/td>\n<td>sportlich<\/td>\n<\/tr>\n<tr>\n<td class=\"left\">Kolor<\/td>\n<td>schwarz<\/td>\n<\/tr>\n<tr>\n<td class=\"left\">Kragen<\/td>\n<td>hochschlie\u00dfender Kragen<\/td>\n<\/tr>\n<tr>\n<td class=\"left\">Ausschnitt<\/td>\n<td>hoch geschlossener Ausschnitt<\/td>\n<\/tr>\n<tr>\n<td class=\"left\">\u00c4rmel<\/td>\n<td>D\u0142ugi r\u0119kaw<\/td>\n<\/tr>\n<tr>\n<td class=\"left\">\u00c4rmelabschlussdetails<\/td>\n<td>mit verstellbarem Klettverschluss<\/td>\n<\/tr>\n<tr>\n<td class=\"left\">Kaptur<\/td>\n<td>mit Kapuze<\/td>\n<\/tr>\n<tr>\n<td class=\"left\">Kapuzendetails<\/td>\n<td>Kante mit Gummizug verstellbar<\/td>\n<\/tr>\n<tr>\n<td class=\"left\">Torby<\/td>\n<td>Rei\u00dfverschlusstaschen<\/td>\n<\/tr>\n<tr>\n<td class=\"left\">Verschluss<\/td>\n<td>2-Wege-Rei\u00dfverschluss<\/td>\n<\/tr>\n<tr>\n<td class=\"left\">Verschlussdetails<\/td>\n<td>mit Kinnschutz<\/td>\n<\/tr>\n<\/tbody>\n<\/table>","protected":false},"featured_media":82321,"comment_status":"open","ping_status":"closed","template":"","meta":{"_seopress_robots_primary_cat":"","_seopress_titles_title":"","_seopress_titles_desc":"","_seopress_robots_index":""},"product_brand":[],"product_cat":[1348,1354,1375,1376],"product_tag":[],"class_list":{"0":"post-82192","1":"product","2":"type-product","3":"status-publish","4":"has-post-thumbnail","6":"product_cat-damen-mode","7":"product_cat-jacken-maentel","8":"product_cat-winterjacken","9":"product_cat-daunenjacken-steppjacken","10":"product_shipping_class-standard-versand","12":"first","13":"instock","14":"sale","15":"taxable","16":"shipping-taxable","17":"purchasable","18":"product-type-simple"},"_links":{"self":[{"href":"https:\/\/www.soanam.de\/pl\/wp-json\/wp\/v2\/product\/82192","targetHints":{"allow":["GET"]}}],"collection":[{"href":"https:\/\/www.soanam.de\/pl\/wp-json\/wp\/v2\/product"}],"about":[{"href":"https:\/\/www.soanam.de\/pl\/wp-json\/wp\/v2\/types\/product"}],"replies":[{"embeddable":true,"href":"https:\/\/www.soanam.de\/pl\/wp-json\/wp\/v2\/comments?post=82192"}],"wp:featuredmedia":[{"embeddable":true,"href":"https:\/\/www.soanam.de\/pl\/wp-json\/wp\/v2\/media\/82321"}],"wp:attachment":[{"href":"https:\/\/www.soanam.de\/pl\/wp-json\/wp\/v2\/media?parent=82192"}],"wp:term":[{"taxonomy":"product_brand","embeddable":true,"href":"https:\/\/www.soanam.de\/pl\/wp-json\/wp\/v2\/product_brand?post=82192"},{"taxonomy":"product_cat","embeddable":true,"href":"https:\/\/www.soanam.de\/pl\/wp-json\/wp\/v2\/product_cat?post=82192"},{"taxonomy":"product_tag","embeddable":true,"href":"https:\/\/www.soanam.de\/pl\/wp-json\/wp\/v2\/product_tag?post=82192"}],"curies":[{"name":"wp","href":"https:\/\/api.w.org\/{rel}","templated":true}]}}