{"id":82190,"date":"2023-12-14T02:14:04","date_gmt":"2023-12-14T01:14:04","guid":{"rendered":"https:\/\/www.soanam.de\/?post_type=product&#038;p=82190"},"modified":"2023-12-14T02:21:32","modified_gmt":"2023-12-14T01:21:32","slug":"superdry-everest-parka-w-kolorze-navy-rozmiar-2xl","status":"publish","type":"product","link":"https:\/\/www.soanam.de\/pl\/produkt\/superdry-everest-parka-in-marine-groesse-2xl\/","title":{"rendered":"Superdry Everest Parka, kolor granatowy, rozmiar 2XL"},"content":{"rendered":"<p>Parka od Superdry<br \/>\nJednolite kolory<br \/>\nKaptur z wyko\u0144czeniem ze sztucznego futra<br \/>\nZapi\u0119cie na guziki<br \/>\nZ os\u0142on\u0105 przeciwwiatrow\u0105<br \/>\nUkryte zapi\u0119cie na zamek b\u0142yskawiczny<\/p>\n<p>Parka Superdry ma g\u0142\u00f3wne zapi\u0119cie na suwak z plis\u0105 guzikow\u0105, kaptur z wyko\u0144czeniem ze sztucznego futra i 4 kieszenie.<br \/>\nMa ciep\u0142\u0105 podszewk\u0119, regularn\u0105 d\u0142ugo\u015b\u0107 i regularny kr\u00f3j.<\/p>\n<p>Materia\u0142: Materia\u0142 cholewki: poliester 100%<br \/>\nPodszewka: nylon 100%<br \/>\nPr\u0105\u017ckowane mankiety: 99% poliester, 1% elastan<br \/>\nPodszewka kaptura: poliester 97%, poliakryl 3%<br \/>\nWy\u015bci\u00f3\u0142ka: poliester 100%<br \/>\nWyko\u0144czenie ze sztucznego futra: poliakryl 45%, modakryl 39%, poliester 16%<br \/>\nWskaz\u00f3wki dotycz\u0105ce piel\u0119gnacji: Pra\u0107 w pralce<\/p>\n<p>Kolor: granatowy<br \/>\nWz\u00f3r: bez<br \/>\nRozmiar: 2XL<\/p>\n<p>Szeroko\u015b\u0107 ramion: 54 cm<br \/>\nSzeroko\u015b\u0107 klatki piersiowej: 130 cm<br \/>\nD\u0142ugo\u015b\u0107 r\u0119kawa: 72 cm<br \/>\nCa\u0142kowita d\u0142ugo\u015b\u0107: 91 cm<\/p>\n<p>&nbsp;<\/p>\n<p>Ten nowy przedmiot jest zwrotem klienta bez etykiety.<\/p>","protected":false},"excerpt":{"rendered":"<table class=\"dv_characteristicsTable\" style=\"height: 601px;\" width=\"420\">\n<tbody>\n<tr>\n<td class=\"left\">Rozmiar<\/td>\n<td>2XL<\/td>\n<\/tr>\n<tr>\n<td class=\"left\">Gr\u00f6\u00dfentyp<\/td>\n<td>Normalgr\u00f6\u00dfen<\/td>\n<\/tr>\n<tr>\n<td class=\"left\">Sk\u0142ad materia\u0142u<\/td>\n<td>Obermaterial: 100% Polyester<\/td>\n<\/tr>\n<tr>\n<td class=\"left\">Instrukcje dotycz\u0105ce piel\u0119gnacji<\/td>\n<td>Pranie w pralce<\/td>\n<\/tr>\n<tr>\n<td class=\"left\">Optik<\/td>\n<td>unifarben<\/td>\n<\/tr>\n<tr>\n<td class=\"left\">Stil<\/td>\n<td>casual<\/td>\n<\/tr>\n<tr>\n<td class=\"left\">Kolor<\/td>\n<td>morski<\/td>\n<\/tr>\n<tr>\n<td class=\"left\">Kragen<\/td>\n<td>mit Kapuze<\/td>\n<\/tr>\n<tr>\n<td class=\"left\">Podszewka<\/td>\n<td>ja<\/td>\n<\/tr>\n<tr>\n<td class=\"left\">\u00c4rmel<\/td>\n<td>D\u0142ugi r\u0119kaw<\/td>\n<\/tr>\n<tr>\n<td class=\"left\">Ton in Ton N\u00e4hte<\/td>\n<td>ja<\/td>\n<\/tr>\n<tr>\n<td class=\"left\">L\u00e4nge<\/td>\n<td>Oberschenkel<\/td>\n<\/tr>\n<tr>\n<td class=\"left\">Schnitt<\/td>\n<td>regular fit<\/td>\n<\/tr>\n<tr>\n<td class=\"left\">Verschluss<\/td>\n<td>Rei\u00dfverschluss, Kn\u00f6pfe<\/td>\n<\/tr>\n<tr>\n<td class=\"left\"><\/td>\n<td><\/td>\n<\/tr>\n<tr>\n<td class=\"left\"><\/td>\n<td><\/td>\n<\/tr>\n<tr>\n<td class=\"left\"><\/td>\n<td><\/td>\n<\/tr>\n<tr>\n<td class=\"left\"><\/td>\n<td><\/td>\n<\/tr>\n<tr>\n<td class=\"left\"><\/td>\n<td><\/td>\n<\/tr>\n<tr>\n<td class=\"left\"><\/td>\n<td><\/td>\n<\/tr>\n<\/tbody>\n<\/table>","protected":false},"featured_media":82306,"comment_status":"open","ping_status":"closed","template":"","meta":{"_seopress_robots_primary_cat":"","_seopress_titles_title":"","_seopress_titles_desc":"","_seopress_robots_index":""},"product_brand":[],"product_cat":[1345,1363,1377,1389],"product_tag":[],"class_list":{"0":"post-82190","1":"product","2":"type-product","3":"status-publish","4":"has-post-thumbnail","6":"product_cat-herrenmode","7":"product_cat-jacken-maentel-herrenmode","8":"product_cat-winterjacken-jacken-maentel-herrenmode","9":"product_cat-parkas","10":"product_shipping_class-standard-versand","12":"first","13":"instock","14":"sale","15":"taxable","16":"shipping-taxable","17":"purchasable","18":"product-type-simple"},"_links":{"self":[{"href":"https:\/\/www.soanam.de\/pl\/wp-json\/wp\/v2\/product\/82190","targetHints":{"allow":["GET"]}}],"collection":[{"href":"https:\/\/www.soanam.de\/pl\/wp-json\/wp\/v2\/product"}],"about":[{"href":"https:\/\/www.soanam.de\/pl\/wp-json\/wp\/v2\/types\/product"}],"replies":[{"embeddable":true,"href":"https:\/\/www.soanam.de\/pl\/wp-json\/wp\/v2\/comments?post=82190"}],"wp:featuredmedia":[{"embeddable":true,"href":"https:\/\/www.soanam.de\/pl\/wp-json\/wp\/v2\/media\/82306"}],"wp:attachment":[{"href":"https:\/\/www.soanam.de\/pl\/wp-json\/wp\/v2\/media?parent=82190"}],"wp:term":[{"taxonomy":"product_brand","embeddable":true,"href":"https:\/\/www.soanam.de\/pl\/wp-json\/wp\/v2\/product_brand?post=82190"},{"taxonomy":"product_cat","embeddable":true,"href":"https:\/\/www.soanam.de\/pl\/wp-json\/wp\/v2\/product_cat?post=82190"},{"taxonomy":"product_tag","embeddable":true,"href":"https:\/\/www.soanam.de\/pl\/wp-json\/wp\/v2\/product_tag?post=82190"}],"curies":[{"name":"wp","href":"https:\/\/api.w.org\/{rel}","templated":true}]}}