{"id":82170,"date":"2023-12-14T02:13:36","date_gmt":"2023-12-14T01:13:36","guid":{"rendered":"https:\/\/www.soanam.de\/?post_type=product&#038;p=82170"},"modified":"2023-12-14T02:21:17","modified_gmt":"2023-12-14T01:21:17","slug":"kurtka-puchowa-superdry-boston-z-mikrofibry-w-kolorze-granatowym-rozmiar-40","status":"publish","type":"product","link":"https:\/\/www.soanam.de\/pl\/produkt\/superdry-boston-mikrofaser-pufferjacke-in-navy-groesse-40\/","title":{"rendered":"Kurtka puchowa Superdry Boston z mikrofibry, w kolorze granatowym, rozmiar 40"},"content":{"rendered":"<p>Pufferjacke von Superdry<br \/>\nZamek b\u0142yskawiczny<br \/>\nKaptur ze sznurkiem \u015bci\u0105gaj\u0105cym<br \/>\nVordertaschen mit Rei\u00dfverschl\u00fcssen<br \/>\nElastischer Saum und B\u00fcndchen<br \/>\nFleecefutter<br \/>\nSteppjackendesign<br \/>\nStrukturiertes Logo<br \/>\nRecycelte Polyester-Wattierung<\/p>\n<p>Der warme Pufferjacke von Superdry mit gro\u00dfer Kapuze ist der perfekte Outdoor-Begleiter.<br \/>\nDas weiche Fleecefutter ist superkuschelig.<br \/>\nDer komfortable Schnitt und das Steppjackendesign macht die Jacke zum Renner und das strukturierte Logo verst\u00e4rkt noch den Hinguck-Effekt.<\/p>\n<p>Material: 100% recyceltes Polyester<br \/>\nWskaz\u00f3wki dotycz\u0105ce piel\u0119gnacji: Pra\u0107 w pralce<\/p>\n<p>Kolor: granatowy<br \/>\nWz\u00f3r: bez<br \/>\nRozmiar: 40<\/p>\n<p>Szeroko\u015b\u0107 ramion: 43 cm<br \/>\nSzeroko\u015b\u0107 klatki piersiowej: 106 cm<br \/>\nD\u0142ugo\u015b\u0107 r\u0119kawa: 66 cm<br \/>\nCa\u0142kowita d\u0142ugo\u015b\u0107: 65 cm<\/p>","protected":false},"excerpt":{"rendered":"<table class=\"dv_characteristicsTable\" style=\"height: 601px;\" width=\"420\">\n<tbody>\n<tr>\n<td class=\"left\">Rozmiar<\/td>\n<td>40<\/td>\n<\/tr>\n<tr>\n<td class=\"left\">Gr\u00f6\u00dfentyp<\/td>\n<td>Normalgr\u00f6\u00dfen<\/td>\n<\/tr>\n<tr>\n<td class=\"left\">Sk\u0142ad materia\u0142u<\/td>\n<td>Obermaterial: 100% Polyester<\/td>\n<\/tr>\n<tr>\n<td class=\"left\">Instrukcje dotycz\u0105ce piel\u0119gnacji<\/td>\n<td>Pranie w pralce<\/td>\n<\/tr>\n<tr>\n<td class=\"left\">Optik<\/td>\n<td>unifarben<\/td>\n<\/tr>\n<tr>\n<td class=\"left\">Stil<\/td>\n<td>feminin<\/td>\n<\/tr>\n<tr>\n<td class=\"left\">Kolor<\/td>\n<td>marynarka<\/td>\n<\/tr>\n<tr>\n<td class=\"left\">Kragen<\/td>\n<td>mit Kapuze<\/td>\n<\/tr>\n<tr>\n<td class=\"left\">Podszewka<\/td>\n<td>ja<\/td>\n<\/tr>\n<tr>\n<td class=\"left\">\u00c4rmel<\/td>\n<td>D\u0142ugi r\u0119kaw<\/td>\n<\/tr>\n<tr>\n<td class=\"left\">Rumpfabschlussdetails<\/td>\n<td>mit Kordelzug<\/td>\n<\/tr>\n<tr>\n<td class=\"left\">L\u00e4nge<\/td>\n<td>h\u00fcftlang<\/td>\n<\/tr>\n<tr>\n<td class=\"left\">Schnitt<\/td>\n<td>regular fit<\/td>\n<\/tr>\n<tr>\n<td class=\"left\">Verschluss<\/td>\n<td>Zamek b\u0142yskawiczny<\/td>\n<\/tr>\n<tr>\n<td class=\"left\"><\/td>\n<td><\/td>\n<\/tr>\n<tr>\n<td class=\"left\"><\/td>\n<td><\/td>\n<\/tr>\n<tr>\n<td class=\"left\"><\/td>\n<td><\/td>\n<\/tr>\n<tr>\n<td class=\"left\"><\/td>\n<td><\/td>\n<\/tr>\n<tr>\n<td class=\"left\"><\/td>\n<td><\/td>\n<\/tr>\n<tr>\n<td class=\"left\"><\/td>\n<td><\/td>\n<\/tr>\n<\/tbody>\n<\/table>","protected":false},"featured_media":82294,"comment_status":"open","ping_status":"closed","template":"","meta":{"_seopress_robots_primary_cat":"","_seopress_titles_title":"","_seopress_titles_desc":"","_seopress_robots_index":""},"product_brand":[],"product_cat":[1348,1354,1375,1649],"product_tag":[],"class_list":{"0":"post-82170","1":"product","2":"type-product","3":"status-publish","4":"has-post-thumbnail","6":"product_cat-damen-mode","7":"product_cat-jacken-maentel","8":"product_cat-winterjacken","9":"product_cat-pufferjacken-winterjacken","10":"product_shipping_class-standard-versand","12":"first","13":"instock","14":"taxable","15":"shipping-taxable","16":"purchasable","17":"product-type-simple"},"_links":{"self":[{"href":"https:\/\/www.soanam.de\/pl\/wp-json\/wp\/v2\/product\/82170","targetHints":{"allow":["GET"]}}],"collection":[{"href":"https:\/\/www.soanam.de\/pl\/wp-json\/wp\/v2\/product"}],"about":[{"href":"https:\/\/www.soanam.de\/pl\/wp-json\/wp\/v2\/types\/product"}],"replies":[{"embeddable":true,"href":"https:\/\/www.soanam.de\/pl\/wp-json\/wp\/v2\/comments?post=82170"}],"wp:featuredmedia":[{"embeddable":true,"href":"https:\/\/www.soanam.de\/pl\/wp-json\/wp\/v2\/media\/82294"}],"wp:attachment":[{"href":"https:\/\/www.soanam.de\/pl\/wp-json\/wp\/v2\/media?parent=82170"}],"wp:term":[{"taxonomy":"product_brand","embeddable":true,"href":"https:\/\/www.soanam.de\/pl\/wp-json\/wp\/v2\/product_brand?post=82170"},{"taxonomy":"product_cat","embeddable":true,"href":"https:\/\/www.soanam.de\/pl\/wp-json\/wp\/v2\/product_cat?post=82170"},{"taxonomy":"product_tag","embeddable":true,"href":"https:\/\/www.soanam.de\/pl\/wp-json\/wp\/v2\/product_tag?post=82170"}],"curies":[{"name":"wp","href":"https:\/\/api.w.org\/{rel}","templated":true}]}}