{"id":82103,"date":"2023-12-14T02:12:18","date_gmt":"2023-12-14T01:12:18","guid":{"rendered":"https:\/\/www.soanam.de\/?post_type=product&#038;p=82103"},"modified":"2023-12-14T02:14:55","modified_gmt":"2023-12-14T01:14:55","slug":"levis-parka-le-woodside-long-utlty-parka-in-schwarz-groesse-xxl","status":"publish","type":"product","link":"https:\/\/www.soanam.de\/pl\/produkt\/levis-parka-le-woodside-long-utlty-parka-in-schwarz-groesse-xxl\/","title":{"rendered":"Levi's\u00ae Parka LE WOODSIDE LONG UTLTY PARKA, in Schwarz, Gr\u00f6\u00dfe XXL"},"content":{"rendered":"<p>Parka von Levi's<br \/>\nAus angenehmem Mischgewebe<br \/>\nZ kapturem<br \/>\nRei\u00dfverschluss und Druckkn\u00f6pfe zum Schlie\u00dfen<br \/>\n4 Au\u00dfen- und 1 Innentasche<\/p>\n<p>Der Levi's Herrenparka mit Kapuze ist ein stylischer Begleiter f\u00fcr k\u00fchle Tage.<br \/>\nEr besteht aus einem strapazierf\u00e4higen Mischgewebe.<br \/>\nDer Kunstfellbesatz der Kapuze ist abnehmbar.<\/p>\n<p>Material: Obermaterial: 84% Polyester, 16% Baumwolle<br \/>\nWskaz\u00f3wki dotycz\u0105ce piel\u0119gnacji: Pra\u0107 w pralce<\/p>\n<p>Kolor: czarny<br \/>\nWz\u00f3r: bez<br \/>\nRozmiar: XXL<\/p>\n<p>Szeroko\u015b\u0107 ramion: 54 cm<br \/>\nBrustweite: 150cm<br \/>\nD\u0142ugo\u015b\u0107 r\u0119kawa: 67 cm<br \/>\nCa\u0142kowita d\u0142ugo\u015b\u0107: 97 cm<\/p>\n<p>.<\/p>","protected":false},"excerpt":{"rendered":"<table class=\"dv_characteristicsTable\">\n<tbody>\n<tr>\n<td class=\"left\">Rozmiar<\/td>\n<td>XXL<\/td>\n<\/tr>\n<tr>\n<td class=\"left\">Gr\u00f6\u00dfentyp<\/td>\n<td>Normalgr\u00f6\u00dfen<\/td>\n<\/tr>\n<tr>\n<td class=\"left\">Sk\u0142ad materia\u0142u<\/td>\n<td>Obermaterial: 84% Polyester, 16% Baumwolle<\/td>\n<\/tr>\n<tr>\n<td class=\"left\">Instrukcje dotycz\u0105ce piel\u0119gnacji<\/td>\n<td>Pranie w pralce<\/td>\n<\/tr>\n<tr>\n<td class=\"left\">Stil<\/td>\n<td>casual<\/td>\n<\/tr>\n<tr>\n<td class=\"left\">Kolor<\/td>\n<td>schwarz<\/td>\n<\/tr>\n<tr>\n<td class=\"left\">Kragen<\/td>\n<td>Obro\u017ca stoj\u0105ca<\/td>\n<\/tr>\n<tr>\n<td class=\"left\">Kaptur<\/td>\n<td>mit Kapuze<\/td>\n<\/tr>\n<tr>\n<td class=\"left\">Kapuzendetails<\/td>\n<td>Fellimitat an der Kapuze<\/td>\n<\/tr>\n<tr>\n<td class=\"left\">Applikationen<\/td>\n<td>Markenlabel<\/td>\n<\/tr>\n<tr>\n<td class=\"left\">Torby<\/td>\n<td>Kieszenie<\/td>\n<\/tr>\n<tr>\n<td class=\"left\">Verschluss<\/td>\n<td>Rei\u00dfverschluss, Druckkn\u00f6pfe<\/td>\n<\/tr>\n<tr>\n<td class=\"left\">Besondere Merkmale<\/td>\n<td>mit Kapuze<\/td>\n<\/tr>\n<\/tbody>\n<\/table>","protected":false},"featured_media":82226,"comment_status":"open","ping_status":"closed","template":"","meta":{"_seopress_robots_primary_cat":"","_seopress_titles_title":"","_seopress_titles_desc":"","_seopress_robots_index":""},"product_brand":[],"product_cat":[1345,1363,1377,1389],"product_tag":[],"class_list":{"0":"post-82103","1":"product","2":"type-product","3":"status-publish","4":"has-post-thumbnail","6":"product_cat-herrenmode","7":"product_cat-jacken-maentel-herrenmode","8":"product_cat-winterjacken-jacken-maentel-herrenmode","9":"product_cat-parkas","10":"product_shipping_class-standard-versand","12":"first","13":"instock","14":"sale","15":"taxable","16":"shipping-taxable","17":"purchasable","18":"product-type-simple"},"_links":{"self":[{"href":"https:\/\/www.soanam.de\/pl\/wp-json\/wp\/v2\/product\/82103","targetHints":{"allow":["GET"]}}],"collection":[{"href":"https:\/\/www.soanam.de\/pl\/wp-json\/wp\/v2\/product"}],"about":[{"href":"https:\/\/www.soanam.de\/pl\/wp-json\/wp\/v2\/types\/product"}],"replies":[{"embeddable":true,"href":"https:\/\/www.soanam.de\/pl\/wp-json\/wp\/v2\/comments?post=82103"}],"wp:featuredmedia":[{"embeddable":true,"href":"https:\/\/www.soanam.de\/pl\/wp-json\/wp\/v2\/media\/82226"}],"wp:attachment":[{"href":"https:\/\/www.soanam.de\/pl\/wp-json\/wp\/v2\/media?parent=82103"}],"wp:term":[{"taxonomy":"product_brand","embeddable":true,"href":"https:\/\/www.soanam.de\/pl\/wp-json\/wp\/v2\/product_brand?post=82103"},{"taxonomy":"product_cat","embeddable":true,"href":"https:\/\/www.soanam.de\/pl\/wp-json\/wp\/v2\/product_cat?post=82103"},{"taxonomy":"product_tag","embeddable":true,"href":"https:\/\/www.soanam.de\/pl\/wp-json\/wp\/v2\/product_tag?post=82103"}],"curies":[{"name":"wp","href":"https:\/\/api.w.org\/{rel}","templated":true}]}}