{"id":82102,"date":"2023-12-14T02:12:17","date_gmt":"2023-12-14T01:12:17","guid":{"rendered":"https:\/\/www.soanam.de\/?post_type=product&#038;p=82102"},"modified":"2023-12-14T02:14:49","modified_gmt":"2023-12-14T01:14:49","slug":"levis-daunenjacke-mit-kapuze-in-dunkelblau-groesse-l","status":"publish","type":"product","link":"https:\/\/www.soanam.de\/pl\/produkt\/levis-daunenjacke-mit-kapuze-in-dunkelblau-groesse-l\/","title":{"rendered":"LEVI'S Daunenjacke mit Kapuze, in Dunkelblau, Gr\u00f6\u00dfe L"},"content":{"rendered":"<p>Steppjacke mit sportiver Quersteppung<br \/>\nAbnehmbare wattierte Kapuze<br \/>\nWindschutzleiste - Rei\u00dfverschluss und Druckkn\u00f6pfe zum Verschluss<br \/>\nBoczne kieszenie z rozci\u0119ciami<br \/>\nLogopatch an der linken Brust<br \/>\nTunnelzug am Saumende<br \/>\nProsty kr\u00f3j<\/p>\n<p>Die Levi's Daunenjacke mit Kapuze ist warm gef\u00fcttert und optimal f\u00fcr kalte Wintertage.<br \/>\nSie besteht aus leichtem Nylongewebe und weist eine sportive Quersteppung auf.<br \/>\nDie wattierte Kapuze ist abnehmbar, der Tunnelzug am saumende l\u00e4sst Sie bequem die Weite regulieren.<br \/>\nNat\u00fcrlich darf neben den seitlichen Eingrifftaschen das Logopatch auf der linken Brust nicht fehlen.<\/p>\n<p>Material: 100% Polyester, Futter: 100% Polyester, F\u00fcllung: 80% Daune 20% Federn<br \/>\nWskaz\u00f3wki dotycz\u0105ce piel\u0119gnacji: Pra\u0107 w pralce<\/p>\n<p>Kolor: ciemnoniebieski<br \/>\nWz\u00f3r: bez<br \/>\nRozmiar: L<\/p>\n<p>Szeroko\u015b\u0107 ramion: 44 cm<br \/>\nSzeroko\u015b\u0107 klatki piersiowej: 115 cm<br \/>\nD\u0142ugo\u015b\u0107 r\u0119kawa: 62 cm<br \/>\nCa\u0142kowita d\u0142ugo\u015b\u0107: 64 cm<\/p>\n<p>&nbsp;<\/p>\n<p>Ten nowy przedmiot jest zwrotem klienta bez etykiety.<\/p>","protected":false},"excerpt":{"rendered":"<table class=\"dv_characteristicsTable\">\n<tbody>\n<tr>\n<td class=\"left\">Rozmiar<\/td>\n<td>L<\/td>\n<\/tr>\n<tr>\n<td class=\"left\">Gr\u00f6\u00dfentyp<\/td>\n<td>Normalgr\u00f6\u00dfen<\/td>\n<\/tr>\n<tr>\n<td class=\"left\">Sk\u0142ad materia\u0142u<\/td>\n<td>100% Polyester, Futter: 100% Polyester, F\u00fcllung: 80% Daune 20% Federn<\/td>\n<\/tr>\n<tr>\n<td class=\"left\">Materialeigenschaften<\/td>\n<td>w\u00e4rmend, wasserabweisend<\/td>\n<\/tr>\n<tr>\n<td class=\"left\">Instrukcje dotycz\u0105ce piel\u0119gnacji<\/td>\n<td>Pranie w pralce<\/td>\n<\/tr>\n<tr>\n<td class=\"left\">Stil<\/td>\n<td>sportlich<\/td>\n<\/tr>\n<tr>\n<td class=\"left\">Kolor<\/td>\n<td>dunkelblau<\/td>\n<\/tr>\n<tr>\n<td class=\"left\">Kragen<\/td>\n<td>Obro\u017ca stoj\u0105ca<\/td>\n<\/tr>\n<tr>\n<td class=\"left\">\u00c4rmel<\/td>\n<td>D\u0142ugi r\u0119kaw<\/td>\n<\/tr>\n<tr>\n<td class=\"left\">Dopasowanie<\/td>\n<td>figurumspielend<\/td>\n<\/tr>\n<tr>\n<td class=\"left\">Schnittform L\u00e4nge<\/td>\n<td>h\u00fcftlang<\/td>\n<\/tr>\n<tr>\n<td class=\"left\">Kaptur<\/td>\n<td>mit Kapuze<\/td>\n<\/tr>\n<tr>\n<td class=\"left\">szczeg\u00f3\u0142y<\/td>\n<td>Abnehmbare wattierte Kapuze<\/td>\n<\/tr>\n<tr>\n<td class=\"left\">Applikationen<\/td>\n<td>Logo marki<\/td>\n<\/tr>\n<tr>\n<td class=\"left\">Torby<\/td>\n<td>Kieszenie<\/td>\n<\/tr>\n<tr>\n<td class=\"left\">Verschluss<\/td>\n<td>Rei\u00dfverschluss + Druckkn\u00f6pfe<\/td>\n<\/tr>\n<tr>\n<td class=\"left\"><\/td>\n<td><\/td>\n<\/tr>\n<\/tbody>\n<\/table>","protected":false},"featured_media":82223,"comment_status":"open","ping_status":"closed","template":"","meta":{"_seopress_robots_primary_cat":"","_seopress_titles_title":"","_seopress_titles_desc":"","_seopress_robots_index":""},"product_brand":[],"product_cat":[1348,1354,1375,1376],"product_tag":[],"class_list":{"0":"post-82102","1":"product","2":"type-product","3":"status-publish","4":"has-post-thumbnail","6":"product_cat-damen-mode","7":"product_cat-jacken-maentel","8":"product_cat-winterjacken","9":"product_cat-daunenjacken-steppjacken","10":"product_shipping_class-standard-versand","12":"first","13":"instock","14":"sale","15":"taxable","16":"shipping-taxable","17":"purchasable","18":"product-type-simple"},"_links":{"self":[{"href":"https:\/\/www.soanam.de\/pl\/wp-json\/wp\/v2\/product\/82102","targetHints":{"allow":["GET"]}}],"collection":[{"href":"https:\/\/www.soanam.de\/pl\/wp-json\/wp\/v2\/product"}],"about":[{"href":"https:\/\/www.soanam.de\/pl\/wp-json\/wp\/v2\/types\/product"}],"replies":[{"embeddable":true,"href":"https:\/\/www.soanam.de\/pl\/wp-json\/wp\/v2\/comments?post=82102"}],"wp:featuredmedia":[{"embeddable":true,"href":"https:\/\/www.soanam.de\/pl\/wp-json\/wp\/v2\/media\/82223"}],"wp:attachment":[{"href":"https:\/\/www.soanam.de\/pl\/wp-json\/wp\/v2\/media?parent=82102"}],"wp:term":[{"taxonomy":"product_brand","embeddable":true,"href":"https:\/\/www.soanam.de\/pl\/wp-json\/wp\/v2\/product_brand?post=82102"},{"taxonomy":"product_cat","embeddable":true,"href":"https:\/\/www.soanam.de\/pl\/wp-json\/wp\/v2\/product_cat?post=82102"},{"taxonomy":"product_tag","embeddable":true,"href":"https:\/\/www.soanam.de\/pl\/wp-json\/wp\/v2\/product_tag?post=82102"}],"curies":[{"name":"wp","href":"https:\/\/api.w.org\/{rel}","templated":true}]}}