{"id":82081,"date":"2023-12-14T02:11:52","date_gmt":"2023-12-14T01:11:52","guid":{"rendered":"https:\/\/www.soanam.de\/?post_type=product&#038;p=82081"},"modified":"2023-12-14T02:14:11","modified_gmt":"2023-12-14T01:14:11","slug":"icepeak-softshelljacke-freeburg-in-marineblau-groesse-54","status":"publish","type":"product","link":"https:\/\/www.soanam.de\/pl\/produkt\/icepeak-softshelljacke-freeburg-in-marineblau-groesse-54\/","title":{"rendered":"ICEPEAK Softshelljacke FREEBURG, in Marineblau, Gr\u00f6\u00dfe 54"},"content":{"rendered":"<p>Kurtka softshellowa od Icepeak<br \/>\nWodoodporny, wiatroszczelny, oddychaj\u0105cy<br \/>\nOptimale W\u00e4rmeisolierung<br \/>\nKapuze abnehmabr<br \/>\nZ kontrastowymi detalami kolorystycznymi<\/p>\n<p>Einer der Vorteile einer Softshelljacke ist das atmungsaktive und bequeme Material, dank dem Sie keine Abstriche bei wind- und wasserabweisenden Eigenschaften machen m\u00fcssen. Diese wattierte Skijacke sorgt f\u00fcr Atmungsaktivit\u00e4t, egal ob Sie lieber frei die Piste hinabgleiten oder schwitzen wollen, w\u00e4hrend Sie Ihre Fahrk\u00fcnste testen.Der Komfort wird durch das anatomische Design, das eine freie Bewegungsfreiheit gew\u00e4hrleistet, und einen weichen Innenkragen mit Kinnschutz erh\u00f6ht gegen unangenehmes Reiben des Rei\u00dfverschlusses auf der Haut. Dank der abnehmbaren Kapuze ist die Jacke an unterschiedliche Wetterbedingungen auf und abseits der Piste anpassbar.<\/p>\n<p>Dieses A.W.S. EXTREME-Produkt erf\u00fcllt die Anforderungen aktiver Outdoor-Leute auch unter extremen Bedingungen. Wassers\u00e4ule und Atmungsaktivit\u00e4t des Materials: 10 000 mm 8 000 mvp.<br \/>\nSoftshell to funkcjonalny materia\u0142 do szerokiej gamy aktywno\u015bci na \u015bwie\u017cym powietrzu.<br \/>\nProdukt zapewnia ochron\u0119 przed warunkami atmosferycznymi, a jednocze\u015bnie jest przyjemnie elastyczny.<br \/>\nPowierzchnia tkaniny jest impregnowana hydrofobowo.<br \/>\nRozci\u0105gliwy w 2 kierunkach materia\u0142 zwi\u0119ksza swobod\u0119 ruch\u00f3w.<\/p>\n<p>Material: 94 % Polyester, 6 % Elastan<br \/>\nWskaz\u00f3wki dotycz\u0105ce piel\u0119gnacji: Pra\u0107 w pralce<\/p>\n<p>Kolor: granatowy<br \/>\nWz\u00f3r: bez<br \/>\nGr\u00f6\u00dfe: 54<\/p>\n<p>Szeroko\u015b\u0107 ramion: 50 cm<br \/>\nSzeroko\u015b\u0107 klatki piersiowej: 120 cm<br \/>\n\u00c4rmell\u00e4nge: 81 cm<br \/>\nCa\u0142kowita d\u0142ugo\u015b\u0107: 77 cm<\/p>","protected":false},"excerpt":{"rendered":"<table class=\"dv_characteristicsTable\">\n<tbody>\n<tr>\n<td class=\"left\">Rozmiar<\/td>\n<td>54<\/td>\n<\/tr>\n<tr>\n<td class=\"left\">Sk\u0142ad materia\u0142u<\/td>\n<td>94 % Polyester, 6 % Elastan<\/td>\n<\/tr>\n<tr>\n<td class=\"left\">Instrukcje dotycz\u0105ce piel\u0119gnacji<\/td>\n<td>Pranie w pralce<\/td>\n<\/tr>\n<tr>\n<td class=\"left\">Kolor<\/td>\n<td>Granatowy<\/td>\n<\/tr>\n<tr>\n<td class=\"left\">Ausschnitt<\/td>\n<td>Kaptur<\/td>\n<\/tr>\n<tr>\n<td class=\"left\">\u00c4rmel<\/td>\n<td>D\u0142ugi r\u0119kaw<\/td>\n<\/tr>\n<tr>\n<td class=\"left\">Dopasowanie<\/td>\n<td>regular fit<\/td>\n<\/tr>\n<tr>\n<td class=\"left\">Besondere Merkmale<\/td>\n<td>Wodoodporny, wiatroszczelny, oddychaj\u0105cy<\/td>\n<\/tr>\n<\/tbody>\n<\/table>","protected":false},"featured_media":82197,"comment_status":"open","ping_status":"closed","template":"","meta":{"_seopress_robots_primary_cat":"","_seopress_titles_title":"","_seopress_titles_desc":"","_seopress_robots_index":""},"product_brand":[],"product_cat":[1345,1363,1648],"product_tag":[],"class_list":{"0":"post-82081","1":"product","2":"type-product","3":"status-publish","4":"has-post-thumbnail","6":"product_cat-herrenmode","7":"product_cat-jacken-maentel-herrenmode","8":"product_cat-softshelljacken-jacken-maentel-herrenmode","9":"product_shipping_class-standard-versand","11":"first","12":"instock","13":"taxable","14":"shipping-taxable","15":"purchasable","16":"product-type-simple"},"_links":{"self":[{"href":"https:\/\/www.soanam.de\/pl\/wp-json\/wp\/v2\/product\/82081","targetHints":{"allow":["GET"]}}],"collection":[{"href":"https:\/\/www.soanam.de\/pl\/wp-json\/wp\/v2\/product"}],"about":[{"href":"https:\/\/www.soanam.de\/pl\/wp-json\/wp\/v2\/types\/product"}],"replies":[{"embeddable":true,"href":"https:\/\/www.soanam.de\/pl\/wp-json\/wp\/v2\/comments?post=82081"}],"wp:featuredmedia":[{"embeddable":true,"href":"https:\/\/www.soanam.de\/pl\/wp-json\/wp\/v2\/media\/82197"}],"wp:attachment":[{"href":"https:\/\/www.soanam.de\/pl\/wp-json\/wp\/v2\/media?parent=82081"}],"wp:term":[{"taxonomy":"product_brand","embeddable":true,"href":"https:\/\/www.soanam.de\/pl\/wp-json\/wp\/v2\/product_brand?post=82081"},{"taxonomy":"product_cat","embeddable":true,"href":"https:\/\/www.soanam.de\/pl\/wp-json\/wp\/v2\/product_cat?post=82081"},{"taxonomy":"product_tag","embeddable":true,"href":"https:\/\/www.soanam.de\/pl\/wp-json\/wp\/v2\/product_tag?post=82081"}],"curies":[{"name":"wp","href":"https:\/\/api.w.org\/{rel}","templated":true}]}}