{"id":82019,"date":"2023-12-14T02:10:34","date_gmt":"2023-12-14T01:10:34","guid":{"rendered":"https:\/\/www.soanam.de\/?post_type=product&#038;p=82019"},"modified":"2023-12-14T02:12:42","modified_gmt":"2023-12-14T01:12:42","slug":"tamaris-krotki-plaszcz-ze-stojka-sredni-szary-cetkowany-rozmiar-36","status":"publish","type":"product","link":"https:\/\/www.soanam.de\/pl\/produkt\/tamaris-kurzmantel-mit-stehkragen-in-mittelgrau-meliert-groesse-36\/","title":{"rendered":"Kr\u00f3tki p\u0142aszcz Tamaris ze st\u00f3jk\u0105, \u015brednio szary w c\u0119tki, rozmiar 36"},"content":{"rendered":"<p>Fajny p\u0142aszcz od TAMARIS<br \/>\nMo\u017ce by\u0107 noszona jako kurtka wewn\u0119trzna i zewn\u0119trzna<br \/>\nLu\u017any, dopasowany do sylwetki kr\u00f3j z naszywanymi kieszeniami<br \/>\nMi\u0119kka i \u0142atwa w piel\u0119gnacji mieszanka materia\u0142\u00f3w z wiskoz\u0105<br \/>\nTkana podszewka z lam\u00f3wk\u0105<\/p>\n<p>Ten p\u0142aszcz od Tamaris ma ponadczasowy design ze st\u00f3jk\u0105, jednorz\u0119dowym zapi\u0119ciem i wiede\u0144skimi szwami.<br \/>\nWe\u0142niany materia\u0142 wyko\u0144czony jest satynow\u0105 podszewk\u0105 w dopasowanym kolorze.<\/p>\n<p>Materia\u0142: Materia\u0142 zewn\u0119trzny: poliester 65%, wiskoza 35%. Podszewka: 100% poliester<br \/>\nWskaz\u00f3wki dotycz\u0105ce piel\u0119gnacji: Pra\u0107 w pralce<\/p>\n<p>Kolor: \u015brednio szary z c\u0119tkami<br \/>\nWz\u00f3r: bez<br \/>\nRozmiar:36<\/p>\n<p>Szeroko\u015b\u0107 ramion: 39 cm<br \/>\nSzeroko\u015b\u0107 klatki piersiowej: 102 cm<br \/>\nD\u0142ugo\u015b\u0107 r\u0119kawa: 62 cm<br \/>\nCa\u0142kowita d\u0142ugo\u015b\u0107: 85 cm<\/p>","protected":false},"excerpt":{"rendered":"<table class=\"dv_characteristicsTable\">\n<tbody>\n<tr>\n<td class=\"left\">Rozmiar<\/td>\n<td>36<\/td>\n<\/tr>\n<tr>\n<td class=\"left\">Gr\u00f6\u00dfentyp<\/td>\n<td>Normalgr\u00f6\u00dfen<\/td>\n<\/tr>\n<tr>\n<td class=\"left\">Sk\u0142ad materia\u0142u<\/td>\n<td>Obermaterial: 65% Polyester, 35% Viskose. Futter: 100% Polyester<\/td>\n<\/tr>\n<tr>\n<td class=\"left\">Instrukcje dotycz\u0105ce piel\u0119gnacji<\/td>\n<td>Pranie w pralce<\/td>\n<\/tr>\n<tr>\n<td class=\"left\">Stil<\/td>\n<td>casual<\/td>\n<\/tr>\n<tr>\n<td class=\"left\">Kolor<\/td>\n<td>mittelgrau-meliert<\/td>\n<\/tr>\n<tr>\n<td class=\"left\">Kragen<\/td>\n<td>Obro\u017ca stoj\u0105ca<\/td>\n<\/tr>\n<tr>\n<td class=\"left\">\u00c4rmel<\/td>\n<td>D\u0142ugi r\u0119kaw<\/td>\n<\/tr>\n<tr>\n<td class=\"left\">Dopasowanie<\/td>\n<td>figurumspielend<\/td>\n<\/tr>\n<tr>\n<td class=\"left\">Schnittform L\u00e4nge<\/td>\n<td>ca. Mitte Oberschenkel<\/td>\n<\/tr>\n<tr>\n<td class=\"left\">Applikationen<\/td>\n<td>Markenlabel<\/td>\n<\/tr>\n<tr>\n<td class=\"left\">Torby<\/td>\n<td>aufgesetzte Taschen<\/td>\n<\/tr>\n<tr>\n<td class=\"left\">Verschluss<\/td>\n<td>2-Knopf-Form<\/td>\n<\/tr>\n<tr>\n<td class=\"left\">Besondere Merkmale<\/td>\n<td>mit Stehkragen<\/td>\n<\/tr>\n<\/tbody>\n<\/table>","protected":false},"featured_media":82123,"comment_status":"open","ping_status":"closed","template":"","meta":{"_seopress_robots_primary_cat":"","_seopress_titles_title":"","_seopress_titles_desc":"","_seopress_robots_index":""},"product_brand":[],"product_cat":[1348,1354,1355,1356],"product_tag":[],"class_list":{"0":"post-82019","1":"product","2":"type-product","3":"status-publish","4":"has-post-thumbnail","6":"product_cat-damen-mode","7":"product_cat-jacken-maentel","8":"product_cat-maentel","9":"product_cat-wintermaentel","10":"product_shipping_class-standard-versand","12":"first","13":"instock","14":"taxable","15":"shipping-taxable","16":"purchasable","17":"product-type-simple"},"_links":{"self":[{"href":"https:\/\/www.soanam.de\/pl\/wp-json\/wp\/v2\/product\/82019","targetHints":{"allow":["GET"]}}],"collection":[{"href":"https:\/\/www.soanam.de\/pl\/wp-json\/wp\/v2\/product"}],"about":[{"href":"https:\/\/www.soanam.de\/pl\/wp-json\/wp\/v2\/types\/product"}],"replies":[{"embeddable":true,"href":"https:\/\/www.soanam.de\/pl\/wp-json\/wp\/v2\/comments?post=82019"}],"wp:featuredmedia":[{"embeddable":true,"href":"https:\/\/www.soanam.de\/pl\/wp-json\/wp\/v2\/media\/82123"}],"wp:attachment":[{"href":"https:\/\/www.soanam.de\/pl\/wp-json\/wp\/v2\/media?parent=82019"}],"wp:term":[{"taxonomy":"product_brand","embeddable":true,"href":"https:\/\/www.soanam.de\/pl\/wp-json\/wp\/v2\/product_brand?post=82019"},{"taxonomy":"product_cat","embeddable":true,"href":"https:\/\/www.soanam.de\/pl\/wp-json\/wp\/v2\/product_cat?post=82019"},{"taxonomy":"product_tag","embeddable":true,"href":"https:\/\/www.soanam.de\/pl\/wp-json\/wp\/v2\/product_tag?post=82019"}],"curies":[{"name":"wp","href":"https:\/\/api.w.org\/{rel}","templated":true}]}}