{"id":81668,"date":"2023-12-14T02:03:39","date_gmt":"2023-12-14T01:03:39","guid":{"rendered":"https:\/\/www.soanam.de\/?post_type=product&#038;p=81668"},"modified":"2023-12-14T02:05:44","modified_gmt":"2023-12-14T01:05:44","slug":"trine-frank-paskesen-nordic-knitting-for-the-little-ones-wydanie-w-twardej-oprawie-jezyk-niemiecki","status":"publish","type":"product","link":"https:\/\/www.soanam.de\/pl\/produkt\/trine-frank-paskesen-nordic-stricken-fuer-die-kleinsten-gebundene-ausgabe-deutsch\/","title":{"rendered":"Trine Frank P\u00e5skesen \"Nordic. Dzianina dla najm\u0142odszych\", wydanie w twardej oprawie, j\u0119zyk niemiecki"},"content":{"rendered":"<h3>Opis produktu<\/h3>\n<p>Skandinavisches Design f\u00fcr Kinder im Alter von 0-6 Jahren<\/p>\n<p>So s\u00fc\u00df ist der Norden \u2013 Skandinavisches Design f\u00fcr Kinder von 0-6 Jahren<br \/>\nLieben Sie auch den klaren und manchmal dennoch sehr verspielten Stil skandinavischer L\u00e4nder? Dann ist dieses Strickbuch genau das Richtige f\u00fcr Sie.<br \/>\nIn 16 inspirierenden Anleitungen hat die D\u00e4nin Trine Frank P\u00e5skesen, auch bekannt durch ihr Label Knit by Trine P., die sch\u00f6nsten Strickanleitungen f\u00fcr Jungen und M\u00e4dchen im Alter von 0-6 zusammengestellt. Ihr Stil \u00fcberzeugt durch gradlinige Designs mit verspielten Details.<br \/>\nOb Strukturmuster, Lace oder eingestrickte Perlen \u2013 f\u00fcr jeden Geschmack ist etwas dabei. Kuschelige Pullover, zarte Strickjacken, niedliche R\u00f6ckchen oder praktische M\u00fctzchen: Mit den Anleitungen in diesem Buch k\u00f6nnen die k\u00fchlen Temperaturen kommen und die kleinen Rabauken sind dennoch sch\u00f6n und warm eingepackt.<br \/>\nDie stimmungsvollen Fotos machen dieses Buch zu etwas ganz Besonderem und entf\u00fchren den Leser in eine vertr\u00e4umte skandinavische Kinderwelt.<\/p>\n<p><strong>szczeg\u00f3\u0142y<\/strong><br \/>\nOprawa: wydanie w twardej oprawie<br \/>\nSeitenzahl: 144<br \/>\nAltersempfehlung: 0 - 99 Jahr(e)<br \/>\nErscheinungsdatum: 14.01.2019<br \/>\nJ\u0119zyk: niemiecki<br \/>\nISBN: 978-3-7724-8163-5<br \/>\nWydawca: Frech<br \/>\nMa\u00dfe (L\/B\/H): 28,4\/21,3\/2 cm<br \/>\nGewicht: 898 g<br \/>\nOriginaltitel: Nordic dansk b\u00f8rnestrik<br \/>\n\u00dcbersetzer: Andrea Hauss-Honkanen<\/p>","protected":false},"excerpt":{"rendered":"<h3>Artikelmerkmale<\/h3>\n<p>Artikelzustand: Neu - Neues, ungelesenes, ungebrauchtes Buch in makellosem Zustand<\/p>\n<table dir=\"ltr\" border=\"1\" cellspacing=\"0\" cellpadding=\"0\">\n<colgroup>\n<col width=\"194\" \/>\n<col width=\"223\" \/><\/colgroup>\n<tbody>\n<tr>\n<td data-sheets-value=\"{&quot;1&quot;:2,&quot;2&quot;:&quot;Autor:&quot;}\">Autor:<\/td>\n<td data-sheets-value=\"{&quot;1&quot;:2,&quot;2&quot;:&quot;Trine Frank P\u00e5skesen&quot;}\">Trine Frank P\u00e5skesen<\/td>\n<\/tr>\n<tr>\n<td data-sheets-value=\"{&quot;1&quot;:2,&quot;2&quot;:&quot;Besonderheiten:&quot;}\">Funkcje specjalne:<\/td>\n<td data-sheets-value=\"{&quot;1&quot;:2,&quot;2&quot;:&quot;Illustriert&quot;}\">Illustriert<\/td>\n<\/tr>\n<tr>\n<td data-sheets-value=\"{&quot;1&quot;:2,&quot;2&quot;:&quot;Buchtitel:&quot;}\">Buchtitel:<\/td>\n<td data-sheets-value=\"{&quot;1&quot;:2,&quot;2&quot;:&quot;Nordic. Stricken f\u00fcr die Kleinsten&quot;}\">Nordic. Stricken f\u00fcr die Kleinsten<\/td>\n<\/tr>\n<tr>\n<td data-sheets-value=\"{&quot;1&quot;:2,&quot;2&quot;:&quot;Erscheinungsjahr:&quot;}\">Erscheinungsjahr:<\/td>\n<td data-sheets-value=\"{&quot;1&quot;:3,&quot;3&quot;:2019}\">2019<\/td>\n<\/tr>\n<tr>\n<td data-sheets-value=\"{&quot;1&quot;:2,&quot;2&quot;:&quot;Format:&quot;}\">Format:<\/td>\n<td data-sheets-value=\"{&quot;1&quot;:2,&quot;2&quot;:&quot;Gebundene Ausgabe&quot;}\">Gebundene Ausgabe<\/td>\n<\/tr>\n<tr>\n<td data-sheets-value=\"{&quot;1&quot;:2,&quot;2&quot;:&quot;Genre:&quot;}\">Genre:<\/td>\n<td data-sheets-value=\"{&quot;1&quot;:2,&quot;2&quot;:&quot;Handarbeit&quot;}\">Handarbeit<\/td>\n<\/tr>\n<tr>\n<td data-sheets-value=\"{&quot;1&quot;:2,&quot;2&quot;:&quot;Herstellungsland und -region:&quot;}\">Herstellungsland und -region:<\/td>\n<td data-sheets-value=\"{&quot;1&quot;:2,&quot;2&quot;:&quot;Deutschland&quot;}\">Niemcy<\/td>\n<\/tr>\n<tr>\n<td data-sheets-value=\"{&quot;1&quot;:2,&quot;2&quot;:&quot;Literarische Gattung:&quot;}\">Literarische Gattung:<\/td>\n<td data-sheets-value=\"{&quot;1&quot;:2,&quot;2&quot;:&quot;Sachbuch&quot;}\">Sachbuch<\/td>\n<\/tr>\n<tr>\n<td data-sheets-value=\"{&quot;1&quot;:2,&quot;2&quot;:&quot;Produktart:&quot;}\">Produktart:<\/td>\n<td data-sheets-value=\"{&quot;1&quot;:2,&quot;2&quot;:&quot;Anleitung&quot;}\">Anleitung<\/td>\n<\/tr>\n<tr>\n<td data-sheets-value=\"{&quot;1&quot;:2,&quot;2&quot;:&quot;Sprache:&quot;}\">Sprache:<\/td>\n<td data-sheets-value=\"{&quot;1&quot;:2,&quot;2&quot;:&quot;Deutsch&quot;}\">Niemiecki<\/td>\n<\/tr>\n<tr>\n<td data-sheets-value=\"{&quot;1&quot;:2,&quot;2&quot;:&quot;Thematik:&quot;}\">Thematik:<\/td>\n<td data-sheets-value=\"{&quot;1&quot;:2,&quot;2&quot;:&quot;Stricken&quot;}\">Stricken<\/td>\n<\/tr>\n<tr>\n<td data-sheets-value=\"{&quot;1&quot;:2,&quot;2&quot;:&quot;Verlag:&quot;}\">Verlag:<\/td>\n<td data-sheets-value=\"{&quot;1&quot;:2,&quot;2&quot;:&quot;frechverlag&quot;}\">frechverlag<\/td>\n<\/tr>\n<tr>\n<td data-sheets-value=\"{&quot;1&quot;:2,&quot;2&quot;:&quot;Zielgruppe:&quot;}\">Zielgruppe:<\/td>\n<td data-sheets-value=\"{&quot;1&quot;:2,&quot;2&quot;:&quot;Jugendliche, Erwachsene&quot;}\">Jugendliche, Erwachsene<\/td>\n<\/tr>\n<\/tbody>\n<\/table>","protected":false},"featured_media":81770,"comment_status":"open","ping_status":"closed","template":"","meta":{"_seopress_robots_primary_cat":"","_seopress_titles_title":"","_seopress_titles_desc":"","_seopress_robots_index":""},"product_brand":[],"product_cat":[1428,1429,1434,1447,1530],"product_tag":[],"class_list":{"0":"post-81668","1":"product","2":"type-product","3":"status-publish","4":"has-post-thumbnail","6":"product_cat-buecher","7":"product_cat-jugend","8":"product_cat-erwachsene","9":"product_cat-ratgeber","10":"product_cat-ratgeber-jugend","11":"product_shipping_class-standard-versand","13":"first","14":"instock","15":"taxable","16":"shipping-taxable","17":"purchasable","18":"product-type-simple"},"_links":{"self":[{"href":"https:\/\/www.soanam.de\/pl\/wp-json\/wp\/v2\/product\/81668","targetHints":{"allow":["GET"]}}],"collection":[{"href":"https:\/\/www.soanam.de\/pl\/wp-json\/wp\/v2\/product"}],"about":[{"href":"https:\/\/www.soanam.de\/pl\/wp-json\/wp\/v2\/types\/product"}],"replies":[{"embeddable":true,"href":"https:\/\/www.soanam.de\/pl\/wp-json\/wp\/v2\/comments?post=81668"}],"wp:featuredmedia":[{"embeddable":true,"href":"https:\/\/www.soanam.de\/pl\/wp-json\/wp\/v2\/media\/81770"}],"wp:attachment":[{"href":"https:\/\/www.soanam.de\/pl\/wp-json\/wp\/v2\/media?parent=81668"}],"wp:term":[{"taxonomy":"product_brand","embeddable":true,"href":"https:\/\/www.soanam.de\/pl\/wp-json\/wp\/v2\/product_brand?post=81668"},{"taxonomy":"product_cat","embeddable":true,"href":"https:\/\/www.soanam.de\/pl\/wp-json\/wp\/v2\/product_cat?post=81668"},{"taxonomy":"product_tag","embeddable":true,"href":"https:\/\/www.soanam.de\/pl\/wp-json\/wp\/v2\/product_tag?post=81668"}],"curies":[{"name":"wp","href":"https:\/\/api.w.org\/{rel}","templated":true}]}}