{"id":81337,"date":"2023-12-14T01:56:50","date_gmt":"2023-12-14T00:56:50","guid":{"rendered":"https:\/\/www.soanam.de\/?post_type=product&#038;p=81337"},"modified":"2023-12-14T01:59:06","modified_gmt":"2023-12-14T00:59:06","slug":"szlafrok-jule-z-kapturem-w-kolorze-fioletowym-rozmiar-m","status":"publish","type":"product","link":"https:\/\/www.soanam.de\/pl\/produkt\/bademantel-jule-mit-kapuze-in-mauve-groesse-m\/","title":{"rendered":"Szlafrok Jule z kapturem, fioletowy, rozmiar M"},"content":{"rendered":"<p>Mi\u0119kki, d\u0142ugi szlafrok od My Home<br \/>\nWyposa\u017cony w kaptur i pasek<br \/>\nZ naszywanymi kieszeniami<br \/>\nWspiera bawe\u0142n\u0119 wyprodukowan\u0105 w Afryce<\/p>\n<p>Klasyczny, d\u0142ugi szlafrok Jule marki my home jest wykonany z lekkiego, mi\u0119kkiego materia\u0142u, jest bardzo przyjazny dla sk\u00f3ry i zapewnia cudowne ciep\u0142o.<br \/>\nSzlafrok wspiera inicjatyw\u0119 Cotton made in Africa i jest bardzo \u0142atwy w piel\u0119gnacji.<\/p>\n<p>Materia\u0142: bawe\u0142na 80%, poliester 20%<br \/>\nWskaz\u00f3wki dotycz\u0105ce piel\u0119gnacji: Pra\u0107 w pralce<\/p>\n<p>Kolor: fioletowy<br \/>\nWz\u00f3r: bez<br \/>\nRozmiar: M<br \/>\nD\u0142ugo\u015b\u0107: 120 cm<\/p>\n<p>Ten nowy przedmiot jest wadliwym egzemplarzem z 3 lekko zerwanymi nitkami.<\/p>\n<p>&nbsp;<\/p>","protected":false},"excerpt":{"rendered":"<div class=\"spec-holder\">\n<div class=\"row\">\n<div class=\"col-xs-5 spec-name\">\n<table class=\"dv_characteristicsTable\">\n<tbody>\n<tr>\n<td class=\"left\">Rozmiar<\/td>\n<td>M<\/td>\n<\/tr>\n<tr>\n<td class=\"left\">Gr\u00f6\u00dfentyp<\/td>\n<td>Normalgr\u00f6\u00dfen<\/td>\n<\/tr>\n<\/tbody>\n<\/table>\n<table class=\"dv_characteristicsTable\">\n<caption>\u00a0<\/caption>\n<tbody>\n<tr>\n<td class=\"left\">Kolor<\/td>\n<td>fioletowy<\/td>\n<\/tr>\n<tr>\n<td class=\"left\">Optik<\/td>\n<td>unifarben<\/td>\n<\/tr>\n<\/tbody>\n<\/table>\n<table class=\"dv_characteristicsTable\">\n<caption>\u00a0<\/caption>\n<tbody>\n<tr>\n<td class=\"left\">Sk\u0142ad materia\u0142u<\/td>\n<td>80% Baumwolle , 20% Polyester<\/td>\n<\/tr>\n<tr>\n<td class=\"left\">Materia\u0142<\/td>\n<td>Wirkfrottee<\/td>\n<\/tr>\n<tr>\n<td class=\"left\">Fl\u00e4chengewicht<\/td>\n<td>220 g\/m\u00b2<\/td>\n<\/tr>\n<\/tbody>\n<\/table>\n<table class=\"dv_characteristicsTable\">\n<caption>\u00a0<\/caption>\n<tbody>\n<tr>\n<td class=\"left\">Schnittform L\u00e4nge<\/td>\n<td>Langform<\/td>\n<\/tr>\n<\/tbody>\n<\/table>\n<table class=\"dv_characteristicsTable\">\n<caption>\u00a0<\/caption>\n<tbody>\n<tr>\n<td class=\"left\">Anzahl Teile<\/td>\n<td>1 St.<\/td>\n<\/tr>\n<tr>\n<td class=\"left\">Ausstattung<\/td>\n<td>Kaptur<\/td>\n<\/tr>\n<tr>\n<td class=\"left\">Art Verschluss<\/td>\n<td>Pas<\/td>\n<\/tr>\n<tr>\n<td class=\"left\">Torby<\/td>\n<td>aufgesetzte Taschen<\/td>\n<\/tr>\n<\/tbody>\n<\/table>\n<table class=\"dv_characteristicsTable\">\n<caption>\u00a0<\/caption>\n<tbody>\n<tr>\n<td class=\"left\">L\u00e4nge<\/td>\n<td>120 cm<\/td>\n<\/tr>\n<\/tbody>\n<\/table>\n<table class=\"dv_characteristicsTable\">\n<caption>\u00a0<\/caption>\n<tbody>\n<tr>\n<td class=\"left\">Instrukcje dotycz\u0105ce piel\u0119gnacji<\/td>\n<td>60\u00b0C Maschinenw\u00e4sche<br \/>\nb\u00fcgelfrei<br \/>\ntrocknergeeignet<\/td>\n<\/tr>\n<\/tbody>\n<\/table>\n<\/div>\n<\/div>\n<\/div>","protected":false},"featured_media":81446,"comment_status":"open","ping_status":"closed","template":"","meta":{"_seopress_robots_primary_cat":"","_seopress_titles_title":"","_seopress_titles_desc":"","_seopress_robots_index":""},"product_brand":[],"product_cat":[1348,1520,1633],"product_tag":[],"class_list":{"0":"post-81337","1":"product","2":"type-product","3":"status-publish","4":"has-post-thumbnail","6":"product_cat-damen-mode","7":"product_cat-nachtwaesche","8":"product_cat-bademaentel","9":"product_shipping_class-standard-versand","11":"first","12":"instock","13":"sale","14":"taxable","15":"shipping-taxable","16":"purchasable","17":"product-type-simple"},"_links":{"self":[{"href":"https:\/\/www.soanam.de\/pl\/wp-json\/wp\/v2\/product\/81337","targetHints":{"allow":["GET"]}}],"collection":[{"href":"https:\/\/www.soanam.de\/pl\/wp-json\/wp\/v2\/product"}],"about":[{"href":"https:\/\/www.soanam.de\/pl\/wp-json\/wp\/v2\/types\/product"}],"replies":[{"embeddable":true,"href":"https:\/\/www.soanam.de\/pl\/wp-json\/wp\/v2\/comments?post=81337"}],"wp:featuredmedia":[{"embeddable":true,"href":"https:\/\/www.soanam.de\/pl\/wp-json\/wp\/v2\/media\/81446"}],"wp:attachment":[{"href":"https:\/\/www.soanam.de\/pl\/wp-json\/wp\/v2\/media?parent=81337"}],"wp:term":[{"taxonomy":"product_brand","embeddable":true,"href":"https:\/\/www.soanam.de\/pl\/wp-json\/wp\/v2\/product_brand?post=81337"},{"taxonomy":"product_cat","embeddable":true,"href":"https:\/\/www.soanam.de\/pl\/wp-json\/wp\/v2\/product_cat?post=81337"},{"taxonomy":"product_tag","embeddable":true,"href":"https:\/\/www.soanam.de\/pl\/wp-json\/wp\/v2\/product_tag?post=81337"}],"curies":[{"name":"wp","href":"https:\/\/api.w.org\/{rel}","templated":true}]}}