{"id":80572,"date":"2023-12-14T01:33:36","date_gmt":"2023-12-14T00:33:36","guid":{"rendered":"https:\/\/www.soanam.de\/?post_type=product&#038;p=80572"},"modified":"2023-12-14T01:35:55","modified_gmt":"2023-12-14T00:35:55","slug":"klasyczna-krotka-marynarka-lascana-w-kolorze-bialym-rozmiar-40","status":"publish","type":"product","link":"https:\/\/www.soanam.de\/pl\/produkt\/lascana-klassischer-kurzblazer-in-weiss-groesse-40\/","title":{"rendered":"Klasyczna kr\u00f3tka marynarka LASCANA w kolorze bia\u0142ym, rozmiar 40"},"content":{"rendered":"<p>Klasyczny blezer od Lascana<br \/>\nPrzycisk o wygl\u0105dzie klaksonu<br \/>\nNak\u0142adki na ramiona zapewniaj\u0105 idealne dopasowanie<br \/>\nSzwy dziel\u0105ce kszta\u0142tuj\u0105ce figur\u0119<br \/>\nWysoka jako\u015b\u0107 i rozci\u0105gliwo\u015b\u0107<\/p>\n<p>Biznesowy look w najlepszym wydaniu, klasyczny, elegancki i kobiecy.<br \/>\nKlasyczny kr\u00f3j z lekko zaznaczon\u0105 tali\u0105 jest podkre\u015blony przez modeluj\u0105ce sylwetk\u0119 szwy dziel\u0105ce, a kr\u00f3j podkre\u015bla sylwetk\u0119.<br \/>\nZa ka\u017cdym razem, gdy dotkniesz materia\u0142u, poczujesz delikatn\u0105, elastyczn\u0105 jako\u015b\u0107 damskiej marynarki.<br \/>\nPrzycisk o wygl\u0105dzie rogu z przodu staje si\u0119 wizualnym centrum.<br \/>\nW mi\u0119dzyczasie ochraniacze na ramiona podkre\u015blaj\u0105 obszar ramion.<\/p>\n<p>Materia\u0142: Materia\u0142 zewn\u0119trzny: 75% poliester, 20% wiskoza, 5% elastan. Podszewka: 100% poliester<br \/>\nInstrukcje dotycz\u0105ce piel\u0119gnacji: Czyszczenie<\/p>\n<p>Kolor: bia\u0142y<br \/>\nWz\u00f3r: bez<br \/>\nRozmiar: 40<\/p>\n<p>Szeroko\u015b\u0107 ramion: 40 cm<br \/>\nSzeroko\u015b\u0107 klatki piersiowej: 100 cm<br \/>\nD\u0142ugo\u015b\u0107 r\u0119kawa: 61 cm<br \/>\nCa\u0142kowita d\u0142ugo\u015b\u0107: 66 cm<\/p>","protected":false},"excerpt":{"rendered":"<table class=\"dv_characteristicsTable\">\n<tbody>\n<tr>\n<td class=\"left\">Rozmiar<\/td>\n<td>40<\/td>\n<\/tr>\n<tr>\n<td class=\"left\">Gr\u00f6\u00dfentyp<\/td>\n<td>Normalgr\u00f6\u00dfen<\/td>\n<\/tr>\n<tr>\n<td class=\"left\">Sk\u0142ad materia\u0142u<\/td>\n<td>Obermaterial: 75% Polyester, 20% Viskose, 5% Elasthan. Futter: 100% Polyester<\/td>\n<\/tr>\n<tr>\n<td class=\"left\">Materialart<\/td>\n<td>Jersey<\/td>\n<\/tr>\n<tr>\n<td class=\"left\">Materialeigenschaften<\/td>\n<td>Stretch<\/td>\n<\/tr>\n<tr>\n<td class=\"left\">Instrukcje dotycz\u0105ce piel\u0119gnacji<\/td>\n<td>Reinigung<\/td>\n<\/tr>\n<tr>\n<td class=\"left\">Optik<\/td>\n<td>unifarben<\/td>\n<\/tr>\n<tr>\n<td class=\"left\">Stil<\/td>\n<td>modisch<\/td>\n<\/tr>\n<tr>\n<td class=\"left\">Kolor<\/td>\n<td>wei\u00df<\/td>\n<\/tr>\n<tr>\n<td class=\"left\">Kragen<\/td>\n<td>Ko\u0142nierz z klapami<\/td>\n<\/tr>\n<tr>\n<td class=\"left\">\u00c4rmel<\/td>\n<td>D\u0142ugi r\u0119kaw<\/td>\n<\/tr>\n<tr>\n<td class=\"left\">Rumpfabschlussdetails<\/td>\n<td>mit Schlitz, hinten<\/td>\n<\/tr>\n<tr>\n<td class=\"left\">Dopasowanie<\/td>\n<td>normal<\/td>\n<\/tr>\n<tr>\n<td class=\"left\">Schnittform L\u00e4nge<\/td>\n<td>h\u00fcftlang<\/td>\n<\/tr>\n<tr>\n<td class=\"left\">Torby<\/td>\n<td>Paspeltaschen<\/td>\n<\/tr>\n<tr>\n<td class=\"left\">Verschluss<\/td>\n<td>1-Knopf-Form<\/td>\n<\/tr>\n<tr>\n<td class=\"left\">Besondere Merkmale<\/td>\n<td>in klassischer Form<\/td>\n<\/tr>\n<\/tbody>\n<\/table>","protected":false},"featured_media":80676,"comment_status":"open","ping_status":"closed","template":"","meta":{"_seopress_robots_primary_cat":"","_seopress_titles_title":"","_seopress_titles_desc":"","_seopress_robots_index":""},"product_brand":[],"product_cat":[1348,1354,1492],"product_tag":[],"class_list":{"0":"post-80572","1":"product","2":"type-product","3":"status-publish","4":"has-post-thumbnail","6":"product_cat-damen-mode","7":"product_cat-jacken-maentel","8":"product_cat-blazer","9":"product_shipping_class-standard-versand","11":"first","12":"instock","13":"taxable","14":"shipping-taxable","15":"purchasable","16":"product-type-simple"},"_links":{"self":[{"href":"https:\/\/www.soanam.de\/pl\/wp-json\/wp\/v2\/product\/80572","targetHints":{"allow":["GET"]}}],"collection":[{"href":"https:\/\/www.soanam.de\/pl\/wp-json\/wp\/v2\/product"}],"about":[{"href":"https:\/\/www.soanam.de\/pl\/wp-json\/wp\/v2\/types\/product"}],"replies":[{"embeddable":true,"href":"https:\/\/www.soanam.de\/pl\/wp-json\/wp\/v2\/comments?post=80572"}],"wp:featuredmedia":[{"embeddable":true,"href":"https:\/\/www.soanam.de\/pl\/wp-json\/wp\/v2\/media\/80676"}],"wp:attachment":[{"href":"https:\/\/www.soanam.de\/pl\/wp-json\/wp\/v2\/media?parent=80572"}],"wp:term":[{"taxonomy":"product_brand","embeddable":true,"href":"https:\/\/www.soanam.de\/pl\/wp-json\/wp\/v2\/product_brand?post=80572"},{"taxonomy":"product_cat","embeddable":true,"href":"https:\/\/www.soanam.de\/pl\/wp-json\/wp\/v2\/product_cat?post=80572"},{"taxonomy":"product_tag","embeddable":true,"href":"https:\/\/www.soanam.de\/pl\/wp-json\/wp\/v2\/product_tag?post=80572"}],"curies":[{"name":"wp","href":"https:\/\/api.w.org\/{rel}","templated":true}]}}