{"id":78734,"date":"2023-12-13T21:25:37","date_gmt":"2023-12-13T20:25:37","guid":{"rendered":"https:\/\/www.soanam.de\/?post_type=product&#038;p=78734"},"modified":"2023-12-13T21:53:56","modified_gmt":"2023-12-13T20:53:56","slug":"koszula-biznesowa-olymp-w-niebieska-krate-rozmiar-45","status":"publish","type":"product","link":"https:\/\/www.soanam.de\/pl\/produkt\/olymp-businesshemd-im-karodesign-in-bleu-groesse-45\/","title":{"rendered":"Koszula biznesowa OLYMP w krat\u0119, w kolorze b\u0142\u0119kitnym, rozmiar 45"},"content":{"rendered":"<p>Koszula biznesowa w krat\u0119<br \/>\nW\u0105ski kr\u00f3j z zaszewkami na plecach<br \/>\nNowo\u015b\u0107 - obro\u017ca Kent<br \/>\nMieszanka bawe\u0142ny z elastoolefin\u0105<br \/>\n\u0141atwe prasowanie<\/p>\n<p>Dzi\u0119ki dopasowanemu krojowi, dyskretny wz\u00f3r w kratk\u0119 pokazuje swoj\u0105 nowoczesn\u0105 stron\u0119.<br \/>\nModny ko\u0142nierzyk w kszta\u0142cie rekina stanowi idealn\u0105 opraw\u0119 dla szerokich krawat\u00f3w wi\u0105zanych na podw\u00f3jny w\u0119ze\u0142 Windsor.<br \/>\nZapi\u0119cie na guziki na ca\u0142ej d\u0142ugo\u015bci i zaokr\u0105glone mankiety z dwoma guzikami to klasyczne elementy tej koszuli z d\u0142ugim r\u0119kawem.<\/p>\n<p>Materia\u0142: bawe\u0142na 97%, elastoolefina 3%<br \/>\nWskaz\u00f3wki dotycz\u0105ce piel\u0119gnacji: Pra\u0107 w pralce<\/p>\n<p>Kolor: bleu<br \/>\nWz\u00f3r: w kratk\u0119<br \/>\nRozmiar: 45<\/p>\n<p>Szeroko\u015b\u0107 ramion: 43 cm<br \/>\nSzeroko\u015b\u0107 klatki piersiowej: 126 cm<br \/>\nD\u0142ugo\u015b\u0107 r\u0119kawa: 62 cm<br \/>\nCa\u0142kowita d\u0142ugo\u015b\u0107: 76 cm<\/p>\n<p>Ten nowy przedmiot jest zwrotem klienta bez etykiety.<\/p>","protected":false},"excerpt":{"rendered":"<table class=\"dv_characteristicsTable\">\n<tbody>\n<tr>\n<td class=\"left\">Rozmiar<\/td>\n<td>45<\/td>\n<\/tr>\n<tr>\n<td class=\"left\">Gr\u00f6\u00dfentyp<\/td>\n<td>Normalgr\u00f6\u00dfen<\/td>\n<\/tr>\n<tr>\n<td class=\"left\">Sk\u0142ad materia\u0142u<\/td>\n<td>Obermaterial: 97% Baumwolle, 3% Elastolefin<\/td>\n<\/tr>\n<tr>\n<td class=\"left\">Instrukcje dotycz\u0105ce piel\u0119gnacji<\/td>\n<td>Pranie w pralce<\/td>\n<\/tr>\n<tr>\n<td class=\"left\">Optik<\/td>\n<td>kariert<\/td>\n<\/tr>\n<tr>\n<td class=\"left\">Stil<\/td>\n<td>klassisch<\/td>\n<\/tr>\n<tr>\n<td class=\"left\">Kolor<\/td>\n<td>bleu, kariert<\/td>\n<\/tr>\n<tr>\n<td class=\"left\">Kragen<\/td>\n<td>New-Kentkragen<\/td>\n<\/tr>\n<tr>\n<td class=\"left\">\u00c4rmel<\/td>\n<td>D\u0142ugi r\u0119kaw<\/td>\n<\/tr>\n<tr>\n<td class=\"left\">\u00c4rmelabschluss<\/td>\n<td>1-Knopf-Manschette<\/td>\n<\/tr>\n<tr>\n<td class=\"left\">\u00c4rmelabschlussdetails<\/td>\n<td>verstellbar<\/td>\n<\/tr>\n<tr>\n<td class=\"left\">Rumpfabschluss<\/td>\n<td>abgerundeter Saum<\/td>\n<\/tr>\n<tr>\n<td class=\"left\">Dopasowanie<\/td>\n<td>schmal<\/td>\n<\/tr>\n<tr>\n<td class=\"left\">Schnittdetails<\/td>\n<td>Abn\u00e4her<\/td>\n<\/tr>\n<tr>\n<td class=\"left\">Torby<\/td>\n<td>Ohne Brusttasche<\/td>\n<\/tr>\n<tr>\n<td class=\"left\">Verschluss<\/td>\n<td>Zapi\u0119cie na guziki<\/td>\n<\/tr>\n<tr>\n<td class=\"left\">Verschlussdetails<\/td>\n<td>durchgehend<\/td>\n<\/tr>\n<tr>\n<td class=\"left\">Besondere Merkmale<\/td>\n<td>Karodessin, b\u00fcgelleicht<\/td>\n<\/tr>\n<\/tbody>\n<\/table>","protected":false},"featured_media":78821,"comment_status":"open","ping_status":"closed","template":"","meta":{"_seopress_robots_primary_cat":"","_seopress_titles_title":"","_seopress_titles_desc":"","_seopress_robots_index":""},"product_brand":[],"product_cat":[1345,1497,1532],"product_tag":[],"class_list":{"0":"post-78734","1":"product","2":"type-product","3":"status-publish","4":"has-post-thumbnail","6":"product_cat-herrenmode","7":"product_cat-hemden","8":"product_cat-langarm-hemden","9":"product_shipping_class-standard-versand","11":"first","12":"instock","13":"sale","14":"taxable","15":"shipping-taxable","16":"purchasable","17":"product-type-simple"},"_links":{"self":[{"href":"https:\/\/www.soanam.de\/pl\/wp-json\/wp\/v2\/product\/78734","targetHints":{"allow":["GET"]}}],"collection":[{"href":"https:\/\/www.soanam.de\/pl\/wp-json\/wp\/v2\/product"}],"about":[{"href":"https:\/\/www.soanam.de\/pl\/wp-json\/wp\/v2\/types\/product"}],"replies":[{"embeddable":true,"href":"https:\/\/www.soanam.de\/pl\/wp-json\/wp\/v2\/comments?post=78734"}],"wp:featuredmedia":[{"embeddable":true,"href":"https:\/\/www.soanam.de\/pl\/wp-json\/wp\/v2\/media\/78821"}],"wp:attachment":[{"href":"https:\/\/www.soanam.de\/pl\/wp-json\/wp\/v2\/media?parent=78734"}],"wp:term":[{"taxonomy":"product_brand","embeddable":true,"href":"https:\/\/www.soanam.de\/pl\/wp-json\/wp\/v2\/product_brand?post=78734"},{"taxonomy":"product_cat","embeddable":true,"href":"https:\/\/www.soanam.de\/pl\/wp-json\/wp\/v2\/product_cat?post=78734"},{"taxonomy":"product_tag","embeddable":true,"href":"https:\/\/www.soanam.de\/pl\/wp-json\/wp\/v2\/product_tag?post=78734"}],"curies":[{"name":"wp","href":"https:\/\/api.w.org\/{rel}","templated":true}]}}