{"id":78220,"date":"2023-12-13T21:14:02","date_gmt":"2023-12-13T20:14:02","guid":{"rendered":"https:\/\/www.soanam.de\/?post_type=product&#038;p=78220"},"modified":"2023-12-13T21:16:58","modified_gmt":"2023-12-13T20:16:58","slug":"mango-abrigo-boy-klassischer-damen-mantel-in-schwarz-groesse-m-36-38","status":"publish","type":"product","link":"https:\/\/www.soanam.de\/pl\/produkt\/mango-abrigo-boy-klassischer-damen-mantel-in-schwarz-groesse-m-36-38\/","title":{"rendered":"Mango ABRIGO BOY - Klasyczny p\u0142aszcz damski, w kolorze czarnym, rozmiar M - 36 \/ 38"},"content":{"rendered":"<h3>Opis<\/h3>\n<p><strong>szczeg\u00f3\u0142y<\/strong><br \/>\nKo\u0142nierz: Ko\u0142nierz klapowy<br \/>\nZapi\u0119cie: Guzik<\/p>\n<p><strong>Dopasowanie<\/strong><br \/>\nD\u0142ugo\u015b\u0107: d\u0142ugi<br \/>\nD\u0142ugo\u015b\u0107 r\u0119kawa: D\u0142ugi r\u0119kaw<\/p>\n<p><strong>Materia\u0142 i piel\u0119gnacja<\/strong><br \/>\nMateria\u0142 zewn\u0119trzny: we\u0142na 52%, poliester 42%, poliamid 4%, poliakryl 2%<br \/>\nPodszewka: poliester 52%, wiskoza 48%<br \/>\nGrubo\u015b\u0107 karmienia: bez podszewki<br \/>\nWskaz\u00f3wki dotycz\u0105ce piel\u0119gnacji: Nie nadaje si\u0119 do suszenia w suszarce b\u0119bnowej, mo\u017cliwe czyszczenie chemiczne, nie pra\u0107<\/p>","protected":false},"excerpt":{"rendered":"<h3>Artikelmerkmale<\/h3>\n<p>Stan produktu: Nowy z etykiet\u0105: Nowy, nieu\u017cywany i nienoszony produkt w oryginalnym opakowaniu.<\/p>\n<table border=\"0\" frame=\"VOID\" rules=\"NONE\" cellspacing=\"0\">\n<colgroup>\n<col width=\"186\" \/>\n<col width=\"236\" \/><\/colgroup>\n<tbody>\n<tr>\n<td align=\"LEFT\" width=\"186\" height=\"18\">Abteilung:<\/td>\n<td align=\"LEFT\" width=\"236\">Damen<\/td>\n<\/tr>\n<tr>\n<td align=\"LEFT\" height=\"18\">Akzente:<\/td>\n<td align=\"LEFT\">Knopf<\/td>\n<\/tr>\n<tr>\n<td align=\"LEFT\" height=\"18\">Anlass:<\/td>\n<td align=\"LEFT\">Business, Freizeit, Reise<\/td>\n<\/tr>\n<tr>\n<td align=\"LEFT\" height=\"18\">Au\u00dfenmaterial:<\/td>\n<td align=\"LEFT\">Wolle, Polyester, Polyamid, Polyacryl<\/td>\n<\/tr>\n<tr>\n<td align=\"LEFT\" height=\"18\">Funkcje specjalne:<\/td>\n<td align=\"LEFT\">Ko\u0142nierz z klapami<\/td>\n<\/tr>\n<tr>\n<td align=\"LEFT\" height=\"18\">Charakter:<\/td>\n<td align=\"LEFT\">ohne<\/td>\n<\/tr>\n<tr>\n<td align=\"LEFT\" height=\"18\">Kolor:<\/td>\n<td align=\"LEFT\">Czarny<\/td>\n<\/tr>\n<tr>\n<td align=\"LEFT\" height=\"18\">Futtermaterial:<\/td>\n<td align=\"LEFT\">Poliester, wiskoza<\/td>\n<\/tr>\n<tr>\n<td align=\"LEFT\" height=\"18\">Gewebeart:<\/td>\n<td align=\"LEFT\">Mischgewebe<\/td>\n<\/tr>\n<tr>\n<td align=\"LEFT\" height=\"18\">Gr\u00f6\u00dfenkategorie:<\/td>\n<td align=\"LEFT\">Normalgr\u00f6\u00dfe<\/td>\n<\/tr>\n<tr>\n<td align=\"LEFT\" height=\"18\">Jacken-\/Mantell\u00e4nge:<\/td>\n<td align=\"LEFT\">D\u0142ugi<\/td>\n<\/tr>\n<tr>\n<td align=\"LEFT\" height=\"18\">Jahreszeit:<\/td>\n<td align=\"LEFT\">Herbst, Winter<\/td>\n<\/tr>\n<tr>\n<td align=\"LEFT\" height=\"18\">Marke:<\/td>\n<td align=\"LEFT\">Mango<\/td>\n<\/tr>\n<tr>\n<td align=\"LEFT\" height=\"18\">Modell:<\/td>\n<td align=\"LEFT\">Abrigo Boy<\/td>\n<\/tr>\n<tr>\n<td align=\"LEFT\" height=\"18\">Wz\u00f3r:<\/td>\n<td align=\"LEFT\">Ohne Muster<\/td>\n<\/tr>\n<tr>\n<td align=\"LEFT\" height=\"18\">Produktart:<\/td>\n<td align=\"LEFT\">Mantel<\/td>\n<\/tr>\n<tr>\n<td align=\"LEFT\" height=\"18\">Stil:<\/td>\n<td align=\"LEFT\">Mantel<\/td>\n<\/tr>\n<tr>\n<td align=\"LEFT\" height=\"18\">Thema:<\/td>\n<td align=\"LEFT\">Klassisch<\/td>\n<\/tr>\n<tr>\n<td align=\"LEFT\" height=\"18\">Verschluss:<\/td>\n<td align=\"LEFT\">Knopf<\/td>\n<\/tr>\n<tr>\n<td align=\"LEFT\" height=\"18\">Vintage:<\/td>\n<td align=\"LEFT\">Nein<\/td>\n<\/tr>\n<\/tbody>\n<\/table>","protected":false},"featured_media":78339,"comment_status":"open","ping_status":"closed","template":"","meta":{"_seopress_robots_primary_cat":"","_seopress_titles_title":"","_seopress_titles_desc":"","_seopress_robots_index":""},"product_brand":[],"product_cat":[1348,1354,1355,1356],"product_tag":[],"class_list":{"0":"post-78220","1":"product","2":"type-product","3":"status-publish","4":"has-post-thumbnail","6":"product_cat-damen-mode","7":"product_cat-jacken-maentel","8":"product_cat-maentel","9":"product_cat-wintermaentel","10":"product_shipping_class-standard-versand","12":"first","13":"instock","14":"sale","15":"taxable","16":"shipping-taxable","17":"purchasable","18":"product-type-simple"},"_links":{"self":[{"href":"https:\/\/www.soanam.de\/pl\/wp-json\/wp\/v2\/product\/78220","targetHints":{"allow":["GET"]}}],"collection":[{"href":"https:\/\/www.soanam.de\/pl\/wp-json\/wp\/v2\/product"}],"about":[{"href":"https:\/\/www.soanam.de\/pl\/wp-json\/wp\/v2\/types\/product"}],"replies":[{"embeddable":true,"href":"https:\/\/www.soanam.de\/pl\/wp-json\/wp\/v2\/comments?post=78220"}],"wp:featuredmedia":[{"embeddable":true,"href":"https:\/\/www.soanam.de\/pl\/wp-json\/wp\/v2\/media\/78339"}],"wp:attachment":[{"href":"https:\/\/www.soanam.de\/pl\/wp-json\/wp\/v2\/media?parent=78220"}],"wp:term":[{"taxonomy":"product_brand","embeddable":true,"href":"https:\/\/www.soanam.de\/pl\/wp-json\/wp\/v2\/product_brand?post=78220"},{"taxonomy":"product_cat","embeddable":true,"href":"https:\/\/www.soanam.de\/pl\/wp-json\/wp\/v2\/product_cat?post=78220"},{"taxonomy":"product_tag","embeddable":true,"href":"https:\/\/www.soanam.de\/pl\/wp-json\/wp\/v2\/product_tag?post=78220"}],"curies":[{"name":"wp","href":"https:\/\/api.w.org\/{rel}","templated":true}]}}