{"id":78083,"date":"2023-12-13T21:06:57","date_gmt":"2023-12-13T20:06:57","guid":{"rendered":"https:\/\/www.soanam.de\/?post_type=product&#038;p=78083"},"modified":"2023-12-13T21:13:44","modified_gmt":"2023-12-13T20:13:44","slug":"lekka-pikowana-kamizelka-krotka-z-kieszeniami-puchowe-wypelnienie-w-kolorze-kitt-rozmiar-44","status":"publish","type":"product","link":"https:\/\/www.soanam.de\/pl\/produkt\/leichte-steppweste-kurz-mit-taschen-daunenfuellung-in-der-farbe-kitt-gr-44\/","title":{"rendered":"Lekka kamizelka pikowana, kr\u00f3tka, z kieszeniami, wype\u0142nienie puchowe, w kolorze putty, rozmiar 44"},"content":{"rendered":"<h3>Opis<\/h3>\n<p>Ulubiony element, kt\u00f3ry b\u0119dzie Ci towarzyszy\u0142 podczas wielu wycieczek i zaj\u0119\u0107 rekreacyjnych. Nie tylko funkcjonalne w\u0142a\u015bciwo\u015bci sprawiaj\u0105, \u017ce ta pikowana kamizelka jest tak popularna, ale tak\u017ce jej niesko\u0144czona wszechstronno\u015b\u0107 - zar\u00f3wno podczas uprawiania sportu, w\u0119dr\u00f3wek, jak i wycieczek po mie\u015bcie. Szybko narzucona na koszul\u0119, nadaje strojowi sportowy i modny wygl\u0105d. Mi\u0119kkie wype\u0142nienie z puchu i pierza zapewnia przyjemne i przytulne ciep\u0142o. Kamizelka w swobodnym, kr\u00f3tkim stylu ma wysok\u0105 st\u00f3jk\u0119, naszywane kieszenie z patkami i dwukierunkowy zamek b\u0142yskawiczny ze \u015bci\u0105gaczem M. Tonalna podszewka i elegancka zawieszka na \u0142a\u0144cuszku Madeleine dope\u0142niaj\u0105 ca\u0142o\u015bci.<\/p>\n<p><strong>Wymiary produktu<\/strong><\/p>\n<p>D\u0142ugo\u015b\u0107 ok. 54 cm, powy\u017cej bioder.<\/p>\n<p><strong>Materia\u0142<br \/>\n<\/strong><br \/>\nMateria\u0142 cholewki: poliamid 100%.<br \/>\nWype\u0142nienie: puch 90%, pierze 10%.<br \/>\nPodszewka: poliester 55%, wiskoza 45%.<\/p>\n<p><strong>Opieka<br \/>\n<\/strong><br \/>\nZmywalny<\/p>","protected":false},"excerpt":{"rendered":"<h3>Artikelmerkmale<\/h3>\n<p>Stan produktu: Nowy z etykiet\u0105: Nowy, nieu\u017cywany i nienoszony produkt w oryginalnym opakowaniu.<\/p>\n<table border=\"0\" frame=\"VOID\" rules=\"NONE\" cellspacing=\"0\">\n<colgroup>\n<col width=\"116\" \/>\n<col width=\"152\" \/><\/colgroup>\n<tbody>\n<tr>\n<td align=\"LEFT\" width=\"116\" height=\"19\">Abteilung:<\/td>\n<td align=\"LEFT\" width=\"152\">Damen<\/td>\n<\/tr>\n<tr>\n<td align=\"LEFT\" height=\"19\">Akzente:<\/td>\n<td align=\"LEFT\">Gesteppt<\/td>\n<\/tr>\n<tr>\n<td align=\"LEFT\" height=\"19\">Anlass:<\/td>\n<td align=\"LEFT\">Freizeit<\/td>\n<\/tr>\n<tr>\n<td align=\"LEFT\" height=\"19\">Au\u00dfenmaterial:<\/td>\n<td align=\"LEFT\">Polyamid<\/td>\n<\/tr>\n<tr>\n<td align=\"LEFT\" height=\"19\">Funkcje specjalne:<\/td>\n<td align=\"LEFT\">Torby<\/td>\n<\/tr>\n<tr>\n<td align=\"LEFT\" height=\"19\">Charakter:<\/td>\n<td align=\"LEFT\">ohne<\/td>\n<\/tr>\n<tr>\n<td align=\"LEFT\" height=\"19\">EAN:<\/td>\n<td align=\"LEFT\">nichtzutreffend<\/td>\n<\/tr>\n<tr>\n<td align=\"LEFT\" height=\"19\">Kolor:<\/td>\n<td align=\"LEFT\">Be\u017cowy<\/td>\n<\/tr>\n<tr>\n<td align=\"LEFT\" height=\"19\">Futtermaterial:<\/td>\n<td align=\"LEFT\">Poliester<\/td>\n<\/tr>\n<tr>\n<td align=\"LEFT\" height=\"19\">Gewebeart:<\/td>\n<td align=\"LEFT\">Nylon<\/td>\n<\/tr>\n<tr>\n<td align=\"LEFT\" height=\"19\">Gr\u00f6\u00dfe:<\/td>\n<td align=\"LEFT\">44<\/td>\n<\/tr>\n<tr>\n<td align=\"LEFT\" height=\"19\">Gr\u00f6\u00dfenkategorie:<\/td>\n<td align=\"LEFT\">Normalgr\u00f6\u00dfe<\/td>\n<\/tr>\n<tr>\n<td align=\"LEFT\" height=\"19\">Isoliermaterial:<\/td>\n<td align=\"LEFT\">W d\u00f3\u0142<\/td>\n<\/tr>\n<tr>\n<td align=\"LEFT\" height=\"19\">Jacken-\/Mantell\u00e4nge:<\/td>\n<td align=\"LEFT\">Kurz<\/td>\n<\/tr>\n<tr>\n<td align=\"LEFT\" height=\"19\">Jahreszeit:<\/td>\n<td align=\"LEFT\">Fr\u00fchling, Herbst, Winter<\/td>\n<\/tr>\n<tr>\n<td align=\"LEFT\" height=\"19\">Marke:<\/td>\n<td align=\"LEFT\">Niemarkowe<\/td>\n<\/tr>\n<tr>\n<td align=\"LEFT\" height=\"19\">Modell:<\/td>\n<td align=\"LEFT\">ohne Angabe<\/td>\n<\/tr>\n<tr>\n<td align=\"LEFT\" height=\"19\">Wz\u00f3r:<\/td>\n<td align=\"LEFT\">Ohne Muster<\/td>\n<\/tr>\n<tr>\n<td align=\"LEFT\" height=\"19\">Produktart:<\/td>\n<td align=\"LEFT\">Weste<\/td>\n<\/tr>\n<tr>\n<td align=\"LEFT\" height=\"19\">Stil:<\/td>\n<td align=\"LEFT\">Steppweste<\/td>\n<\/tr>\n<tr>\n<td align=\"LEFT\" height=\"19\">Thema:<\/td>\n<td align=\"LEFT\">Outdoor<\/td>\n<\/tr>\n<tr>\n<td align=\"LEFT\" height=\"19\">Verschluss:<\/td>\n<td align=\"LEFT\">Zamek b\u0142yskawiczny<\/td>\n<\/tr>\n<tr>\n<td align=\"LEFT\" height=\"19\">Vintage:<\/td>\n<td align=\"LEFT\">Nein<\/td>\n<\/tr>\n<\/tbody>\n<\/table>","protected":false},"featured_media":78204,"comment_status":"open","ping_status":"closed","template":"","meta":{"_seopress_robots_primary_cat":"","_seopress_titles_title":"","_seopress_titles_desc":"","_seopress_robots_index":""},"product_brand":[],"product_cat":[1348,1354,1480],"product_tag":[],"class_list":{"0":"post-78083","1":"product","2":"type-product","3":"status-publish","4":"has-post-thumbnail","6":"product_cat-damen-mode","7":"product_cat-jacken-maentel","8":"product_cat-westen-jacken-maentel","9":"product_shipping_class-standard-versand","11":"first","12":"instock","13":"sale","14":"taxable","15":"shipping-taxable","16":"purchasable","17":"product-type-simple"},"_links":{"self":[{"href":"https:\/\/www.soanam.de\/pl\/wp-json\/wp\/v2\/product\/78083","targetHints":{"allow":["GET"]}}],"collection":[{"href":"https:\/\/www.soanam.de\/pl\/wp-json\/wp\/v2\/product"}],"about":[{"href":"https:\/\/www.soanam.de\/pl\/wp-json\/wp\/v2\/types\/product"}],"replies":[{"embeddable":true,"href":"https:\/\/www.soanam.de\/pl\/wp-json\/wp\/v2\/comments?post=78083"}],"wp:featuredmedia":[{"embeddable":true,"href":"https:\/\/www.soanam.de\/pl\/wp-json\/wp\/v2\/media\/78204"}],"wp:attachment":[{"href":"https:\/\/www.soanam.de\/pl\/wp-json\/wp\/v2\/media?parent=78083"}],"wp:term":[{"taxonomy":"product_brand","embeddable":true,"href":"https:\/\/www.soanam.de\/pl\/wp-json\/wp\/v2\/product_brand?post=78083"},{"taxonomy":"product_cat","embeddable":true,"href":"https:\/\/www.soanam.de\/pl\/wp-json\/wp\/v2\/product_cat?post=78083"},{"taxonomy":"product_tag","embeddable":true,"href":"https:\/\/www.soanam.de\/pl\/wp-json\/wp\/v2\/product_tag?post=78083"}],"curies":[{"name":"wp","href":"https:\/\/api.w.org\/{rel}","templated":true}]}}