{"id":78039,"date":"2023-12-13T21:05:30","date_gmt":"2023-12-13T20:05:30","guid":{"rendered":"https:\/\/www.soanam.de\/?post_type=product&#038;p=78039"},"modified":"2023-12-13T21:12:39","modified_gmt":"2023-12-13T20:12:39","slug":"diesel-sleenker-jeans-men-slim-fit-069gc-blue-dark-wash-gr-33","status":"publish","type":"product","link":"https:\/\/www.soanam.de\/pl\/produkt\/diesel-sleenker-herren-jeans-slim-fit-069gc-blue-dark-wash-gr-33\/","title":{"rendered":"Diesel SLEENKER - Herren Jeans Slim Fit 069gc, blue dark wash, Gr. 33"},"content":{"rendered":"<h3>Opis<\/h3>\n<p>SLEENKER - Jeans Slim Fit<\/p>\n<p>Materia\u0142 i instrukcje dotycz\u0105ce piel\u0119gnacji<\/p>\n<p>Material Oberstoff: 98% Baumwolle, 2% Elasthan<br \/>\nMateria\u0142 wykonania: Denim<br \/>\nNietekstylne cz\u0119\u015bci pochodzenia zwierz\u0119cego: Tak<br \/>\nWskaz\u00f3wki dotycz\u0105ce piel\u0119gnacji: Nie suszy\u0107 w suszarce b\u0119bnowej, pra\u0107 w pralce w temperaturze 30\u00b0C, cykl delikatny<\/p>\n<p>Wi\u0119cej informacji o tym produkcie<\/p>\n<p>Five-Pocket-Style, Used Look, Destroyed-Effekte, Echtlederpatch am r\u00fcckseitigen Bund<br \/>\nWysoko\u015b\u0107 talii: normalna<br \/>\nVerschluss: Button-Fly<br \/>\nKieszenie w spodniach: Kieszenie tylne, kieszenie boczne<\/p>\n<p>Modelgr\u00f6\u00dfe: Unser Model ist 183 cm gro\u00df und tr\u00e4gt Gr\u00f6\u00dfe 32x32<br \/>\nKr\u00f3j: Slim fit<br \/>\nD\u0142ugo\u015b\u0107: d\u0142ugi<br \/>\nBeininnenl\u00e4nge: 85 cm bei Gr\u00f6\u00dfe 32x32<br \/>\nBeinau\u00dfenl\u00e4nge: 108 cm bei Gr\u00f6\u00dfe 32x32<\/p>","protected":false},"excerpt":{"rendered":"<h3>Artikelmerkmale<\/h3>\n<p>Stan produktu: Nowy z etykiet\u0105: Nowy, nieu\u017cywany i nienoszony produkt w oryginalnym opakowaniu.<\/p>\n<table border=\"0\" frame=\"VOID\" rules=\"NONE\" cellspacing=\"0\">\n<colgroup>\n<col width=\"133\" \/>\n<col width=\"267\" \/><\/colgroup>\n<tbody>\n<tr>\n<td align=\"LEFT\" width=\"133\" height=\"18\">Abteilung:<\/td>\n<td align=\"LEFT\" width=\"267\">Herren<\/td>\n<\/tr>\n<tr>\n<td align=\"LEFT\" height=\"18\">Funkcje specjalne:<\/td>\n<td align=\"LEFT\">Torby<\/td>\n<\/tr>\n<tr>\n<td align=\"LEFT\" height=\"18\">Bundh\u00f6he:<\/td>\n<td align=\"LEFT\">\u015aredni<\/td>\n<\/tr>\n<tr>\n<td align=\"LEFT\" height=\"18\">Kolor:<\/td>\n<td align=\"LEFT\">Niebieski<\/td>\n<\/tr>\n<tr>\n<td align=\"LEFT\" height=\"18\">Gewebeart:<\/td>\n<td align=\"LEFT\">Denim<\/td>\n<\/tr>\n<tr>\n<td align=\"LEFT\" height=\"18\">Gr\u00f6\u00dfe:<\/td>\n<td align=\"LEFT\">W33 x L 32<\/td>\n<\/tr>\n<tr>\n<td align=\"LEFT\" height=\"18\">Gr\u00f6\u00dfenkategorie:<\/td>\n<td align=\"LEFT\">Normalgr\u00f6\u00dfe<\/td>\n<\/tr>\n<tr>\n<td align=\"LEFT\" height=\"18\">Herstellungsland und -region:<\/td>\n<td align=\"LEFT\">Unbekannt<\/td>\n<\/tr>\n<tr>\n<td align=\"LEFT\" height=\"18\">Jahreszeit:<\/td>\n<td align=\"LEFT\">Fr\u00fchling, Herbst, Sommer, Winter<\/td>\n<\/tr>\n<tr>\n<td align=\"LEFT\" height=\"18\">L\u00e4nge:<\/td>\n<td align=\"LEFT\">Regular<\/td>\n<\/tr>\n<tr>\n<td align=\"LEFT\" height=\"18\">Marke:<\/td>\n<td align=\"LEFT\">Diesel<\/td>\n<\/tr>\n<tr>\n<td align=\"LEFT\" height=\"18\">Materia\u0142:<\/td>\n<td align=\"LEFT\">Denim<\/td>\n<\/tr>\n<tr>\n<td align=\"LEFT\" height=\"18\">Modell:<\/td>\n<td align=\"LEFT\">Diesel Sleenker<\/td>\n<\/tr>\n<tr>\n<td align=\"LEFT\" height=\"18\">Modifizierter Artikel:<\/td>\n<td align=\"LEFT\">Nein<\/td>\n<\/tr>\n<tr>\n<td align=\"LEFT\" height=\"18\">Passform:<\/td>\n<td align=\"LEFT\">Slim<\/td>\n<\/tr>\n<tr>\n<td align=\"LEFT\" height=\"18\">Produktart:<\/td>\n<td align=\"LEFT\">D\u017cinsy<\/td>\n<\/tr>\n<tr>\n<td align=\"LEFT\" height=\"18\">Produktlinie:<\/td>\n<td align=\"LEFT\">ohne Angabe<\/td>\n<\/tr>\n<tr>\n<td align=\"LEFT\" height=\"18\">Schrittl\u00e4nge:<\/td>\n<td align=\"LEFT\">L 32<\/td>\n<\/tr>\n<tr>\n<td align=\"LEFT\" height=\"18\">Stil:<\/td>\n<td align=\"LEFT\">Slim<\/td>\n<\/tr>\n<tr>\n<td align=\"LEFT\" height=\"18\">Taillenumfang:<\/td>\n<td align=\"LEFT\">W 33<\/td>\n<\/tr>\n<tr>\n<td align=\"LEFT\" height=\"18\">Textilpflege:<\/td>\n<td align=\"LEFT\">Pranie w pralce<\/td>\n<\/tr>\n<tr>\n<td align=\"LEFT\" height=\"18\">Thema:<\/td>\n<td align=\"LEFT\">Klassisch<\/td>\n<\/tr>\n<tr>\n<td align=\"LEFT\" height=\"18\">Verschluss:<\/td>\n<td align=\"LEFT\">Zapinany na guziki<\/td>\n<\/tr>\n<tr>\n<td align=\"LEFT\" height=\"18\">Vintage:<\/td>\n<td align=\"LEFT\">Nein<\/td>\n<\/tr>\n<tr>\n<td align=\"LEFT\" height=\"18\">Waschung:<\/td>\n<td align=\"LEFT\">Dunkel<\/td>\n<\/tr>\n<\/tbody>\n<\/table>","protected":false},"featured_media":78156,"comment_status":"open","ping_status":"closed","template":"","meta":{"_seopress_robots_primary_cat":"","_seopress_titles_title":"","_seopress_titles_desc":"","_seopress_robots_index":""},"product_brand":[],"product_cat":[1345,1346,1347],"product_tag":[],"class_list":{"0":"post-78039","1":"product","2":"type-product","3":"status-publish","4":"has-post-thumbnail","6":"product_cat-herrenmode","7":"product_cat-hosen","8":"product_cat-jeans","9":"product_shipping_class-standard-versand","11":"first","12":"instock","13":"sale","14":"taxable","15":"shipping-taxable","16":"purchasable","17":"product-type-simple"},"_links":{"self":[{"href":"https:\/\/www.soanam.de\/pl\/wp-json\/wp\/v2\/product\/78039","targetHints":{"allow":["GET"]}}],"collection":[{"href":"https:\/\/www.soanam.de\/pl\/wp-json\/wp\/v2\/product"}],"about":[{"href":"https:\/\/www.soanam.de\/pl\/wp-json\/wp\/v2\/types\/product"}],"replies":[{"embeddable":true,"href":"https:\/\/www.soanam.de\/pl\/wp-json\/wp\/v2\/comments?post=78039"}],"wp:featuredmedia":[{"embeddable":true,"href":"https:\/\/www.soanam.de\/pl\/wp-json\/wp\/v2\/media\/78156"}],"wp:attachment":[{"href":"https:\/\/www.soanam.de\/pl\/wp-json\/wp\/v2\/media?parent=78039"}],"wp:term":[{"taxonomy":"product_brand","embeddable":true,"href":"https:\/\/www.soanam.de\/pl\/wp-json\/wp\/v2\/product_brand?post=78039"},{"taxonomy":"product_cat","embeddable":true,"href":"https:\/\/www.soanam.de\/pl\/wp-json\/wp\/v2\/product_cat?post=78039"},{"taxonomy":"product_tag","embeddable":true,"href":"https:\/\/www.soanam.de\/pl\/wp-json\/wp\/v2\/product_tag?post=78039"}],"curies":[{"name":"wp","href":"https:\/\/api.w.org\/{rel}","templated":true}]}}