{"id":77761,"date":"2023-12-13T20:59:58","date_gmt":"2023-12-13T19:59:58","guid":{"rendered":"https:\/\/www.soanam.de\/?post_type=product&#038;p=77761"},"modified":"2023-12-13T21:02:34","modified_gmt":"2023-12-13T20:02:34","slug":"worek-sizalowy-na-staly-szampon-lub-mydlo-wykonany-z-naturalnych-wlokien-14-x-95-cm","status":"publish","type":"product","link":"https:\/\/www.soanam.de\/pl\/produkt\/sisalsaeckchen-fuer-festes-shampoo-oder-seife-aus-naturfasern-14-x-95-cm\/","title":{"rendered":"Woreczek sizalowy na sta\u0142y szampon lub myd\u0142o, wykonany z naturalnych w\u0142\u00f3kien, 14 x 9,5 cm"},"content":{"rendered":"<h3><strong>Opis produktu<\/strong><\/h3>\n<p>Worek sizalowy wykonany z naturalnych w\u0142\u00f3kien jest naprawd\u0119 wszechstronny i stanowi idealne uzupe\u0142nienie naszych solidnych szampon\u00f3w.<\/p>\n<p>Nasza sizalowa torba jest idealna do przechowywania i u\u017cywania sta\u0142ego szamponu, myd\u0142a lub pozosta\u0142o\u015bci szamponu.<br \/>\nPodczas aplikacji w saszetce sta\u0142y szampon jest cudownie spieniony przez struktur\u0119 naturalnego w\u0142\u00f3kna, dzi\u0119ki czemu utrzymuje si\u0119 jeszcze d\u0142u\u017cej.<\/p>\n<p>Ale torba jest r\u00f3wnie\u017c wszechstronna i jest idealnym towarzyszem podczas podr\u00f3\u017cy jako opakowanie transportowe lub opcja przechowywania.<\/p>\n<p>Wymiary: 14 cm (wysoko\u015b\u0107) x 9,5 cm (szeroko\u015b\u0107)<\/p>\n<p>Zakres dostawy: 1 worek sizalowy, pokazane szampony nie s\u0105 do\u0142\u0105czone.<\/p>","protected":false},"excerpt":{"rendered":"<p>Artikelmerkmale<\/p>\n<p>Artikelzustand: Neu: - Neuer, unbenutzter und unbesch\u00e4digter Artikel in der unge\u00f6ffneten Verpackung<\/p>\n<table style=\"border-collapse: collapse;width: 432pt\" width=\"576\">\n<tbody>\n<tr style=\"height: 15.0pt\">\n<td class=\"xl65\" style=\"width: 193pt;height: 15.0pt\" width=\"257\" height=\"20\">Funkcje specjalne:<\/td>\n<td class=\"xl65\" style=\"width: 239pt\" width=\"319\">Reines Naturprodukt<\/td>\n<\/tr>\n<tr style=\"height: 15.0pt\">\n<td class=\"xl65\" style=\"height: 15.0pt\" height=\"20\">Kolor:<\/td>\n<td class=\"xl65\">Natura<\/td>\n<\/tr>\n<tr style=\"height: 15.0pt\">\n<td class=\"xl65\" style=\"height: 15.0pt\" height=\"20\">Gr\u00f6\u00dfe:<\/td>\n<td class=\"xl65\">Medium<\/td>\n<\/tr>\n<tr style=\"height: 15.0pt\">\n<td class=\"xl65\" style=\"height: 15.0pt\" height=\"20\">Marke:<\/td>\n<td class=\"xl65\">PonyHat<\/td>\n<\/tr>\n<tr style=\"height: 15.0pt\">\n<td class=\"xl65\" style=\"height: 15.0pt\" height=\"20\">Produktart:<\/td>\n<td class=\"xl65\">Seifens\u00e4ckchen<\/td>\n<\/tr>\n<\/tbody>\n<\/table>","protected":false},"featured_media":77885,"comment_status":"open","ping_status":"closed","template":"","meta":{"_seopress_robots_primary_cat":"","_seopress_titles_title":"","_seopress_titles_desc":"","_seopress_robots_index":""},"product_brand":[],"product_cat":[1442,1449],"product_tag":[],"class_list":{"0":"post-77761","1":"product","2":"type-product","3":"status-publish","4":"has-post-thumbnail","6":"product_cat-kosmetik","7":"product_cat-sonstiges-kosmetik","8":"product_shipping_class-standard-versand","10":"first","11":"instock","12":"sale","13":"taxable","14":"shipping-taxable","15":"purchasable","16":"product-type-simple"},"_links":{"self":[{"href":"https:\/\/www.soanam.de\/pl\/wp-json\/wp\/v2\/product\/77761","targetHints":{"allow":["GET"]}}],"collection":[{"href":"https:\/\/www.soanam.de\/pl\/wp-json\/wp\/v2\/product"}],"about":[{"href":"https:\/\/www.soanam.de\/pl\/wp-json\/wp\/v2\/types\/product"}],"replies":[{"embeddable":true,"href":"https:\/\/www.soanam.de\/pl\/wp-json\/wp\/v2\/comments?post=77761"}],"wp:featuredmedia":[{"embeddable":true,"href":"https:\/\/www.soanam.de\/pl\/wp-json\/wp\/v2\/media\/77885"}],"wp:attachment":[{"href":"https:\/\/www.soanam.de\/pl\/wp-json\/wp\/v2\/media?parent=77761"}],"wp:term":[{"taxonomy":"product_brand","embeddable":true,"href":"https:\/\/www.soanam.de\/pl\/wp-json\/wp\/v2\/product_brand?post=77761"},{"taxonomy":"product_cat","embeddable":true,"href":"https:\/\/www.soanam.de\/pl\/wp-json\/wp\/v2\/product_cat?post=77761"},{"taxonomy":"product_tag","embeddable":true,"href":"https:\/\/www.soanam.de\/pl\/wp-json\/wp\/v2\/product_tag?post=77761"}],"curies":[{"name":"wp","href":"https:\/\/api.w.org\/{rel}","templated":true}]}}