{"id":77486,"date":"2023-12-13T20:53:32","date_gmt":"2023-12-13T19:53:32","guid":{"rendered":"https:\/\/www.soanam.de\/?post_type=product&#038;p=77486"},"modified":"2023-12-13T20:57:12","modified_gmt":"2023-12-13T19:57:12","slug":"meska-welniana-kurtka-polarowa-hessnatur-wykonana-z-czystej-welny-sznurkowej-w-kolorze-antracytowym","status":"publish","type":"product","link":"https:\/\/www.soanam.de\/pl\/produkt\/hessnatur-herren-wollfleese-jacke-aus-reiner-schnurwolle-anthrazit\/","title":{"rendered":"M\u0119ska we\u0142niana kurtka polarowa Hessnatur wykonana z czystej we\u0142ny sznurkowej, antracytowa"},"content":{"rendered":"<h3>Opis<\/h3>\n<p>Funkcjonalny polar wykonany z czystych w\u0142\u00f3kien naturalnych<br \/>\nOrganiczna we\u0142na merynosowa z funkcj\u0105 kontroli klimatu<br \/>\nWysoka pojemno\u015b\u0107 cieplna, a jednocze\u015bnie bardzo niska waga<br \/>\nDynamiczne szwy dziel\u0105ce<br \/>\nZintegrowane kieszenie na zamek b\u0142yskawiczny<br \/>\nKlapa przeciwwiatrowa i os\u0142ona podbr\u00f3dka na zamku b\u0142yskawicznym<br \/>\nSt\u00f3jka: wewn\u0105trz przyjazna dla sk\u00f3ry bawe\u0142na organiczna<\/p>\n<p><strong>Dopasowanie<\/strong><br \/>\nOko\u0142o 73 cm d\u0142ugo\u015bci w rozmiarze 48<\/p>\n<p><strong>Materia\u0142<\/strong><br \/>\n100% We\u0142na dziewicza<br \/>\nz ekologicznej hodowli zwierz\u0105t<\/p>\n<p><strong>Opieka<\/strong><br \/>\nZalecane pranie r\u0119czne na zimno<\/p>","protected":false},"excerpt":{"rendered":"<h3>Artikelmerkmale<\/h3>\n<p>Stan produktu: Nowy z etykiet\u0105: Nowy, nieu\u017cywany i nienoszony produkt w oryginalnym opakowaniu.<br \/>\nAbteilung: Herren<br \/>\nAktivit\u00e4t: Spazieren<br \/>\nAnlass: Freizeit<br \/>\nAu\u00dfenmaterial: Wolle<br \/>\nBesonderheiten: aus biologischer Tierhaltung<br \/>\nEAN: nichtzutreffend<br \/>\nFarbe: Grau<br \/>\nFuttermaterial: nicht zutreffend<br \/>\nGewebeart: Fleece<br \/>\nRozmiar: 48<br \/>\nGr\u00f6\u00dfenkategorie: Normalgr\u00f6\u00dfe<br \/>\nIsoliermaterial: nicht zutreffend<br \/>\nJahreszeit: Fr\u00fchling, Herbst<br \/>\nMarke: Hessnatur<br \/>\nMuster: Ohne Muster<br \/>\nTyp produktu: Kurtka<br \/>\nStil: Fleecejacke<br \/>\nThema: nat\u00fcrliche Qualit\u00e4t<br \/>\nZapi\u0119cie: zamek b\u0142yskawiczny<br \/>\nVintage: Nein<\/p>","protected":false},"featured_media":77626,"comment_status":"open","ping_status":"closed","template":"","meta":{"_seopress_robots_primary_cat":"","_seopress_titles_title":"","_seopress_titles_desc":"","_seopress_robots_index":""},"product_brand":[],"product_cat":[1345,1363,1413],"product_tag":[],"class_list":{"0":"post-77486","1":"product","2":"type-product","3":"status-publish","4":"has-post-thumbnail","6":"product_cat-herrenmode","7":"product_cat-jacken-maentel-herrenmode","8":"product_cat-fleecejacken","9":"product_shipping_class-standard-versand","11":"first","12":"instock","13":"sale","14":"taxable","15":"shipping-taxable","16":"purchasable","17":"product-type-simple"},"_links":{"self":[{"href":"https:\/\/www.soanam.de\/pl\/wp-json\/wp\/v2\/product\/77486","targetHints":{"allow":["GET"]}}],"collection":[{"href":"https:\/\/www.soanam.de\/pl\/wp-json\/wp\/v2\/product"}],"about":[{"href":"https:\/\/www.soanam.de\/pl\/wp-json\/wp\/v2\/types\/product"}],"replies":[{"embeddable":true,"href":"https:\/\/www.soanam.de\/pl\/wp-json\/wp\/v2\/comments?post=77486"}],"wp:featuredmedia":[{"embeddable":true,"href":"https:\/\/www.soanam.de\/pl\/wp-json\/wp\/v2\/media\/77626"}],"wp:attachment":[{"href":"https:\/\/www.soanam.de\/pl\/wp-json\/wp\/v2\/media?parent=77486"}],"wp:term":[{"taxonomy":"product_brand","embeddable":true,"href":"https:\/\/www.soanam.de\/pl\/wp-json\/wp\/v2\/product_brand?post=77486"},{"taxonomy":"product_cat","embeddable":true,"href":"https:\/\/www.soanam.de\/pl\/wp-json\/wp\/v2\/product_cat?post=77486"},{"taxonomy":"product_tag","embeddable":true,"href":"https:\/\/www.soanam.de\/pl\/wp-json\/wp\/v2\/product_tag?post=77486"}],"curies":[{"name":"wp","href":"https:\/\/api.w.org\/{rel}","templated":true}]}}