{"id":77465,"date":"2023-12-13T20:52:55","date_gmt":"2023-12-13T19:52:55","guid":{"rendered":"https:\/\/www.soanam.de\/?post_type=product&#038;p=77465"},"modified":"2023-12-13T20:56:46","modified_gmt":"2023-12-13T19:56:46","slug":"tignanello-damska-skorzana-shopperka-czarna","status":"publish","type":"product","link":"https:\/\/www.soanam.de\/pl\/produkt\/tignanello-damen-echt-leder-shopper-schwarz\/","title":{"rendered":"Damska sk\u00f3rzana shopperka Tignanello, czarna"},"content":{"rendered":"<h3>Opis<\/h3>\n<p>Charmanter Shopper mit vielen Innentaschen<br \/>\nGeschenk, daher kein Etikett, jedoch Neu und Unbenutzt<\/p>\n<h3>szczeg\u00f3\u0142y<\/h3>\n<ul>\n<li>Magnetverschluss oben,<\/li>\n<li>Innentasche mit Rei\u00dfverschluss,<\/li>\n<li>3 gro\u00dfe Innenf\u00e4cher, gef\u00fcttert<\/li>\n<li>mehrere abgetrennte kleine Innenf\u00e4cher und Karten Slots<\/li>\n<li>Schultergurt abnehmbar<\/li>\n<li>2 Tragehenkel<\/li>\n<li>Closure: Magnetverschluss, Rei\u00dfverschluss<\/li>\n<li>Rei\u00dfverschlussfach au\u00dfen auf der R\u00fcckseite<\/li>\n<li>Logo vorn gepr\u00e4gt, mit Nieten<\/li>\n<\/ul>\n<p>Neupreis lag bei 239,00 Euro<\/p>\n<p><strong>Materia\u0142:<\/strong> Sk\u00f3ra<br \/>\n<strong>Futter:<\/strong> Poliester<br \/>\n<strong>Wymiary:<\/strong> 36 x 27 x 13 cm,<\/p>","protected":false},"excerpt":{"rendered":"<h3>Artikelmerkmale<\/h3>\n<p>Stan produktu: Nowy z etykiet\u0105: Nowy, nieu\u017cywany i nienoszony produkt w oryginalnym opakowaniu.<\/p>\n<p>Abteilung: Damen<br \/>\nAkzente: Logo, Nieten<br \/>\nAu\u00dfenfarbe: Schwarz<br \/>\nAu\u00dfenmaterial: Leder<br \/>\nBesonderheiten: Abnehmbare Tr\u00e4ger, Gef\u00fcttert, Innentaschen, Taschen<br \/>\nCharakter: ohne<br \/>\nEAN: nichtzutreffend<br \/>\nFuttermaterial: Polyester<br \/>\nGewebeart: Leder<br \/>\nGriff-\/Gurtmaterial: Leder<br \/>\nGriffstil: Doppelgriff, Schulterriemen<br \/>\nGr\u00f6\u00dfe: 36 x 27 x 13cm<br \/>\nInnenfutter-Farbe: Beige<br \/>\nMarke: Tignanello<br \/>\nMuster: Ohne Muster<br \/>\nProduktlinie: Eleganz<br \/>\nStil: Shopper<br \/>\nTaschenbreite: 27 cm<br \/>\nTaschenh\u00f6he: 36 cm<br \/>\nTaschentiefe: 13<br \/>\nThema: Adrett<br \/>\nVerschluss: Magnetverschluss<br \/>\nVintage: Nein<\/p>","protected":false},"featured_media":77601,"comment_status":"open","ping_status":"closed","template":"","meta":{"_seopress_robots_primary_cat":"","_seopress_titles_title":"","_seopress_titles_desc":"","_seopress_robots_index":""},"product_brand":[],"product_cat":[1348,1357,1358,1416,1418],"product_tag":[],"class_list":{"0":"post-77465","1":"product","2":"type-product","3":"status-publish","4":"has-post-thumbnail","6":"product_cat-damen-mode","7":"product_cat-accessoires","8":"product_cat-taschen","9":"product_cat-umhaengetaschen","10":"product_cat-einkaufstaschen","11":"product_shipping_class-standard-versand","13":"first","14":"instock","15":"sale","16":"taxable","17":"shipping-taxable","18":"purchasable","19":"product-type-simple"},"_links":{"self":[{"href":"https:\/\/www.soanam.de\/pl\/wp-json\/wp\/v2\/product\/77465","targetHints":{"allow":["GET"]}}],"collection":[{"href":"https:\/\/www.soanam.de\/pl\/wp-json\/wp\/v2\/product"}],"about":[{"href":"https:\/\/www.soanam.de\/pl\/wp-json\/wp\/v2\/types\/product"}],"replies":[{"embeddable":true,"href":"https:\/\/www.soanam.de\/pl\/wp-json\/wp\/v2\/comments?post=77465"}],"wp:featuredmedia":[{"embeddable":true,"href":"https:\/\/www.soanam.de\/pl\/wp-json\/wp\/v2\/media\/77601"}],"wp:attachment":[{"href":"https:\/\/www.soanam.de\/pl\/wp-json\/wp\/v2\/media?parent=77465"}],"wp:term":[{"taxonomy":"product_brand","embeddable":true,"href":"https:\/\/www.soanam.de\/pl\/wp-json\/wp\/v2\/product_brand?post=77465"},{"taxonomy":"product_cat","embeddable":true,"href":"https:\/\/www.soanam.de\/pl\/wp-json\/wp\/v2\/product_cat?post=77465"},{"taxonomy":"product_tag","embeddable":true,"href":"https:\/\/www.soanam.de\/pl\/wp-json\/wp\/v2\/product_tag?post=77465"}],"curies":[{"name":"wp","href":"https:\/\/api.w.org\/{rel}","templated":true}]}}