{"id":77240,"date":"2023-12-13T20:44:59","date_gmt":"2023-12-13T19:44:59","guid":{"rendered":"https:\/\/www.soanam.de\/?post_type=product&#038;p=77240"},"modified":"2023-12-13T20:50:04","modified_gmt":"2023-12-13T19:50:04","slug":"wrangler-stretch-jeans-straight-fit-black-w40xl30","status":"publish","type":"product","link":"https:\/\/www.soanam.de\/pl\/produkt\/wrangler-stretch-jeans-straight-fit-in-black-w40xl30\/","title":{"rendered":"D\u017cinsy stretch Wrangler o prostym kroju, w kolorze czarnym, W40xL30"},"content":{"rendered":"<p>D\u017cinsy Wrangler o regularnym kroju<br \/>\nProste dopasowanie\/prosty kszta\u0142t<br \/>\nProsta nogawka, normalna szeroko\u015b\u0107 uda<br \/>\nDoskona\u0142y komfort noszenia dzi\u0119ki rozci\u0105gliwo\u015bci<\/p>\n<p>Stylowe d\u017cinsy Wrangler wykonane z wytrzyma\u0142ego denimu ze stretchem dla wygodnego dopasowania.<br \/>\nKlasyczny styl z pi\u0119cioma kieszeniami b\u0142yszczy logo na prawej tylnej kieszeni, a spodnie s\u0105 zapinane na zamek b\u0142yskawiczny.<\/p>\n<p>Materia\u0142: bawe\u0142na 98%, elastan 2%<br \/>\nWskaz\u00f3wki dotycz\u0105ce piel\u0119gnacji: Mo\u017cna pra\u0107 w pralce w temperaturze 40\u00b0<\/p>\n<p>Kolor: czarny<br \/>\nRozmiar: W40 L30<\/p>\n<p>Rozmiar talii: 104 cm<br \/>\nObw\u00f3d bioder: 118 cm<br \/>\nD\u0142ugo\u015b\u0107 kroku: 76 cm<br \/>\nCa\u0142kowita d\u0142ugo\u015b\u0107: 107 cm<\/p>","protected":false},"excerpt":{"rendered":"<table class=\"dv_characteristicsTable\">\n<tbody>\n<tr>\n<td class=\"left\">Rozmiar<\/td>\n<td>40<\/td>\n<\/tr>\n<tr>\n<td class=\"left\">Hosenl\u00e4nge<\/td>\n<td>30<\/td>\n<\/tr>\n<tr>\n<td class=\"left\">Sk\u0142ad materia\u0142u<\/td>\n<td>Obermaterial: 98% Baumwolle, 2% Elasthan<\/td>\n<\/tr>\n<tr>\n<td class=\"left\">Materialeigenschaften<\/td>\n<td>Stretch<\/td>\n<\/tr>\n<tr>\n<td class=\"left\">Instrukcje dotycz\u0105ce piel\u0119gnacji<\/td>\n<td>Pranie w pralce<\/td>\n<\/tr>\n<tr>\n<td class=\"left\">Optik<\/td>\n<td>overdyed<\/td>\n<\/tr>\n<tr>\n<td class=\"left\">Stil<\/td>\n<td>klassisch<\/td>\n<\/tr>\n<tr>\n<td class=\"left\">Herstellerfarbbezeichnung<\/td>\n<td>black<\/td>\n<\/tr>\n<tr>\n<td class=\"left\">Kolor<\/td>\n<td>black<\/td>\n<\/tr>\n<tr>\n<td class=\"left\">Leibh\u00f6he<\/td>\n<td>sitzt in der Taille<\/td>\n<\/tr>\n<tr>\n<td class=\"left\">Bundabschluss<\/td>\n<td>normaler Saum<\/td>\n<\/tr>\n<tr>\n<td class=\"left\">Beinform<\/td>\n<td>gerade<\/td>\n<\/tr>\n<tr>\n<td class=\"left\">Dopasowanie<\/td>\n<td>normal<\/td>\n<\/tr>\n<tr>\n<td class=\"left\">Schnittform L\u00e4nge<\/td>\n<td>lang<\/td>\n<\/tr>\n<tr>\n<td class=\"left\">Torby<\/td>\n<td>M\u00fcnztasche<\/td>\n<\/tr>\n<tr>\n<td class=\"left\">Verschluss<\/td>\n<td>Zamek b\u0142yskawiczny<\/td>\n<\/tr>\n<tr>\n<td class=\"left\">Besondere Merkmale<\/td>\n<td>Straight-fit<\/td>\n<\/tr>\n<tr>\n<td class=\"left\">Gr\u00f6\u00dfenhinweis<\/td>\n<td>F\u00e4llt eng aus, bitte eine Gr\u00f6\u00dfe gr\u00f6\u00dfer bestellen.<\/td>\n<\/tr>\n<\/tbody>\n<\/table>\n<p>&nbsp;<\/p>","protected":false},"featured_media":77378,"comment_status":"open","ping_status":"closed","template":"","meta":{"_seopress_robots_primary_cat":"","_seopress_titles_title":"","_seopress_titles_desc":"","_seopress_robots_index":""},"product_brand":[],"product_cat":[1345,1346,1347],"product_tag":[],"class_list":{"0":"post-77240","1":"product","2":"type-product","3":"status-publish","4":"has-post-thumbnail","6":"product_cat-herrenmode","7":"product_cat-hosen","8":"product_cat-jeans","9":"product_shipping_class-standard-versand","11":"first","12":"instock","13":"sale","14":"taxable","15":"shipping-taxable","16":"purchasable","17":"product-type-simple"},"_links":{"self":[{"href":"https:\/\/www.soanam.de\/pl\/wp-json\/wp\/v2\/product\/77240","targetHints":{"allow":["GET"]}}],"collection":[{"href":"https:\/\/www.soanam.de\/pl\/wp-json\/wp\/v2\/product"}],"about":[{"href":"https:\/\/www.soanam.de\/pl\/wp-json\/wp\/v2\/types\/product"}],"replies":[{"embeddable":true,"href":"https:\/\/www.soanam.de\/pl\/wp-json\/wp\/v2\/comments?post=77240"}],"wp:featuredmedia":[{"embeddable":true,"href":"https:\/\/www.soanam.de\/pl\/wp-json\/wp\/v2\/media\/77378"}],"wp:attachment":[{"href":"https:\/\/www.soanam.de\/pl\/wp-json\/wp\/v2\/media?parent=77240"}],"wp:term":[{"taxonomy":"product_brand","embeddable":true,"href":"https:\/\/www.soanam.de\/pl\/wp-json\/wp\/v2\/product_brand?post=77240"},{"taxonomy":"product_cat","embeddable":true,"href":"https:\/\/www.soanam.de\/pl\/wp-json\/wp\/v2\/product_cat?post=77240"},{"taxonomy":"product_tag","embeddable":true,"href":"https:\/\/www.soanam.de\/pl\/wp-json\/wp\/v2\/product_tag?post=77240"}],"curies":[{"name":"wp","href":"https:\/\/api.w.org\/{rel}","templated":true}]}}