{"id":77009,"date":"2023-12-13T20:32:11","date_gmt":"2023-12-13T19:32:11","guid":{"rendered":"https:\/\/www.soanam.de\/?post_type=product&#038;p=77009"},"modified":"2023-12-13T20:35:00","modified_gmt":"2023-12-13T19:35:00","slug":"balenciaga-torba-z-gornym-uchwytem","status":"publish","type":"product","link":"https:\/\/www.soanam.de\/pl\/produkt\/balenciaga-top-handle-bag\/","title":{"rendered":"Torba z g\u00f3rnym uchwytem BALENCIAGA"},"content":{"rendered":"<div><span style=\"font-family: Arial;\"><b>BALENCIAGA <\/b><\/span><span style=\"font-family: Arial;\"><b>Wyt\u0142oczona klepsydra<br \/>\nTorba z g\u00f3rnym uchwytem z czystej sk\u00f3ry w kolorze be\u017cowym Nude<\/b><\/span><\/div>\n<div><span style=\"font-family: Arial;\">\u00a0<\/span><\/div>\n<div><span style=\"font-family: Arial;\">Ma\u0142a, kobieca torebka z odpinanym paskiem na rami\u0119 w kolorze pudrowego r\u00f3\u017cu<\/span><\/div>\n<div><span style=\"font-family: Arial;\">Z workiem na kurz chroni\u0105cym wysokiej jako\u015bci torb\u0119<\/span><\/div>\n<div><span style=\"font-family: Arial;\">\u00a0<\/span><\/div>\n<div><span style=\"font-family: Arial;\"><b>Cechy produktu<\/b><\/span><\/div>\n<div><span style=\"font-family: Arial;\">\u00a0<\/span><\/div>\n<div><span style=\"font-family: Arial;\"><b>Funkcje specjalne:<\/b><\/span><\/div>\n<ul>\n<li><span style=\"font-family: Arial;\">Kolor: be\u017cowy<\/span><\/li>\n<li><span style=\"font-family: Arial;\">Materia\u0142: sk\u00f3ra, metal<\/span><\/li>\n<li>Wymiary (szer. x wys. x g\u0142.): 23,0 x 14 x 10 cm<\/li>\n<li>(mierzone na dnie torby)<\/li>\n<li><span style=\"font-family: Arial;\">Waga: 505 g<\/span><\/li>\n<\/ul>\n<div><span style=\"font-family: Arial;\">\u00a0<\/span><\/div>\n<div><span style=\"font-family: Arial;\"><b>Na zewn\u0105trz:<\/b><\/span><\/div>\n<ul>\n<li><span style=\"font-family: Arial;\">Ziarnista sk\u00f3ra w kolorze pudrowym<\/span><\/li>\n<li>Klapa z zapi\u0119ciem magnetycznym<\/li>\n<li>jeden uchwyt (ok. 27 cm)<\/li>\n<li>jeden odpinany i regulowany pasek na rami\u0119 (ok. 55-112 cm)<\/li>\n<li>jedna kiesze\u0144 z ty\u0142u<\/li>\n<li>Metalowy emblemat z logo z przodu<\/li>\n<li>Metalowe detale w kolorze z\u0142otym, cz\u0119\u015bciowo grawerowane<\/li>\n<\/ul>\n<div><span style=\"font-family: Arial;\"><b>\u00a0<\/b><\/span><\/div>\n<div><span style=\"font-family: Arial;\"><b>Wewn\u0105trz:<\/b><\/span><\/div>\n<ul>\n<li><span style=\"font-family: Arial;\">Sk\u00f3rzana podszewka w kolorze pudrowym<\/span><\/li>\n<li>jedna komora g\u0142\u00f3wna<\/li>\n<li>jedna przegroda na zamek b\u0142yskawiczny<\/li>\n<li>Wyt\u0142oczone logo w kolorze z\u0142otym<\/li>\n<\/ul>","protected":false},"excerpt":{"rendered":"<p><strong>Artikelzustand:<\/strong><\/p>\n<p>Neu mit Etikett: Neuer, unbenutzter und nicht getragener Artikel in der Originalverpackung<\/p>\n<p><strong>Abteilung:<\/strong> Damen<br \/>\n<strong>Akzente:<\/strong> Schnallen<br \/>\n<strong>Au\u00dfenfarbe:<\/strong> Puderrosa<br \/>\n<strong>Au\u00dfenmaterial:<\/strong> Sk\u00f3ra<br \/>\n<strong>Balenciaga<\/strong><br \/>\n<strong>Funkcje specjalne:<\/strong> Abnehmbare Tr\u00e4gerMarke:<br \/>\n<strong>Charakter:<\/strong> ohne<br \/>\n<strong>EAN:<\/strong> nichtzutreffend<br \/>\n<strong>Futtermaterial:<\/strong> Sk\u00f3ra<br \/>\n<strong>Gewebeart:<\/strong> Sk\u00f3ra<br \/>\n<strong>Griff-\/Gurtmaterial:<\/strong> Sk\u00f3ra<br \/>\n<strong>Griffstil:<\/strong> Tragehenkel<br \/>\n<strong>Gr\u00f6\u00dfe:<\/strong> Klein<br \/>\n<strong>Innenfutter-Farbe:<\/strong> R\u00f3\u017cowy<br \/>\n<strong>Wz\u00f3r:<\/strong> Ohne Muster<br \/>\n<strong>Produktlinie:<\/strong> Balenciaga<br \/>\n<strong>Stil:<\/strong> Mini Henkeltasche<br \/>\n<strong>Taschenbreite:<\/strong> 23 cm<br \/>\n<strong>Taschenh\u00f6he:<\/strong> 14 cm<br \/>\n<strong>Taschentiefe:<\/strong> 10 cm<br \/>\n<strong>Thema:<\/strong> Designer<br \/>\n<strong>Verschluss:<\/strong> Zapi\u0119cie magnetyczne<br \/>\n<strong>Vintage:<\/strong> Nein<\/p>","protected":false},"featured_media":77072,"comment_status":"open","ping_status":"closed","template":"","meta":{"_seopress_robots_primary_cat":"","_seopress_titles_title":"","_seopress_titles_desc":"","_seopress_robots_index":""},"product_brand":[],"product_cat":[1348,1357,1358,1359],"product_tag":[],"class_list":{"0":"post-77009","1":"product","2":"type-product","3":"status-publish","4":"has-post-thumbnail","6":"product_cat-damen-mode","7":"product_cat-accessoires","8":"product_cat-taschen","9":"product_cat-abendtaschen","10":"product_shipping_class-standard-versand","12":"first","13":"instock","14":"sale","15":"taxable","16":"shipping-taxable","17":"purchasable","18":"product-type-simple"},"_links":{"self":[{"href":"https:\/\/www.soanam.de\/pl\/wp-json\/wp\/v2\/product\/77009","targetHints":{"allow":["GET"]}}],"collection":[{"href":"https:\/\/www.soanam.de\/pl\/wp-json\/wp\/v2\/product"}],"about":[{"href":"https:\/\/www.soanam.de\/pl\/wp-json\/wp\/v2\/types\/product"}],"replies":[{"embeddable":true,"href":"https:\/\/www.soanam.de\/pl\/wp-json\/wp\/v2\/comments?post=77009"}],"wp:featuredmedia":[{"embeddable":true,"href":"https:\/\/www.soanam.de\/pl\/wp-json\/wp\/v2\/media\/77072"}],"wp:attachment":[{"href":"https:\/\/www.soanam.de\/pl\/wp-json\/wp\/v2\/media?parent=77009"}],"wp:term":[{"taxonomy":"product_brand","embeddable":true,"href":"https:\/\/www.soanam.de\/pl\/wp-json\/wp\/v2\/product_brand?post=77009"},{"taxonomy":"product_cat","embeddable":true,"href":"https:\/\/www.soanam.de\/pl\/wp-json\/wp\/v2\/product_cat?post=77009"},{"taxonomy":"product_tag","embeddable":true,"href":"https:\/\/www.soanam.de\/pl\/wp-json\/wp\/v2\/product_tag?post=77009"}],"curies":[{"name":"wp","href":"https:\/\/api.w.org\/{rel}","templated":true}]}}