{"id":77007,"date":"2023-12-13T20:32:10","date_gmt":"2023-12-13T19:32:10","guid":{"rendered":"https:\/\/www.soanam.de\/?post_type=product&#038;p=77007"},"modified":"2024-12-05T11:06:56","modified_gmt":"2024-12-05T10:06:56","slug":"edc-denim-dry-goods-slim-fit-jeans-in-blue-medium-wash-w31xl32","status":"publish","type":"product","link":"https:\/\/www.soanam.de\/pl\/produkt\/edc-denim-dry-goods-slim-fit-jeans-in-blue-medium-wash-w31xl32\/","title":{"rendered":"EDC Denim &amp; Dry Goods - Jeansy Slim Fit, w kolorze Blue Medium Wash, W31xL32"},"content":{"rendered":"<p>Klasyczne jeansy z 5 kieszeniami i wygodnym streczem<br \/>\nNowe wersje z bawe\u0142n\u0105 z kontrolowanych upraw ekologicznych<br \/>\nLekki efekt rozmycia<br \/>\nPas ze szlufkami, guzikiem i ukrytym zamkiem b\u0142yskawicznym<br \/>\nSlim fit<\/p>\n<p>W\u0105ski kr\u00f3j spodni dobrze przylega do cia\u0142a i mo\u017cna go \u0142\u0105czy\u0107 z du\u017cymi, lu\u017anymi topami<br \/>\nMateria\u0142 spodni jest elastyczny, dzi\u0119ki czemu s\u0105 bardzo wygodne.<\/p>\n<p>Materia\u0142: bawe\u0142na 98%, elastan 2%<br \/>\nWskaz\u00f3wki dotycz\u0105ce piel\u0119gnacji: Mo\u017cna pra\u0107 w pralce w temperaturze 40\u00b0<\/p>\n<p>Rozmiar talii: 84 cm<br \/>\nObw\u00f3d bioder: 96 cm<br \/>\nD\u0142ugo\u015b\u0107 kroku: 79 cm<br \/>\nCa\u0142kowita d\u0142ugo\u015b\u0107: 103 cm<\/p>\n<p>Zwroty klient\u00f3w bez etykiety<\/p>","protected":false},"excerpt":{"rendered":"<table class=\"sc-jLiVlK faRzjh\">\n<tbody>\n<tr class=\"sc-tkKAw glkemz\">\n<td class=\"sc-dRPiIx kVvcCS\">\n<p class=\"sc-gsTCUz hntfFx\"><b>Marka<\/b><\/p>\n<\/td>\n<td class=\"sc-dRPiIx kVvcCS\">\n<p class=\"sc-gsTCUz hntfFx\">EDC Denim &amp; Dry Goods<\/p>\n<\/td>\n<\/tr>\n<tr class=\"sc-tkKAw glkemz\">\n<td class=\"sc-dRPiIx kVvcCS\">\n<p class=\"sc-gsTCUz hntfFx\"><b>Artikel<\/b><\/p>\n<\/td>\n<td class=\"sc-dRPiIx kVvcCS\">\n<p class=\"sc-gsTCUz hntfFx\">D\u017cinsy<\/p>\n<\/td>\n<\/tr>\n<tr class=\"sc-tkKAw glkemz\">\n<td class=\"sc-dRPiIx kVvcCS\">\n<p class=\"sc-gsTCUz hntfFx\"><b>Rozmiar<\/b><\/p>\n<\/td>\n<td class=\"sc-dRPiIx kVvcCS\">\n<p class=\"sc-gsTCUz hntfFx\">31X32<\/p>\n<\/td>\n<\/tr>\n<tr class=\"sc-tkKAw glkemz\">\n<td class=\"sc-dRPiIx kVvcCS\">\n<p class=\"sc-gsTCUz hntfFx\"><b>Modell<\/b><\/p>\n<\/td>\n<td class=\"sc-dRPiIx kVvcCS\">\n<p class=\"sc-gsTCUz hntfFx\">SCHLANKE PASSFORM<\/p>\n<\/td>\n<\/tr>\n<tr class=\"sc-tkKAw glkemz\">\n<td class=\"sc-dRPiIx kVvcCS\">\n<p class=\"sc-gsTCUz hntfFx\"><b>Kolor<\/b><\/p>\n<\/td>\n<td class=\"sc-dRPiIx kVvcCS\">\n<p class=\"sc-gsTCUz hntfFx\">Niebieski<\/p>\n<\/td>\n<\/tr>\n<tr class=\"sc-tkKAw glkemz\">\n<td class=\"sc-dRPiIx kVvcCS\">\n<p class=\"sc-gsTCUz hntfFx\"><b>Stoff<\/b><\/p>\n<\/td>\n<td class=\"sc-dRPiIx kVvcCS\">\n<p class=\"sc-gsTCUz hntfFx\">Denim<\/p>\n<\/td>\n<\/tr>\n<\/tbody>\n<\/table>","protected":false},"featured_media":77060,"comment_status":"open","ping_status":"closed","template":"","meta":{"_seopress_robots_primary_cat":"","_seopress_titles_title":"","_seopress_titles_desc":"","_seopress_robots_index":""},"product_brand":[],"product_cat":[1345,1348,1349,1350],"product_tag":[],"class_list":{"0":"post-77007","1":"product","2":"type-product","3":"status-publish","4":"has-post-thumbnail","6":"product_cat-herrenmode","7":"product_cat-damen-mode","8":"product_cat-hosen-damen-mode","9":"product_cat-jeans-hosen-damen-mode","10":"product_shipping_class-standard-versand","12":"first","13":"outofstock","14":"sale","15":"taxable","16":"shipping-taxable","17":"purchasable","18":"product-type-simple"},"_links":{"self":[{"href":"https:\/\/www.soanam.de\/pl\/wp-json\/wp\/v2\/product\/77007","targetHints":{"allow":["GET"]}}],"collection":[{"href":"https:\/\/www.soanam.de\/pl\/wp-json\/wp\/v2\/product"}],"about":[{"href":"https:\/\/www.soanam.de\/pl\/wp-json\/wp\/v2\/types\/product"}],"replies":[{"embeddable":true,"href":"https:\/\/www.soanam.de\/pl\/wp-json\/wp\/v2\/comments?post=77007"}],"wp:featuredmedia":[{"embeddable":true,"href":"https:\/\/www.soanam.de\/pl\/wp-json\/wp\/v2\/media\/77060"}],"wp:attachment":[{"href":"https:\/\/www.soanam.de\/pl\/wp-json\/wp\/v2\/media?parent=77007"}],"wp:term":[{"taxonomy":"product_brand","embeddable":true,"href":"https:\/\/www.soanam.de\/pl\/wp-json\/wp\/v2\/product_brand?post=77007"},{"taxonomy":"product_cat","embeddable":true,"href":"https:\/\/www.soanam.de\/pl\/wp-json\/wp\/v2\/product_cat?post=77007"},{"taxonomy":"product_tag","embeddable":true,"href":"https:\/\/www.soanam.de\/pl\/wp-json\/wp\/v2\/product_tag?post=77007"}],"curies":[{"name":"wp","href":"https:\/\/api.w.org\/{rel}","templated":true}]}}