{"id":82804,"date":"2023-12-14T03:07:47","date_gmt":"2023-12-14T02:07:47","guid":{"rendered":"https:\/\/www.soanam.de\/?post_type=product&#038;p=82804"},"modified":"2023-12-14T21:15:54","modified_gmt":"2023-12-14T20:15:54","slug":"esprit-outdoorjacke-3m-thinsulate-in-schwarz-gr-xxl","status":"publish","type":"product","link":"https:\/\/www.soanam.de\/nl\/produkt\/esprit-outdoorjacke-3m-thinsulate-in-schwarz-gr-xxl\/","title":{"rendered":"Esprit outdoorjas 3M Thinsulate, in zwart, maat XXL"},"content":{"rendered":"<p>Outdoorjacke von Esprit<br \/>\nWetterfestes Obermaterial - atmungsaktiv und wasserundurchl\u00e4ssig<br \/>\nHoch zu schlie\u00dfender Stehkragen<br \/>\nVerdeckter Rei\u00dfverschluss und Windblende mit Druckkn\u00f6pfen<br \/>\nZwei Taschen mit Rei\u00dfverschluss auf Brusth\u00f6he<br \/>\nZwei Klappentaschen mit Druckkn\u00f6pfen<br \/>\nEine Zipper-Tasche innen<\/p>\n<p>Esprit hat mit dieser Outdoorjacke ein tolles Teil kreiert, das jedes Wetter mitmacht!<br \/>\nDie gef\u00fctterte Kapuze ist warm und sch\u00fctzend, die gro\u00dfen Patten-\/Eingrifftaschen sind besonders praktisch.<br \/>\nDie Druckkn\u00f6pfe \u00fcber dem Zipper und innen liegende \u00c4rmelb\u00fcndchen sorgen daf\u00fcr, dass K\u00e4lte und Wind drau\u00dfen bleiben. Die 3M Thinsulate Technologie macht die Jacke unentbehrlich bei Ihren Outdooraktivit\u00e4ten.<\/p>\n<p>Weitere Details, n-- wie die die zus\u00e4tzlichen Taschen auf Brusth\u00f6he runden das Design wunderbar ab.<br \/>\nMit ihrem w\u00e4rmenden Futter und dem robusten Material verspricht die Herrenjacke optimalen Tragekomfort.<\/p>\n<p>Materiaal: 100% polyester<br \/>\nOnderhoudsinstructies: Machinewas<\/p>\n<p>Kleur: zwart<br \/>\nPatroon: zonder<br \/>\nMaat: XXL<\/p>\n<p>Schouderbreedte: 52cm<br \/>\nBrustweite: 144cm<br \/>\nMouwlengte: 69cm<br \/>\nTotale lengte: 90cm<\/p>","protected":false},"excerpt":{"rendered":"<table class=\"dv_characteristicsTable\">\n<tbody>\n<tr>\n<td class=\"left\">Maat<\/td>\n<td>XXL<\/td>\n<\/tr>\n<tr>\n<td class=\"left\">Gr\u00f6\u00dfentyp<\/td>\n<td>Normalgr\u00f6\u00dfen<\/td>\n<\/tr>\n<tr>\n<td class=\"left\">Materiaalsamenstelling<\/td>\n<td>100% Polyester<\/td>\n<\/tr>\n<tr>\n<td class=\"left\">Materialart<\/td>\n<td>Softshell<\/td>\n<\/tr>\n<tr>\n<td class=\"left\">Besonderheit<\/td>\n<td>3M Thinsulate<\/td>\n<\/tr>\n<tr>\n<td class=\"left\">Materialeigenschaften<\/td>\n<td>wasserundurchl\u00e4ssig, atmungsaktiv<\/td>\n<\/tr>\n<tr>\n<td class=\"left\">Onderhoudsinstructies<\/td>\n<td>Machinewas<\/td>\n<\/tr>\n<tr>\n<td class=\"left\">Stil<\/td>\n<td>casual<\/td>\n<\/tr>\n<tr>\n<td class=\"left\">Kleur<\/td>\n<td>schwarz<\/td>\n<\/tr>\n<tr>\n<td class=\"left\">Kragen<\/td>\n<td>Opstaande kraag<\/td>\n<\/tr>\n<tr>\n<td class=\"left\">\u00c4rmel<\/td>\n<td>Lange mouw<\/td>\n<\/tr>\n<tr>\n<td class=\"left\">\u00c4rmelabschluss<\/td>\n<td>Rippstrickb\u00fcndchen<\/td>\n<\/tr>\n<tr>\n<td class=\"left\">\u00c4rmeldetails<\/td>\n<td>Badge<\/td>\n<\/tr>\n<tr>\n<td class=\"left\">Pas<\/td>\n<td>normal<\/td>\n<\/tr>\n<tr>\n<td class=\"left\">Kapuze<\/td>\n<td>mit Kapuze<\/td>\n<\/tr>\n<tr>\n<td class=\"left\">Kapuzendetails<\/td>\n<td>gef\u00fcttert<\/td>\n<\/tr>\n<tr>\n<td class=\"left\">Kapuzenf\u00fctterung<\/td>\n<td>in Jackenfarbe<\/td>\n<\/tr>\n<tr>\n<td class=\"left\">Applikationen<\/td>\n<td>keine<\/td>\n<\/tr>\n<tr>\n<td class=\"left\">Tassen<\/td>\n<td>Pattentaschen, Eingrifftaschen, Brusttaschen, Innentasche<\/td>\n<\/tr>\n<tr>\n<td class=\"left\">Verschluss<\/td>\n<td>Rei\u00dfverschluss, Druckkn\u00f6pfe<\/td>\n<\/tr>\n<tr>\n<td class=\"left\"><\/td>\n<td><\/td>\n<\/tr>\n<\/tbody>\n<\/table>","protected":false},"featured_media":82940,"comment_status":"open","ping_status":"closed","template":"","meta":{"_seopress_robots_primary_cat":"","_seopress_titles_title":"","_seopress_titles_desc":"","_seopress_robots_index":""},"product_brand":[],"product_cat":[1345,1363,1389],"product_tag":[],"class_list":{"0":"post-82804","1":"product","2":"type-product","3":"status-publish","4":"has-post-thumbnail","6":"product_cat-herrenmode","7":"product_cat-jacken-maentel-herrenmode","8":"product_cat-parkas","9":"product_shipping_class-standard-versand","11":"first","12":"instock","13":"sale","14":"taxable","15":"shipping-taxable","16":"purchasable","17":"product-type-simple"},"_links":{"self":[{"href":"https:\/\/www.soanam.de\/nl\/wp-json\/wp\/v2\/product\/82804","targetHints":{"allow":["GET"]}}],"collection":[{"href":"https:\/\/www.soanam.de\/nl\/wp-json\/wp\/v2\/product"}],"about":[{"href":"https:\/\/www.soanam.de\/nl\/wp-json\/wp\/v2\/types\/product"}],"replies":[{"embeddable":true,"href":"https:\/\/www.soanam.de\/nl\/wp-json\/wp\/v2\/comments?post=82804"}],"wp:featuredmedia":[{"embeddable":true,"href":"https:\/\/www.soanam.de\/nl\/wp-json\/wp\/v2\/media\/82940"}],"wp:attachment":[{"href":"https:\/\/www.soanam.de\/nl\/wp-json\/wp\/v2\/media?parent=82804"}],"wp:term":[{"taxonomy":"product_brand","embeddable":true,"href":"https:\/\/www.soanam.de\/nl\/wp-json\/wp\/v2\/product_brand?post=82804"},{"taxonomy":"product_cat","embeddable":true,"href":"https:\/\/www.soanam.de\/nl\/wp-json\/wp\/v2\/product_cat?post=82804"},{"taxonomy":"product_tag","embeddable":true,"href":"https:\/\/www.soanam.de\/nl\/wp-json\/wp\/v2\/product_tag?post=82804"}],"curies":[{"name":"wp","href":"https:\/\/api.w.org\/{rel}","templated":true}]}}