{"id":82495,"date":"2023-12-14T02:25:50","date_gmt":"2023-12-14T01:25:50","guid":{"rendered":"https:\/\/www.soanam.de\/?post_type=product&#038;p=82495"},"modified":"2023-12-14T02:27:08","modified_gmt":"2023-12-14T01:27:08","slug":"icepeak-heren-winterjas-gewatteerd-grijs-zwart-maat-50","status":"publish","type":"product","link":"https:\/\/www.soanam.de\/nl\/produkt\/icepeak-herren-winterjacke-steppjacke-in-grau-schwarz-groesse-50\/","title":{"rendered":"Icepeak Herren Winterjacke, Steppjacke, in Grau-Schwarz, Gr\u00f6\u00dfe 50"},"content":{"rendered":"<p>Steppjacke von Icepeak<br \/>\nWasserabweisend, winddicht, atmungsaktiv<br \/>\nRei\u00dfverschlusstaschen<br \/>\nVerstellbare B\u00fcndchen und Saum.<br \/>\nBequemer Innenkragen<br \/>\nKapuze abnehmbar<br \/>\nMit kontrastfarbenen Details<\/p>\n<p>Isolierte wasserdichte und atmungsaktive Winterjacke mit abnehmbarer Kapuze f\u00fcr Herren.<br \/>\nSie ist eine bequeme und funktionelle Isolierjacke f\u00fcrs Skifahren und f\u00fcr andere Winteraktivit\u00e4ten.<br \/>\nDie Jacke ist warm gef\u00fcttert und verf\u00fcgt \u00fcber einen Schneefang mit rutschhemmender Silikongummierung.<br \/>\nDie \u00c4rmel haben zum Schutz der Handgelenke elastische innere \u00c4rmelb\u00fcndchen mit Daumenl\u00f6chern.<br \/>\nPraktische Taschen innen und au\u00dfen vervollst\u00e4ndigen diese vielseitige Jacke.<\/p>\n<p>Materiaal: Bovenmateriaal: 100% polyester<br \/>\nOnderhoudsinstructies: Machinewas<\/p>\n<p>Farbe: grau-schwarz<br \/>\nMuster: gesteppt<br \/>\nGrootte: 50<\/p>\n<p>Schouderbreedte: 49cm<br \/>\nBorstbreedte: 120cm<\/p>\n<p>Mouwlengte: 68cm<br \/>\nTotale lengte: 74cm<\/p>\n<p>Dit nieuwe artikel is een retourzending van een klant zonder label.<\/p>","protected":false},"excerpt":{"rendered":"<table class=\"dv_characteristicsTable\">\n<tbody>\n<tr>\n<td class=\"left\">Maat<\/td>\n<td>50<\/td>\n<\/tr>\n<tr>\n<td class=\"left\">Materiaalsamenstelling<\/td>\n<td>100 % Polyester<\/td>\n<\/tr>\n<tr>\n<td class=\"left\">Onderhoudsinstructies<\/td>\n<td>Machinewas<\/td>\n<\/tr>\n<tr>\n<td class=\"left\">Kleur<\/td>\n<td>Schwarz, Grau<\/td>\n<\/tr>\n<tr>\n<td class=\"left\">Ausschnitt<\/td>\n<td>Kapuze<\/td>\n<\/tr>\n<tr>\n<td class=\"left\">\u00c4rmel<\/td>\n<td>Lange mouw<\/td>\n<\/tr>\n<tr>\n<td class=\"left\">Pas<\/td>\n<td>regular fit<\/td>\n<\/tr>\n<tr>\n<td class=\"left\">Besondere Merkmale<\/td>\n<td>Wasserabweisend, winddicht, atmungsaktiv<\/td>\n<\/tr>\n<\/tbody>\n<\/table>","protected":false},"featured_media":82561,"comment_status":"open","ping_status":"closed","template":"","meta":{"_seopress_robots_primary_cat":"","_seopress_titles_title":"","_seopress_titles_desc":"","_seopress_robots_index":""},"product_brand":[],"product_cat":[1345,1363,1377,1712],"product_tag":[],"class_list":{"0":"post-82495","1":"product","2":"type-product","3":"status-publish","4":"has-post-thumbnail","6":"product_cat-herrenmode","7":"product_cat-jacken-maentel-herrenmode","8":"product_cat-winterjacken-jacken-maentel-herrenmode","9":"product_cat-anoraks-winterjacken-jacken-maentel-herrenmode","10":"product_shipping_class-standard-versand","12":"first","13":"instock","14":"sale","15":"taxable","16":"shipping-taxable","17":"purchasable","18":"product-type-simple"},"_links":{"self":[{"href":"https:\/\/www.soanam.de\/nl\/wp-json\/wp\/v2\/product\/82495","targetHints":{"allow":["GET"]}}],"collection":[{"href":"https:\/\/www.soanam.de\/nl\/wp-json\/wp\/v2\/product"}],"about":[{"href":"https:\/\/www.soanam.de\/nl\/wp-json\/wp\/v2\/types\/product"}],"replies":[{"embeddable":true,"href":"https:\/\/www.soanam.de\/nl\/wp-json\/wp\/v2\/comments?post=82495"}],"wp:featuredmedia":[{"embeddable":true,"href":"https:\/\/www.soanam.de\/nl\/wp-json\/wp\/v2\/media\/82561"}],"wp:attachment":[{"href":"https:\/\/www.soanam.de\/nl\/wp-json\/wp\/v2\/media?parent=82495"}],"wp:term":[{"taxonomy":"product_brand","embeddable":true,"href":"https:\/\/www.soanam.de\/nl\/wp-json\/wp\/v2\/product_brand?post=82495"},{"taxonomy":"product_cat","embeddable":true,"href":"https:\/\/www.soanam.de\/nl\/wp-json\/wp\/v2\/product_cat?post=82495"},{"taxonomy":"product_tag","embeddable":true,"href":"https:\/\/www.soanam.de\/nl\/wp-json\/wp\/v2\/product_tag?post=82495"}],"curies":[{"name":"wp","href":"https:\/\/api.w.org\/{rel}","templated":true}]}}