{"id":82252,"date":"2023-12-14T02:15:25","date_gmt":"2023-12-14T01:15:25","guid":{"rendered":"https:\/\/www.soanam.de\/?post_type=product&#038;p=82252"},"modified":"2023-12-14T02:22:56","modified_gmt":"2023-12-14T01:22:56","slug":"calvin-klein-steppjacke-light-weight-side-logo-jacket-in-schwarz-groesse-s","status":"publish","type":"product","link":"https:\/\/www.soanam.de\/nl\/produkt\/calvin-klein-steppjacke-light-weight-side-logo-jacket-in-schwarz-groesse-s\/","title":{"rendered":"Calvin Klein Steppjacke LIGHT WEIGHT SIDE LOGO JACKET, in Schwarz, Gr\u00f6\u00dfe S"},"content":{"rendered":"<p>Herren-Steppjacke, \u00dcbergangsjacke von Calvin Klein<br \/>\nPasvorm: normaal<br \/>\nKragen\/Ausschnitt: Stehkragen<br \/>\nVerschluss: hochschlie\u00dfender Rei\u00dfverschluss<br \/>\nTaschen: seitliche Einschubtaschen mit Druckknopfverschluss<br \/>\n\u00c4rmel: elastischer Armabschluss<br \/>\nFutter\/Wattierung: gef\u00fcttert\/wattiert<br \/>\nExtras: Logoschriftzug<\/p>\n<p>Mit der Herren-Steppjacke \u00bbLIGHT WEIGHT SIDE LOGO JACKET\u00ab von Calvin Klein bist du warm und modisch im Herbst.<br \/>\nDer Kragen steht nach oben und wird nicht umgeschlagen.<br \/>\nMit den Eingrifftaschen sind das Smartphone oder Kleingeld sicher verstaut.<br \/>\nDurch das Material ist die Jacke wasserabweisend, schnelltrocknend und strapazierf\u00e4hig.<br \/>\nDie leichte Wattierung ist angenehm zu tragen und das Markenlogo vervollst\u00e4ndigt die sch\u00f6ne Optik.<\/p>\n<p>Material: Obermaterial: 100% Polyamid, F\u00fcllung: 100% Polyester<br \/>\nOnderhoudsinstructies: Machinewas<\/p>\n<p>Kleur: zwart<br \/>\nPatroon: zonder<br \/>\nMaat: S<\/p>\n<p>Schouderbreedte: 44cm<br \/>\nBorstbreedte: 106cm<br \/>\nMouwlengte: 66cm<br \/>\nTotale lengte: 67cm<\/p>\n<p>&nbsp;<\/p>\n<p>Dit nieuwe artikel is een retourzending van een klant zonder label.<\/p>","protected":false},"excerpt":{"rendered":"<table class=\"dv_characteristicsTable\">\n<tbody>\n<tr>\n<td class=\"left\">Maat<\/td>\n<td>S<\/td>\n<\/tr>\n<tr>\n<td class=\"left\">Gr\u00f6\u00dfentyp<\/td>\n<td>Normalgr\u00f6\u00dfen<\/td>\n<\/tr>\n<tr>\n<td class=\"left\">Materiaalsamenstelling<\/td>\n<td>Obermaterial: 100% Polyamid<\/td>\n<\/tr>\n<tr>\n<td class=\"left\">Onderhoudsinstructies<\/td>\n<td>Schonw\u00e4sche<\/td>\n<\/tr>\n<tr>\n<td class=\"left\">Kleur<\/td>\n<td>black<\/td>\n<\/tr>\n<tr>\n<td class=\"left\">Kragen<\/td>\n<td>hoher Stehkragen<\/td>\n<\/tr>\n<tr>\n<td class=\"left\">\u00c4rmel<\/td>\n<td>Lange mouw<\/td>\n<\/tr>\n<tr>\n<td class=\"left\">Pas<\/td>\n<td>normal<\/td>\n<\/tr>\n<tr>\n<td class=\"left\">Kapuze<\/td>\n<td>ohne Kapuze<\/td>\n<\/tr>\n<tr>\n<td class=\"left\">Tassen<\/td>\n<td>Zakken<\/td>\n<\/tr>\n<tr>\n<td class=\"left\">Verschluss<\/td>\n<td>Ritssluiting<\/td>\n<\/tr>\n<\/tbody>\n<\/table>","protected":false},"featured_media":82367,"comment_status":"open","ping_status":"closed","template":"","meta":{"_seopress_robots_primary_cat":"","_seopress_titles_title":"","_seopress_titles_desc":"","_seopress_robots_index":""},"product_brand":[],"product_cat":[1345,1363,1377,1378],"product_tag":[],"class_list":{"0":"post-82252","1":"product","2":"type-product","3":"status-publish","4":"has-post-thumbnail","6":"product_cat-herrenmode","7":"product_cat-jacken-maentel-herrenmode","8":"product_cat-winterjacken-jacken-maentel-herrenmode","9":"product_cat-daunen-steppjacken","10":"product_shipping_class-standard-versand","12":"first","13":"instock","14":"sale","15":"taxable","16":"shipping-taxable","17":"purchasable","18":"product-type-simple"},"_links":{"self":[{"href":"https:\/\/www.soanam.de\/nl\/wp-json\/wp\/v2\/product\/82252","targetHints":{"allow":["GET"]}}],"collection":[{"href":"https:\/\/www.soanam.de\/nl\/wp-json\/wp\/v2\/product"}],"about":[{"href":"https:\/\/www.soanam.de\/nl\/wp-json\/wp\/v2\/types\/product"}],"replies":[{"embeddable":true,"href":"https:\/\/www.soanam.de\/nl\/wp-json\/wp\/v2\/comments?post=82252"}],"wp:featuredmedia":[{"embeddable":true,"href":"https:\/\/www.soanam.de\/nl\/wp-json\/wp\/v2\/media\/82367"}],"wp:attachment":[{"href":"https:\/\/www.soanam.de\/nl\/wp-json\/wp\/v2\/media?parent=82252"}],"wp:term":[{"taxonomy":"product_brand","embeddable":true,"href":"https:\/\/www.soanam.de\/nl\/wp-json\/wp\/v2\/product_brand?post=82252"},{"taxonomy":"product_cat","embeddable":true,"href":"https:\/\/www.soanam.de\/nl\/wp-json\/wp\/v2\/product_cat?post=82252"},{"taxonomy":"product_tag","embeddable":true,"href":"https:\/\/www.soanam.de\/nl\/wp-json\/wp\/v2\/product_tag?post=82252"}],"curies":[{"name":"wp","href":"https:\/\/api.w.org\/{rel}","templated":true}]}}