{"id":82105,"date":"2023-12-14T02:12:19","date_gmt":"2023-12-14T01:12:19","guid":{"rendered":"https:\/\/www.soanam.de\/?post_type=product&#038;p=82105"},"modified":"2023-12-14T02:15:05","modified_gmt":"2023-12-14T01:15:05","slug":"polarino-funktionsparka-mit-warmen-innenfutter-in-marine-groesse-42","status":"publish","type":"product","link":"https:\/\/www.soanam.de\/nl\/produkt\/polarino-funktionsparka-mit-warmen-innenfutter-in-marine-groesse-42\/","title":{"rendered":"Polarino Funktionsparka mit warmen Innenfutter, in Marine, Gr\u00f6\u00dfe 42"},"content":{"rendered":"<p>Winterjacke mit Kapuze von Polarino<br \/>\nMit abnehmbarem Kunstfell<br \/>\nWeiches, meliertes Obermaterial mit einer Wassers\u00e4ule von 8000mm<br \/>\nAtmungsaktiv, winddicht und wasserdicht. Verschwei\u00dfte N\u00e4hte<br \/>\nWindstopperb\u00fcndchen an den \u00c4rmeln<br \/>\nKuschelig weiches Innenfutter<\/p>\n<p>Der Outdoorparka von Polarino ist die optimale Funktionsjacke f\u00fcr Alle, Outdoorfans - Atmungsaktiv, winddicht und wasserdicht.<br \/>\nDank des hohen Stehkragens mit Kapuze inklusive abnehmbarem Kunstfell wird dein Hals optimal gew\u00e4rmt.<br \/>\nZur weiteren Ausstattung geh\u00f6ren zudem die ausgekl\u00fcgelte Druckknopfleiste mit Rei\u00dfverschluss im Inneren sowie praktische Windstopperb\u00fcndchen an den \u00c4rmeln.<br \/>\nDurch den Tunnelzug in der Taille l\u00e4sst sich das soft gef\u00fctterte Outdoor-Modell wirksam auf Figur bringen, die gekn\u00f6pften Pattentaschen bieten viel Platz.<br \/>\nWasserdichten Rundumschutz bietet die Funktionsjacke dank einer Wassers\u00e4ule von 8000 mm und verschwei\u00dften N\u00e4hten.<\/p>\n<p>Materiaal: 100% polyester<br \/>\nOnderhoudsinstructies: Machinewas<\/p>\n<p>Kleur: marine<br \/>\nPatroon: zonder<br \/>\nMaat: 42<\/p>\n<p>Schouderbreedte: 46cm<br \/>\nBorstbreedte: 115cm<br \/>\nMouwlengte: 65cm<br \/>\nTotale lengte: 85cm<\/p>\n<p>&nbsp;<\/p>\n<p>Dit nieuwe artikel is een retourzending van een klant zonder label.<\/p>","protected":false},"excerpt":{"rendered":"<table class=\"dv_characteristicsTable\">\n<tbody>\n<tr>\n<td class=\"left\">Maat<\/td>\n<td>42<\/td>\n<\/tr>\n<tr>\n<td class=\"left\">Gr\u00f6\u00dfentyp<\/td>\n<td>Normalgr\u00f6\u00dfen<\/td>\n<\/tr>\n<tr>\n<td class=\"left\">Materiaalsamenstelling<\/td>\n<td>Obermaterial: 100% Polyester. Futter: 100% Polyester. Wattierung: 100% Polyester<\/td>\n<\/tr>\n<tr>\n<td class=\"left\">Materialeigenschaften<\/td>\n<td>atmungsaktiv, winddicht, wasserdicht<\/td>\n<\/tr>\n<tr>\n<td class=\"left\">Wassers\u00e4ule<\/td>\n<td>8000 mm<\/td>\n<\/tr>\n<tr>\n<td class=\"left\">Onderhoudsinstructies<\/td>\n<td>Machinewas<\/td>\n<\/tr>\n<tr>\n<td class=\"left\">Optik<\/td>\n<td>meliert<\/td>\n<\/tr>\n<tr>\n<td class=\"left\">Stil<\/td>\n<td>casual<\/td>\n<\/tr>\n<tr>\n<td class=\"left\">Kleur<\/td>\n<td>marine<\/td>\n<\/tr>\n<tr>\n<td class=\"left\">\u00c4rmeldetails<\/td>\n<td>mit Riegel<\/td>\n<\/tr>\n<tr>\n<td class=\"left\">\u00c4rmelabschluss<\/td>\n<td>Windstopperb\u00fcndchen<\/td>\n<\/tr>\n<tr>\n<td class=\"left\">Kapuze<\/td>\n<td>mit Kapuze<\/td>\n<\/tr>\n<tr>\n<td class=\"left\">Kapuzendetails<\/td>\n<td>abnehmbares Fellimitat, mit regulierbarem Elastikband, Weite regulierbar<\/td>\n<\/tr>\n<tr>\n<td class=\"left\">Kapuzenf\u00fctterung<\/td>\n<td>gef\u00fcttert<\/td>\n<\/tr>\n<tr>\n<td class=\"left\">Applikationen<\/td>\n<td>Badge<\/td>\n<\/tr>\n<tr>\n<td class=\"left\">Tassen<\/td>\n<td>Rei\u00dfverschlusstaschen, Innentaschen<\/td>\n<\/tr>\n<tr>\n<td class=\"left\">Verschluss<\/td>\n<td>2-Wege-Rei\u00dfverschluss<\/td>\n<\/tr>\n<tr>\n<td class=\"left\">Verschlussdetails<\/td>\n<td>mit Windschutzblende<\/td>\n<\/tr>\n<tr>\n<td class=\"left\">Besondere Merkmale<\/td>\n<td>mit kuscheligem Innenfutter<\/td>\n<\/tr>\n<\/tbody>\n<\/table>","protected":false},"featured_media":82234,"comment_status":"open","ping_status":"closed","template":"","meta":{"_seopress_robots_primary_cat":"","_seopress_titles_title":"","_seopress_titles_desc":"","_seopress_robots_index":""},"product_brand":[],"product_cat":[1348,1354,1375,1440],"product_tag":[],"class_list":{"0":"post-82105","1":"product","2":"type-product","3":"status-publish","4":"has-post-thumbnail","6":"product_cat-damen-mode","7":"product_cat-jacken-maentel","8":"product_cat-winterjacken","9":"product_cat-parkas-winterjacken","10":"product_shipping_class-standard-versand","12":"first","13":"instock","14":"sale","15":"taxable","16":"shipping-taxable","17":"purchasable","18":"product-type-simple"},"_links":{"self":[{"href":"https:\/\/www.soanam.de\/nl\/wp-json\/wp\/v2\/product\/82105","targetHints":{"allow":["GET"]}}],"collection":[{"href":"https:\/\/www.soanam.de\/nl\/wp-json\/wp\/v2\/product"}],"about":[{"href":"https:\/\/www.soanam.de\/nl\/wp-json\/wp\/v2\/types\/product"}],"replies":[{"embeddable":true,"href":"https:\/\/www.soanam.de\/nl\/wp-json\/wp\/v2\/comments?post=82105"}],"wp:featuredmedia":[{"embeddable":true,"href":"https:\/\/www.soanam.de\/nl\/wp-json\/wp\/v2\/media\/82234"}],"wp:attachment":[{"href":"https:\/\/www.soanam.de\/nl\/wp-json\/wp\/v2\/media?parent=82105"}],"wp:term":[{"taxonomy":"product_brand","embeddable":true,"href":"https:\/\/www.soanam.de\/nl\/wp-json\/wp\/v2\/product_brand?post=82105"},{"taxonomy":"product_cat","embeddable":true,"href":"https:\/\/www.soanam.de\/nl\/wp-json\/wp\/v2\/product_cat?post=82105"},{"taxonomy":"product_tag","embeddable":true,"href":"https:\/\/www.soanam.de\/nl\/wp-json\/wp\/v2\/product_tag?post=82105"}],"curies":[{"name":"wp","href":"https:\/\/api.w.org\/{rel}","templated":true}]}}