{"id":82062,"date":"2023-12-14T02:11:28","date_gmt":"2023-12-14T01:11:28","guid":{"rendered":"https:\/\/www.soanam.de\/?post_type=product&#038;p=82062"},"modified":"2023-12-14T02:14:08","modified_gmt":"2023-12-14T01:14:08","slug":"icepeak-steppmantel-paiva-in-schwarz-groesse-48","status":"publish","type":"product","link":"https:\/\/www.soanam.de\/nl\/produkt\/icepeak-steppmantel-paiva-in-schwarz-groesse-48\/","title":{"rendered":"Gewatteerde jas PAIVA van Icepeak, in zwart, maat 48"},"content":{"rendered":"<p>Warm wattierter und gesteppter Funktionsmantel von Icepeak<br \/>\nWasserabweisend, winddicht, atmungsaktiv<br \/>\nOptimale W\u00e4rmeisolierung<br \/>\nKapuze und weiches Fellimitat abnehmabr<br \/>\nSchmale Steppungen f\u00fcr eine schlanke Silhouette<\/p>\n<p>Der Funktionsmantel von Icepeak f\u00fcr Alltag und Freizeit!<br \/>\nKuscheliges Fellimitat am Kapuzenrand, ein taillenbetonender, innen liegender Gummizug und die schmal wirkende Steppung geben dem Coat einen anmutigen Charme.<br \/>\nOptimale W\u00e4rmeisolierung, wasserabweisendes und winddichtes Obermaterial und der gem\u00fctliche Komfort des langen Steppmantels machen das Tragen zu einem unbeschwerten Vergn\u00fcgen.<\/p>\n<p>Material: Obermaterial: 100% Polyester. Futter: 100% Polyester. Wattierung: 100% Polyester<br \/>\nOnderhoudsinstructies: Machinewas<\/p>\n<p>Kleur: zwart<br \/>\nPatroon: zonder<br \/>\nGr\u00f6\u00dfe:48<\/p>\n<p>Schouderbreedte: 47cm<br \/>\nBorstbreedte: 130cm<br \/>\nMouwlengte: 68cm<br \/>\nTotale lengte: 99cm<\/p>\n<p>&nbsp;<\/p>\n<p>Dit nieuwe artikel is een retourzending van een klant zonder label.<\/p>","protected":false},"excerpt":{"rendered":"<table class=\"dv_characteristicsTable\">\n<tbody>\n<tr>\n<td class=\"left\">Maat<\/td>\n<td>48<\/td>\n<\/tr>\n<tr>\n<td class=\"left\">Gr\u00f6\u00dfentyp<\/td>\n<td>Normalgr\u00f6\u00dfen<\/td>\n<\/tr>\n<tr>\n<td class=\"left\">Materiaalsamenstelling<\/td>\n<td>Obermaterial: 100% Polyester. Futter: 100% Polyester. Wattierung: 100% Polyester<\/td>\n<\/tr>\n<tr>\n<td class=\"left\">Materialeigenschaften<\/td>\n<td>w\u00e4rmend, wasserabweisend, winddicht, schnell trocknend<\/td>\n<\/tr>\n<tr>\n<td class=\"left\">Onderhoudsinstructies<\/td>\n<td>Machinewas<\/td>\n<\/tr>\n<tr>\n<td class=\"left\">Stil<\/td>\n<td>sportlich<\/td>\n<\/tr>\n<tr>\n<td class=\"left\">Kleur<\/td>\n<td>schwarz<\/td>\n<\/tr>\n<tr>\n<td class=\"left\">Kragen<\/td>\n<td>hochschlie\u00dfender Kragen<\/td>\n<\/tr>\n<tr>\n<td class=\"left\">\u00c4rmel<\/td>\n<td>Lange mouw<\/td>\n<\/tr>\n<tr>\n<td class=\"left\">Pas<\/td>\n<td>figurumspielend<\/td>\n<\/tr>\n<tr>\n<td class=\"left\">Schnittform L\u00e4nge<\/td>\n<td>kniefrei<\/td>\n<\/tr>\n<tr>\n<td class=\"left\">Kapuze<\/td>\n<td>mit Kapuze<\/td>\n<\/tr>\n<tr>\n<td class=\"left\">Kapuzendetails<\/td>\n<td>abnehmbar, abnehmbares Fellimitat, Weite regulierbar<\/td>\n<\/tr>\n<tr>\n<td class=\"left\">Applikationen<\/td>\n<td>Logoschriftzug<\/td>\n<\/tr>\n<tr>\n<td class=\"left\">Tassen<\/td>\n<td>Rei\u00dfverschlusstaschen<\/td>\n<\/tr>\n<tr>\n<td class=\"left\">Verschluss<\/td>\n<td>Ritssluiting<\/td>\n<\/tr>\n<tr>\n<td class=\"left\">Verschlussdetails<\/td>\n<td>mit Windschutzblende, verdeckt<\/td>\n<\/tr>\n<\/tbody>\n<\/table>","protected":false},"featured_media":82193,"comment_status":"open","ping_status":"closed","template":"","meta":{"_seopress_robots_primary_cat":"","_seopress_titles_title":"","_seopress_titles_desc":"","_seopress_robots_index":""},"product_brand":[],"product_cat":[1348,1354,1355,1356],"product_tag":[],"class_list":{"0":"post-82062","1":"product","2":"type-product","3":"status-publish","4":"has-post-thumbnail","6":"product_cat-damen-mode","7":"product_cat-jacken-maentel","8":"product_cat-maentel","9":"product_cat-wintermaentel","10":"product_shipping_class-standard-versand","12":"first","13":"instock","14":"sale","15":"taxable","16":"shipping-taxable","17":"purchasable","18":"product-type-simple"},"_links":{"self":[{"href":"https:\/\/www.soanam.de\/nl\/wp-json\/wp\/v2\/product\/82062","targetHints":{"allow":["GET"]}}],"collection":[{"href":"https:\/\/www.soanam.de\/nl\/wp-json\/wp\/v2\/product"}],"about":[{"href":"https:\/\/www.soanam.de\/nl\/wp-json\/wp\/v2\/types\/product"}],"replies":[{"embeddable":true,"href":"https:\/\/www.soanam.de\/nl\/wp-json\/wp\/v2\/comments?post=82062"}],"wp:featuredmedia":[{"embeddable":true,"href":"https:\/\/www.soanam.de\/nl\/wp-json\/wp\/v2\/media\/82193"}],"wp:attachment":[{"href":"https:\/\/www.soanam.de\/nl\/wp-json\/wp\/v2\/media?parent=82062"}],"wp:term":[{"taxonomy":"product_brand","embeddable":true,"href":"https:\/\/www.soanam.de\/nl\/wp-json\/wp\/v2\/product_brand?post=82062"},{"taxonomy":"product_cat","embeddable":true,"href":"https:\/\/www.soanam.de\/nl\/wp-json\/wp\/v2\/product_cat?post=82062"},{"taxonomy":"product_tag","embeddable":true,"href":"https:\/\/www.soanam.de\/nl\/wp-json\/wp\/v2\/product_tag?post=82062"}],"curies":[{"name":"wp","href":"https:\/\/api.w.org\/{rel}","templated":true}]}}