{"id":82061,"date":"2023-12-14T02:11:27","date_gmt":"2023-12-14T01:11:27","guid":{"rendered":"https:\/\/www.soanam.de\/?post_type=product&#038;p=82061"},"modified":"2023-12-14T02:14:00","modified_gmt":"2023-12-14T01:14:00","slug":"icepeak-steppmantel-brilon-in-schwarz-groesse-42","status":"publish","type":"product","link":"https:\/\/www.soanam.de\/nl\/produkt\/icepeak-steppmantel-brilon-in-schwarz-groesse-42\/","title":{"rendered":"Gewatteerde jas BRILON van Icepeak, in zwart, maat 42"},"content":{"rendered":"<p>Dick wattierter Steppmantel von Icepeak<br \/>\nObermaterial wasser- und windabweisend, sowie atmungsaktiv<br \/>\nAlle Zipper sind wasserabweisend beschichtet<br \/>\nKapuze und Fellimitat einzeln abnehmbar, au\u00dferdem ist die Kapuze 2fach verstellbar<br \/>\nSeitlichen Rei\u00dfverschlusstaschen mit w\u00e4rmenden Fleece gef\u00fcttert<\/p>\n<p>Das wasser- und windabweisende, atmungsaktive Obermaterial des Icepeak Steppmantel BRILON sch\u00fctzt dich zuverl\u00e4ssig vor N\u00e4sse und K\u00e4lte.<br \/>\nAuch die Rei\u00dfverschl\u00fcsse sind wasserabweisend beschichtet und bieten so einen guten Schutz.<br \/>\nDie Kapuze und ihr Fellimitatbesatz verleihen dem leicht taillierten Design eine sportlich-feminine Optik, k\u00f6nnen bei bedarf aber auch einzeln abgenommen werden.<br \/>\nDie Kontrastdetails am durchgehenden Rei\u00dfverschluss und der Kapuze lockern das Gesamtbild des Mantels dabei modisch auf.<br \/>\nAuch praktisch: Die seitlichen Rei\u00dfverschlusstaschen sind mit einem w\u00e4rmenden Fleecefutter versehen.<\/p>\n<p>Material: Obermaterial: 86% Polyamid, 14% Elasthan. Futter: 100% Polyester. Wattierung: 100% Polyester<br \/>\nOnderhoudsinstructies: Machinewas<\/p>\n<p>Kleur: zwart<br \/>\nPatroon: zonder<br \/>\nGr\u00f6\u00dfe:42<\/p>\n<p>Schouderbreedte: 48cm<br \/>\nBorstbreedte: 116cm<br \/>\nMouwlengte: 68cm<br \/>\nGesamtl\u00e4nge: 115cm<\/p>\n<p>&nbsp;<\/p>\n<p>Dit nieuwe artikel is een retourzending van een klant zonder label.<\/p>","protected":false},"excerpt":{"rendered":"<table class=\"dv_characteristicsTable\">\n<tbody>\n<tr>\n<td class=\"left\">Maat<\/td>\n<td>42<\/td>\n<\/tr>\n<tr>\n<td class=\"left\">Gr\u00f6\u00dfentyp<\/td>\n<td>Normalgr\u00f6\u00dfen<\/td>\n<\/tr>\n<tr>\n<td class=\"left\">Materiaalsamenstelling<\/td>\n<td>Obermaterial: 86% Polyamid, 14% Elasthan. Futter: 100% Polyester. Wattierung: 100% Polyester<\/td>\n<\/tr>\n<tr>\n<td class=\"left\">Materialeigenschaften<\/td>\n<td>wasserabweisend, windabweisend, atmungsaktiv, w\u00e4rmend, pflegeleicht<\/td>\n<\/tr>\n<tr>\n<td class=\"left\">Onderhoudsinstructies<\/td>\n<td>Machinewas<\/td>\n<\/tr>\n<tr>\n<td class=\"left\">Stil<\/td>\n<td>sportlich<\/td>\n<\/tr>\n<tr>\n<td class=\"left\">Kleur<\/td>\n<td>schwarz<\/td>\n<\/tr>\n<tr>\n<td class=\"left\">Kragen<\/td>\n<td>hochschlie\u00dfender Kragen<\/td>\n<\/tr>\n<tr>\n<td class=\"left\">\u00c4rmel<\/td>\n<td>Lange mouw<\/td>\n<\/tr>\n<tr>\n<td class=\"left\">\u00c4rmelabschluss<\/td>\n<td>Windstopperb\u00fcndchen<\/td>\n<\/tr>\n<tr>\n<td class=\"left\">Kapuze<\/td>\n<td>mit Kapuze<\/td>\n<\/tr>\n<tr>\n<td class=\"left\">Kapuzendetails<\/td>\n<td>abnehmbares Fellimitat, abnehmbar, Kante mit Gummizug verstellbar, Weite regulierbar<\/td>\n<\/tr>\n<tr>\n<td class=\"left\">Kapuzenf\u00fctterung<\/td>\n<td>gef\u00fcttert<\/td>\n<\/tr>\n<tr>\n<td class=\"left\">Applikationen<\/td>\n<td>Badge<\/td>\n<\/tr>\n<tr>\n<td class=\"left\">Tassen<\/td>\n<td>Rei\u00dfverschlusstaschen, Innentasche<\/td>\n<\/tr>\n<tr>\n<td class=\"left\">Verschluss<\/td>\n<td>2-Wege-Rei\u00dfverschluss<\/td>\n<\/tr>\n<tr>\n<td class=\"left\">Verschlussdetails<\/td>\n<td>mit Windschutzblende<\/td>\n<\/tr>\n<\/tbody>\n<\/table>","protected":false},"featured_media":82185,"comment_status":"open","ping_status":"closed","template":"","meta":{"_seopress_robots_primary_cat":"","_seopress_titles_title":"","_seopress_titles_desc":"","_seopress_robots_index":""},"product_brand":[],"product_cat":[1348,1354,1355,1356],"product_tag":[],"class_list":{"0":"post-82061","1":"product","2":"type-product","3":"status-publish","4":"has-post-thumbnail","6":"product_cat-damen-mode","7":"product_cat-jacken-maentel","8":"product_cat-maentel","9":"product_cat-wintermaentel","10":"product_shipping_class-standard-versand","12":"first","13":"instock","14":"sale","15":"taxable","16":"shipping-taxable","17":"purchasable","18":"product-type-simple"},"_links":{"self":[{"href":"https:\/\/www.soanam.de\/nl\/wp-json\/wp\/v2\/product\/82061","targetHints":{"allow":["GET"]}}],"collection":[{"href":"https:\/\/www.soanam.de\/nl\/wp-json\/wp\/v2\/product"}],"about":[{"href":"https:\/\/www.soanam.de\/nl\/wp-json\/wp\/v2\/types\/product"}],"replies":[{"embeddable":true,"href":"https:\/\/www.soanam.de\/nl\/wp-json\/wp\/v2\/comments?post=82061"}],"wp:featuredmedia":[{"embeddable":true,"href":"https:\/\/www.soanam.de\/nl\/wp-json\/wp\/v2\/media\/82185"}],"wp:attachment":[{"href":"https:\/\/www.soanam.de\/nl\/wp-json\/wp\/v2\/media?parent=82061"}],"wp:term":[{"taxonomy":"product_brand","embeddable":true,"href":"https:\/\/www.soanam.de\/nl\/wp-json\/wp\/v2\/product_brand?post=82061"},{"taxonomy":"product_cat","embeddable":true,"href":"https:\/\/www.soanam.de\/nl\/wp-json\/wp\/v2\/product_cat?post=82061"},{"taxonomy":"product_tag","embeddable":true,"href":"https:\/\/www.soanam.de\/nl\/wp-json\/wp\/v2\/product_tag?post=82061"}],"curies":[{"name":"wp","href":"https:\/\/api.w.org\/{rel}","templated":true}]}}