{"id":77930,"date":"2023-12-13T21:03:24","date_gmt":"2023-12-13T20:03:24","guid":{"rendered":"https:\/\/www.soanam.de\/?post_type=product&#038;p=77930"},"modified":"2023-12-13T21:05:51","modified_gmt":"2023-12-13T20:05:51","slug":"adidas-performance-outerior-regen-rdy-parka-dames-zwart-maat-l","status":"publish","type":"product","link":"https:\/\/www.soanam.de\/nl\/produkt\/adidas-performance-outerior-rain-rdy-parka-damen-parka-black-groesse-l\/","title":{"rendered":"Adidas Performance OUTERIOR RAIN RDY PARKA - Damesparka, zwart, maat L"},"content":{"rendered":"<h3>Beschrijving van de<\/h3>\n<p>Membran: Polyurethan, Technologie: RAIN.RDY (Adidas)<br \/>\natmungsaktiv,<br \/>\nwind- und wasserdicht,<br \/>\nAtmungsaktivit\u00e4t: 10.000 g\/m\u00b2\/24h,<br \/>\nWassers\u00e4ule: 10.000 mm,<br \/>\nKordelzug auf Taillenh\u00f6he innen<\/p>\n<p>Sportart: Wandern, Urban Outdoor<br \/>\nWetter: Regen<br \/>\nKraag: Kap<br \/>\nKragen: Kinnschutz, hochabschlie\u00dfend<br \/>\nExtras: Rei\u00dfverschl\u00fcsse wasserdicht, reflektierende Elemente, Kopfh\u00f6rerloch<br \/>\nSluiting: ritssluiting<br \/>\nTaschen: Mit Rei\u00dfverschluss verschlie\u00dfbare Taschen, innenliegende Tasche<br \/>\nKapuze: Verstellbar, im Kragen verstaubar<br \/>\nTaschen: Innentasche, mit Rei\u00dfverschluss verschlie\u00dfbare Taschen<br \/>\n\u00c4rmelb\u00fcndchen: Verstellbar durch Klettverschluss<br \/>\nDetails Kapuze: Kapuze mit Tunnelzug<br \/>\nPatroon: Effen kleuren<br \/>\nFunktion: Atmungsaktiv, winddicht, wasserdicht<\/p>\n<h3>Materiaal &amp; verzorgingsinstructies<\/h3>\n<p>Materiaal buitenstof: 100% polyester<br \/>\nVoering: 100% polyester<br \/>\nPflegehinweise: Maschinenw\u00e4sche bei 30\u00b0C, nicht b\u00fcgeln, Schonwaschgang<\/p>\n<h3>Pas<\/h3>\n<p>Modelgr\u00f6\u00dfe: Unser Model ist 176 cm gro\u00df und tr\u00e4gt Gr\u00f6\u00dfe S<br \/>\nL\u00e4nge: Oberschenkellang<br \/>\nMouwlengte: Lange mouw<br \/>\n\u00c4rmell\u00e4nge: 58 cm bei Gr\u00f6\u00dfe S<br \/>\nR\u00fcckenbreite: 46 cm bei Gr\u00f6\u00dfe S<br \/>\nGesamtl\u00e4nge: 91 cm bei Gr\u00f6\u00dfe S<\/p>","protected":false},"excerpt":{"rendered":"<h3>Artikelmerkmale<\/h3>\n<p>Staat van het item: Nieuw met label: Nieuw, ongebruikt en ongedragen item in de originele verpakking<\/p>\n<table border=\"0\" frame=\"VOID\" rules=\"NONE\" cellspacing=\"0\">\n<colgroup>\n<col width=\"137\" \/>\n<col width=\"168\" \/><\/colgroup>\n<tbody>\n<tr>\n<td align=\"LEFT\" width=\"137\" height=\"19\">Abteilung:<\/td>\n<td align=\"LEFT\" width=\"168\">Damen<\/td>\n<\/tr>\n<tr>\n<td align=\"LEFT\" height=\"19\">Akzente:<\/td>\n<td align=\"LEFT\">Tunnelzug, Klettverschlu\u00df<\/td>\n<\/tr>\n<tr>\n<td align=\"LEFT\" height=\"19\">Anlass:<\/td>\n<td align=\"LEFT\">Freizeit<\/td>\n<\/tr>\n<tr>\n<td align=\"LEFT\" height=\"19\">Au\u00dfenmaterial:<\/td>\n<td align=\"LEFT\">Polyester<\/td>\n<\/tr>\n<tr>\n<td align=\"LEFT\" height=\"19\">Besonderheiten:<\/td>\n<td align=\"LEFT\">Wasserdicht, Winddicht<\/td>\n<\/tr>\n<tr>\n<td align=\"LEFT\" height=\"19\">Charakter:<\/td>\n<td align=\"LEFT\">ohne<\/td>\n<\/tr>\n<tr>\n<td align=\"LEFT\" height=\"17\">EAN:<\/td>\n<td align=\"LEFT\">4062054721603<\/td>\n<\/tr>\n<tr>\n<td align=\"LEFT\" height=\"19\">Kleur:<\/td>\n<td align=\"LEFT\">Zwart<\/td>\n<\/tr>\n<tr>\n<td align=\"LEFT\" height=\"19\">Futtermaterial:<\/td>\n<td align=\"LEFT\">Polyester<\/td>\n<\/tr>\n<tr>\n<td align=\"LEFT\" height=\"19\">Gewebeart:<\/td>\n<td align=\"LEFT\">Polyester<\/td>\n<\/tr>\n<tr>\n<td align=\"LEFT\" height=\"19\">Grootte:<\/td>\n<td align=\"LEFT\">L<\/td>\n<\/tr>\n<tr>\n<td align=\"LEFT\" height=\"19\">Gr\u00f6\u00dfenkategorie:<\/td>\n<td align=\"LEFT\">Normalgr\u00f6\u00dfe<\/td>\n<\/tr>\n<tr>\n<td align=\"LEFT\" height=\"19\">Isoliermaterial:<\/td>\n<td align=\"LEFT\">nicht zutreffend<\/td>\n<\/tr>\n<tr>\n<td align=\"LEFT\" height=\"19\">Jacken-\/Mantell\u00e4nge:<\/td>\n<td align=\"LEFT\">Halblang<\/td>\n<\/tr>\n<tr>\n<td align=\"LEFT\" height=\"19\">Jahreszeit:<\/td>\n<td align=\"LEFT\">Fr\u00fchling, Herbst<\/td>\n<\/tr>\n<tr>\n<td align=\"LEFT\" height=\"19\">Marke:<\/td>\n<td align=\"LEFT\">Adidas<\/td>\n<\/tr>\n<tr>\n<td align=\"LEFT\" height=\"19\">Modell:<\/td>\n<td align=\"LEFT\">Rain Rdy Parka<\/td>\n<\/tr>\n<tr>\n<td align=\"LEFT\" height=\"19\">Muster:<\/td>\n<td align=\"LEFT\">Ohne Muster<\/td>\n<\/tr>\n<tr>\n<td align=\"LEFT\" height=\"19\">Produktart:<\/td>\n<td align=\"LEFT\">Jacke<\/td>\n<\/tr>\n<tr>\n<td align=\"LEFT\" height=\"19\">Stil:<\/td>\n<td align=\"LEFT\">Parka<\/td>\n<\/tr>\n<tr>\n<td align=\"LEFT\" height=\"19\">Thema:<\/td>\n<td align=\"LEFT\">Wandern<\/td>\n<\/tr>\n<tr>\n<td align=\"LEFT\" height=\"19\">Verschluss:<\/td>\n<td align=\"LEFT\">Ritssluiting<\/td>\n<\/tr>\n<tr>\n<td align=\"LEFT\" height=\"19\">Vintage:<\/td>\n<td align=\"LEFT\">Nein<\/td>\n<\/tr>\n<\/tbody>\n<\/table>","protected":false},"featured_media":78052,"comment_status":"open","ping_status":"closed","template":"","meta":{"_seopress_robots_primary_cat":"","_seopress_titles_title":"","_seopress_titles_desc":"","_seopress_robots_index":""},"product_brand":[],"product_cat":[1348,1354,1440],"product_tag":[],"class_list":{"0":"post-77930","1":"product","2":"type-product","3":"status-publish","4":"has-post-thumbnail","6":"product_cat-damen-mode","7":"product_cat-jacken-maentel","8":"product_cat-parkas-winterjacken","9":"product_shipping_class-standard-versand","11":"first","12":"instock","13":"sale","14":"taxable","15":"shipping-taxable","16":"purchasable","17":"product-type-simple"},"_links":{"self":[{"href":"https:\/\/www.soanam.de\/nl\/wp-json\/wp\/v2\/product\/77930","targetHints":{"allow":["GET"]}}],"collection":[{"href":"https:\/\/www.soanam.de\/nl\/wp-json\/wp\/v2\/product"}],"about":[{"href":"https:\/\/www.soanam.de\/nl\/wp-json\/wp\/v2\/types\/product"}],"replies":[{"embeddable":true,"href":"https:\/\/www.soanam.de\/nl\/wp-json\/wp\/v2\/comments?post=77930"}],"wp:featuredmedia":[{"embeddable":true,"href":"https:\/\/www.soanam.de\/nl\/wp-json\/wp\/v2\/media\/78052"}],"wp:attachment":[{"href":"https:\/\/www.soanam.de\/nl\/wp-json\/wp\/v2\/media?parent=77930"}],"wp:term":[{"taxonomy":"product_brand","embeddable":true,"href":"https:\/\/www.soanam.de\/nl\/wp-json\/wp\/v2\/product_brand?post=77930"},{"taxonomy":"product_cat","embeddable":true,"href":"https:\/\/www.soanam.de\/nl\/wp-json\/wp\/v2\/product_cat?post=77930"},{"taxonomy":"product_tag","embeddable":true,"href":"https:\/\/www.soanam.de\/nl\/wp-json\/wp\/v2\/product_tag?post=77930"}],"curies":[{"name":"wp","href":"https:\/\/api.w.org\/{rel}","templated":true}]}}