{"id":77714,"date":"2023-12-13T20:59:10","date_gmt":"2023-12-13T19:59:10","guid":{"rendered":"https:\/\/www.soanam.de\/?post_type=product&#038;p=77714"},"modified":"2023-12-13T21:01:43","modified_gmt":"2023-12-13T20:01:43","slug":"a-plus-neubearbeitung-1-und-2-fremdsprache-band-1-grammatikheft","status":"publish","type":"product","link":"https:\/\/www.soanam.de\/nl\/produkt\/a-plus-neubearbeitung-1-und-2-fremdsprache-band-1-grammatikheft\/","title":{"rendered":"\u00c0 plus ! Nieuwe editie - 1e en 2e vreemde taal - Deel 1 Grammaticaboekje"},"content":{"rendered":"<h3><strong>Productbeschrijving<\/strong><\/h3>\n<p>Grammatikheft mit Erkl\u00e4rfilmen<\/p>\n<p>Das Grammatikheft enth\u00e4lt \u00dcbungen zu jedem Ph\u00e4nomen und einen Fais-le-point am Ende jeder Unit\u00e9.<br \/>\nMit Erkl\u00e4rfilmen und L\u00f6sungen zur Selbstkontrolle online.<br \/>\nDas Grammatikheft ist im Unterrichtsmanager enthalten.<\/p>\n<p><strong>details<\/strong><br \/>\nOmslag: Paperback<br \/>\nSeitenzahl: 56<br \/>\nErscheinungsdatum: 18.04.2020<br \/>\nTaal: Duits, Frans<br \/>\nISBN: 978-3-06-122305-2<br \/>\nSerie: \u00c0 plus ! Nieuwe editie. 1e en 2e vreemde taal<br \/>\nUitgever: Cornelsen Verlag<br \/>\nMa\u00dfe (L\/B\/H): 25,9\/13,2\/0,8 cm<br \/>\nGewicht: 148 g<br \/>\nIllustraties: talrijke illustraties<br \/>\nSchooltypes: Brede school, basisschool, gymnasium, bovenbouw middelbare school, middelbare school, middelbare school<br \/>\nRangen: 5e klas, 6e klas<br \/>\nOnderwerpen: Frans<br \/>\nDeelstaten: Baden-W\u00fcrttemberg, Berlijn, Brandenburg, Bremen, Hamburg, Hessen, Mecklenburg-Vorpommern, Nedersaksen, Noordrijn-Westfalen, Rijnland-Palts, Saarland, Saksen, Saksen-Anhalt, Sleeswijk-Holstein, Th\u00fcringen<\/p>","protected":false},"excerpt":{"rendered":"<h3><strong>Artikelmerkmale<\/strong><\/h3>\n<p>Artikelzustand: Neu - Neues, ungelesenes, ungebrauchtes Buch in makellosem Zustand<\/p>\n<table style=\"border-collapse: collapse;width: 1518pt\" width=\"2024\">\n<tbody>\n<tr style=\"height: 15.0pt\">\n<td style=\"width: 485pt;height: 15.0pt\" width=\"647\" height=\"20\">Anzahl der Seiten:<\/td>\n<td style=\"width: 1033pt\" width=\"1377\">56 Seiten<\/td>\n<\/tr>\n<tr style=\"height: 15.0pt\">\n<td style=\"height: 15.0pt\" height=\"20\">Autor:<\/td>\n<td>Corinna Martin-Werner<\/td>\n<\/tr>\n<tr style=\"height: 15.0pt\">\n<td style=\"height: 15.0pt\" height=\"20\">Bildungsweg:<\/td>\n<td>Orientierungsstufe Bzw. Klasse 5\/6 an Grundschulen in Berlin und Brandenburg, Gesamtschule, Sekundarschule (Alle Kombinierten Haupt- und Realschularten), Gymnasium<\/td>\n<\/tr>\n<tr style=\"height: 15.0pt\">\n<td style=\"height: 15.0pt\" height=\"20\">Bundesland:<\/td>\n<td>Baden-W\u00fcrttemberg, Bayern, Berlin, Brandenburg, Bremen, Hamburg, Hessen, Mecklenburg-Vorpommern, Niedersachsen, Nordrhein-Westfalen, Rheinland-Pfalz, Saarland, Sachsen, Sachsen-Anhalt, Schleswig-Holstein, Th\u00fcringen<\/td>\n<\/tr>\n<tr style=\"height: 15.0pt\">\n<td style=\"height: 15.0pt\" height=\"20\">Erscheinungsjahr:<\/td>\n<td class=\"xl72\">2020<\/td>\n<\/tr>\n<tr style=\"height: 15.0pt\">\n<td style=\"height: 15.0pt\" height=\"20\">Fach:<\/td>\n<td>Franz\u00f6sisch<\/td>\n<\/tr>\n<tr style=\"height: 15.0pt\">\n<td style=\"height: 15.0pt\" height=\"20\">Fachbereich:<\/td>\n<td>Sprachenlernen<\/td>\n<\/tr>\n<tr style=\"height: 15.0pt\">\n<td style=\"height: 15.0pt\" height=\"20\">Format:<\/td>\n<td>Paperback<\/td>\n<\/tr>\n<tr style=\"height: 15.0pt\">\n<td style=\"height: 15.0pt\" height=\"20\">ISBN:<\/td>\n<td class=\"xl72\">9783061223052<\/td>\n<\/tr>\n<tr style=\"height: 15.0pt\">\n<td style=\"height: 15.0pt\" height=\"20\">Niveau:<\/td>\n<td>Anf\u00e4nger<\/td>\n<\/tr>\n<tr style=\"height: 15.0pt\">\n<td style=\"height: 15.0pt\" height=\"20\">Produktart:<\/td>\n<td>Schulbuch<\/td>\n<\/tr>\n<tr style=\"height: 15.0pt\">\n<td style=\"height: 15.0pt\" height=\"20\">Publikationsname:<\/td>\n<td>\u00c0 Plus ! 2. Fremdsprache. Band 1-Grammatikheft<\/td>\n<\/tr>\n<tr style=\"height: 15.0pt\">\n<td style=\"height: 15.0pt\" height=\"20\">Reihe:<\/td>\n<td>\u00c0 plus !<\/td>\n<\/tr>\n<tr style=\"height: 15.0pt\">\n<td style=\"height: 15.0pt\" height=\"20\">Seitenzahl:<\/td>\n<td class=\"xl72\">56<\/td>\n<\/tr>\n<tr style=\"height: 15.0pt\">\n<td style=\"height: 15.0pt\" height=\"20\">Sprache:<\/td>\n<td>Duits<\/td>\n<\/tr>\n<tr style=\"height: 15.0pt\">\n<td style=\"height: 15.0pt\" height=\"20\">Verlag:<\/td>\n<td>Cornelsen Verlag Gmbh, Cornelsen Verlag<\/td>\n<\/tr>\n<\/tbody>\n<\/table>","protected":false},"featured_media":77840,"comment_status":"open","ping_status":"closed","template":"","meta":{"_seopress_robots_primary_cat":"","_seopress_titles_title":"","_seopress_titles_desc":"","_seopress_robots_index":""},"product_brand":[],"product_cat":[1428,1429,1430],"product_tag":[],"class_list":{"0":"post-77714","1":"product","2":"type-product","3":"status-publish","4":"has-post-thumbnail","6":"product_cat-buecher","7":"product_cat-jugend","8":"product_cat-lehrbuecher","9":"product_shipping_class-standard-versand","11":"first","12":"instock","13":"taxable","14":"shipping-taxable","15":"purchasable","16":"product-type-simple"},"_links":{"self":[{"href":"https:\/\/www.soanam.de\/nl\/wp-json\/wp\/v2\/product\/77714","targetHints":{"allow":["GET"]}}],"collection":[{"href":"https:\/\/www.soanam.de\/nl\/wp-json\/wp\/v2\/product"}],"about":[{"href":"https:\/\/www.soanam.de\/nl\/wp-json\/wp\/v2\/types\/product"}],"replies":[{"embeddable":true,"href":"https:\/\/www.soanam.de\/nl\/wp-json\/wp\/v2\/comments?post=77714"}],"wp:featuredmedia":[{"embeddable":true,"href":"https:\/\/www.soanam.de\/nl\/wp-json\/wp\/v2\/media\/77840"}],"wp:attachment":[{"href":"https:\/\/www.soanam.de\/nl\/wp-json\/wp\/v2\/media?parent=77714"}],"wp:term":[{"taxonomy":"product_brand","embeddable":true,"href":"https:\/\/www.soanam.de\/nl\/wp-json\/wp\/v2\/product_brand?post=77714"},{"taxonomy":"product_cat","embeddable":true,"href":"https:\/\/www.soanam.de\/nl\/wp-json\/wp\/v2\/product_cat?post=77714"},{"taxonomy":"product_tag","embeddable":true,"href":"https:\/\/www.soanam.de\/nl\/wp-json\/wp\/v2\/product_tag?post=77714"}],"curies":[{"name":"wp","href":"https:\/\/api.w.org\/{rel}","templated":true}]}}