{"id":82191,"date":"2023-12-14T02:14:04","date_gmt":"2023-12-14T01:14:04","guid":{"rendered":"https:\/\/www.soanam.de\/?post_type=product&#038;p=82191"},"modified":"2023-12-14T02:21:46","modified_gmt":"2023-12-14T01:21:46","slug":"khujo-giacca-invernale-manie-in-rosso-taglia-l","status":"publish","type":"product","link":"https:\/\/www.soanam.de\/it\/produkt\/khujo-winterjacke-manie-in-rot-groesse-l\/","title":{"rendered":"Giacca invernale Khujo Manie, in rosso, taglia L"},"content":{"rendered":"<p>Parka von Khujo<br \/>\nSchwalbenschwanz umklappbar und mit Druckkn\u00f6pfen fixierbar<br \/>\nabnehmbare Kapuze mit separat abnehmbarem Kunstfell<br \/>\nverschlie\u00dfbare Patten-, Brust-, \u00c4rmel- und Innentaschen<br \/>\nKombination aus Rei\u00dfverschluss und Druckknopfleiste<br \/>\nKordelz\u00fcge an Kapuze, Taille und Saum<\/p>\n<p>Die lange khujo Jacke Manie bietet Dir alles, was Du f\u00fcr die kalte Jahreszeit brauchst.<br \/>\nDie gesteppte Wattierung, der innenliegende Strickkragen, die Strickb\u00fcndchen an den \u00c4rmeln sowie die Kombination aus Rei\u00dfverschluss und Druckknopfleiste halten Dich sch\u00f6n warm.<br \/>\nEine abnehmbare Kapuze mit separat abnehmbarem Kunstfell, der Kordelzug an der Taille und der umklappbare Schwalbenschwanz geben Dir viele M\u00f6glichkeiten f\u00fcr Deinen individuellen Style.<br \/>\nZudem bietet dieser Parka ausreichend Stauraum f\u00fcr Dein Hab und Gut dank der Innentasche, der \u00c4rmeltasche, der Rei\u00dfverschluss- und Pattentaschen.<br \/>\nAls besonderes Gadget ist in einer zus\u00e4tzlichen kleinen Innentasche ein Phone Pin enthalten.<\/p>\n<p>Material: Obermaterial: 97 % Baumwolle, 3 % Elasthan<br \/>\nFutter: 65 % Polyester, 35 % Baumwolle<br \/>\nWattierung: 100 % Polyester<br \/>\nFutter (\u00c4rmel): 100 % Polyester<br \/>\nIstruzioni per la cura: Lavare in lavatrice<\/p>\n<p>Farbe: rot<br \/>\nModello: senza<br \/>\nTaglia: L<\/p>\n<p>Larghezza della spalla: 51 cm<br \/>\nLarghezza del torace: 114 cm<br \/>\nLunghezza delle maniche: 62 cm<br \/>\nLunghezza totale: 94 cm<\/p>","protected":false},"excerpt":{"rendered":"<table class=\"dv_characteristicsTable\" style=\"height: 601px;\" width=\"420\">\n<tbody>\n<tr>\n<td class=\"left\">Dimensione<\/td>\n<td>L<\/td>\n<\/tr>\n<tr>\n<td class=\"left\">Gr\u00f6\u00dfentyp<\/td>\n<td>Normalgr\u00f6\u00dfen<\/td>\n<\/tr>\n<tr>\n<td class=\"left\">Composizione del materiale<\/td>\n<td>Obermaterial: 97 % Baumwolle, 3 % Elasthan<\/td>\n<\/tr>\n<tr>\n<td class=\"left\">Istruzioni per la cura<\/td>\n<td>Lavaggio in lavatrice<\/td>\n<\/tr>\n<tr>\n<td class=\"left\">Optik<\/td>\n<td>unifarben<\/td>\n<\/tr>\n<tr>\n<td class=\"left\">Stil<\/td>\n<td>feminin<\/td>\n<\/tr>\n<tr>\n<td class=\"left\">Colore<\/td>\n<td>rot<\/td>\n<\/tr>\n<tr>\n<td class=\"left\">Kragen<\/td>\n<td>mit Kapuze<\/td>\n<\/tr>\n<tr>\n<td class=\"left\">Foderato<\/td>\n<td>ja<\/td>\n<\/tr>\n<tr>\n<td class=\"left\">\u00c4rmel<\/td>\n<td>Manica lunga<\/td>\n<\/tr>\n<tr>\n<td class=\"left\">Rumpfabschlussdetails<\/td>\n<td>mit Kordelzug<\/td>\n<\/tr>\n<tr>\n<td class=\"left\">L\u00e4nge<\/td>\n<td>Oberschenkel<\/td>\n<\/tr>\n<tr>\n<td class=\"left\">Schnitt<\/td>\n<td>regular fit<\/td>\n<\/tr>\n<tr>\n<td class=\"left\">Verschluss<\/td>\n<td>Chiusura a zip<\/td>\n<\/tr>\n<tr>\n<td class=\"left\"><\/td>\n<td><\/td>\n<\/tr>\n<tr>\n<td class=\"left\"><\/td>\n<td><\/td>\n<\/tr>\n<tr>\n<td class=\"left\"><\/td>\n<td><\/td>\n<\/tr>\n<tr>\n<td class=\"left\"><\/td>\n<td><\/td>\n<\/tr>\n<tr>\n<td class=\"left\"><\/td>\n<td><\/td>\n<\/tr>\n<tr>\n<td class=\"left\"><\/td>\n<td><\/td>\n<\/tr>\n<\/tbody>\n<\/table>","protected":false},"featured_media":82315,"comment_status":"open","ping_status":"closed","template":"","meta":{"_seopress_robots_primary_cat":"","_seopress_titles_title":"","_seopress_titles_desc":"","_seopress_robots_index":""},"product_brand":[],"product_cat":[1348,1354,1375,1440],"product_tag":[],"class_list":{"0":"post-82191","1":"product","2":"type-product","3":"status-publish","4":"has-post-thumbnail","6":"product_cat-damen-mode","7":"product_cat-jacken-maentel","8":"product_cat-winterjacken","9":"product_cat-parkas-winterjacken","10":"product_shipping_class-standard-versand","12":"first","13":"instock","14":"taxable","15":"shipping-taxable","16":"purchasable","17":"product-type-simple"},"_links":{"self":[{"href":"https:\/\/www.soanam.de\/it\/wp-json\/wp\/v2\/product\/82191","targetHints":{"allow":["GET"]}}],"collection":[{"href":"https:\/\/www.soanam.de\/it\/wp-json\/wp\/v2\/product"}],"about":[{"href":"https:\/\/www.soanam.de\/it\/wp-json\/wp\/v2\/types\/product"}],"replies":[{"embeddable":true,"href":"https:\/\/www.soanam.de\/it\/wp-json\/wp\/v2\/comments?post=82191"}],"wp:featuredmedia":[{"embeddable":true,"href":"https:\/\/www.soanam.de\/it\/wp-json\/wp\/v2\/media\/82315"}],"wp:attachment":[{"href":"https:\/\/www.soanam.de\/it\/wp-json\/wp\/v2\/media?parent=82191"}],"wp:term":[{"taxonomy":"product_brand","embeddable":true,"href":"https:\/\/www.soanam.de\/it\/wp-json\/wp\/v2\/product_brand?post=82191"},{"taxonomy":"product_cat","embeddable":true,"href":"https:\/\/www.soanam.de\/it\/wp-json\/wp\/v2\/product_cat?post=82191"},{"taxonomy":"product_tag","embeddable":true,"href":"https:\/\/www.soanam.de\/it\/wp-json\/wp\/v2\/product_tag?post=82191"}],"curies":[{"name":"wp","href":"https:\/\/api.w.org\/{rel}","templated":true}]}}