{"id":82130,"date":"2023-12-14T02:12:47","date_gmt":"2023-12-14T01:12:47","guid":{"rendered":"https:\/\/www.soanam.de\/?post_type=product&#038;p=82130"},"modified":"2023-12-14T02:15:36","modified_gmt":"2023-12-14T01:15:36","slug":"polarino-wattierter-funktionsparka-in-marine-groesse-62","status":"publish","type":"product","link":"https:\/\/www.soanam.de\/it\/produkt\/polarino-wattierter-funktionsparka-in-marine-groesse-62\/","title":{"rendered":"Parka funzionale imbottito Polarino, in blu, taglia 62"},"content":{"rendered":"<p>Outdoorparka mit abnehmbarer Kapuze von Polarino<br \/>\n6 Au\u00dfentaschen und 2 Innentaschen<br \/>\nAtmungsaktiv, winddicht und wasserdicht.<br \/>\nWassers\u00e4ule 5000mm. Verschwei\u00dfte N\u00e4hte<br \/>\nWarm wattiert und Innenfutter gesteppt<br \/>\nViele modische Details<\/p>\n<p>Der strapazierf\u00e4hige Parka von Polarino bek\u00e4mpft eisige Temperaturen mit der w\u00e4rmenden Funktion des gesteppten Innenfutters mit dichter Wattierung.<br \/>\nZus\u00e4tzlich sch\u00fctzt das Outdoor-Piece mit der wind- und wasserdichten Qualit\u00e4t und der Wassers\u00e4ule von 5000 mm vor dem Eindringen von N\u00e4sse, w\u00e4hrend die atmungsaktive Verarbeitung einen hohen Wohlf\u00fchlfaktor verspricht.<br \/>\nVerschwei\u00dfte N\u00e4hte sowie elastische B\u00fcndchen mit verstellbaren Riegeln an den \u00c4rmelenden bieten eine hohe Funktionalit\u00e4t.<br \/>\nDer hochabschlie\u00dfende Stehkragen bietet individuelle Stylingm\u00f6glichkeiten und l\u00e4sst sich je nach Wetterlage mit und ohne Kapuze ausf\u00fchren.<br \/>\nNapoleontaschen sowie ger\u00e4umige XL-Pattentaschen bieten ausreichend Platz.<\/p>\n<p>Materiale: poliestere 100%<br \/>\nIstruzioni per la cura: Lavare in lavatrice<\/p>\n<p>Colore: blu scuro<br \/>\nModello: senza<br \/>\nGr\u00f6\u00dfe: 62<\/p>\n<p>Larghezza della spalla: 55 cm<br \/>\nBrustweite: 146cm<br \/>\nLunghezza delle maniche: 74 cm<br \/>\nLunghezza totale: 97 cm<\/p>\n<p>&nbsp;<\/p>\n<p>Questo nuovo articolo \u00e8 un reso del cliente senza etichetta.<\/p>","protected":false},"excerpt":{"rendered":"<table class=\"dv_characteristicsTable\">\n<tbody>\n<tr>\n<td class=\"left\">Dimensione<\/td>\n<td>62<\/td>\n<\/tr>\n<tr>\n<td class=\"left\">Gr\u00f6\u00dfentyp<\/td>\n<td>Normalgr\u00f6\u00dfen<\/td>\n<\/tr>\n<tr>\n<td class=\"left\">Composizione del materiale<\/td>\n<td>Obermaterial: 100% Polyester\u00a0. Futter: 100% Polyester. Wattierung: 100% Polyester<\/td>\n<\/tr>\n<tr>\n<td class=\"left\">Materialeigenschaften<\/td>\n<td>atmungsaktiv, winddicht, wasserdicht<\/td>\n<\/tr>\n<tr>\n<td class=\"left\">Wassers\u00e4ule<\/td>\n<td>5000 mm<\/td>\n<\/tr>\n<tr>\n<td class=\"left\">Istruzioni per la cura<\/td>\n<td>Lavaggio in lavatrice<\/td>\n<\/tr>\n<tr>\n<td class=\"left\">Stil<\/td>\n<td>sportlich<\/td>\n<\/tr>\n<tr>\n<td class=\"left\">Colore<\/td>\n<td>marino<\/td>\n<\/tr>\n<tr>\n<td class=\"left\">\u00c4rmeldetails<\/td>\n<td>mit Riegel<\/td>\n<\/tr>\n<tr>\n<td class=\"left\">\u00c4rmelabschluss<\/td>\n<td>Rippstrickb\u00fcndchen<\/td>\n<\/tr>\n<tr>\n<td class=\"left\">Cappuccio<\/td>\n<td>mit Kapuze<\/td>\n<\/tr>\n<tr>\n<td class=\"left\">Kapuzendetails<\/td>\n<td>abnehmbar, Kante mit Gummizug verstellbar, Weite regulierbar<\/td>\n<\/tr>\n<tr>\n<td class=\"left\">Kapuzenf\u00fctterung<\/td>\n<td>gef\u00fcttert<\/td>\n<\/tr>\n<tr>\n<td class=\"left\">Applikationen<\/td>\n<td>Badge<\/td>\n<\/tr>\n<tr>\n<td class=\"left\">Verschluss<\/td>\n<td>2-Wege-Rei\u00dfverschluss<\/td>\n<\/tr>\n<tr>\n<td class=\"left\">Verschlussdetails<\/td>\n<td>mit Windschutzblende<\/td>\n<\/tr>\n<tr>\n<td class=\"left\">Besondere Merkmale<\/td>\n<td>mit Rei\u00dfverschluss und Windschutzblende<\/td>\n<\/tr>\n<\/tbody>\n<\/table>","protected":false},"featured_media":82260,"comment_status":"open","ping_status":"closed","template":"","meta":{"_seopress_robots_primary_cat":"","_seopress_titles_title":"","_seopress_titles_desc":"","_seopress_robots_index":""},"product_brand":[],"product_cat":[1345,1363,1377,1389],"product_tag":[],"class_list":{"0":"post-82130","1":"product","2":"type-product","3":"status-publish","4":"has-post-thumbnail","6":"product_cat-herrenmode","7":"product_cat-jacken-maentel-herrenmode","8":"product_cat-winterjacken-jacken-maentel-herrenmode","9":"product_cat-parkas","10":"product_shipping_class-standard-versand","12":"first","13":"instock","14":"sale","15":"taxable","16":"shipping-taxable","17":"purchasable","18":"product-type-simple"},"_links":{"self":[{"href":"https:\/\/www.soanam.de\/it\/wp-json\/wp\/v2\/product\/82130","targetHints":{"allow":["GET"]}}],"collection":[{"href":"https:\/\/www.soanam.de\/it\/wp-json\/wp\/v2\/product"}],"about":[{"href":"https:\/\/www.soanam.de\/it\/wp-json\/wp\/v2\/types\/product"}],"replies":[{"embeddable":true,"href":"https:\/\/www.soanam.de\/it\/wp-json\/wp\/v2\/comments?post=82130"}],"wp:featuredmedia":[{"embeddable":true,"href":"https:\/\/www.soanam.de\/it\/wp-json\/wp\/v2\/media\/82260"}],"wp:attachment":[{"href":"https:\/\/www.soanam.de\/it\/wp-json\/wp\/v2\/media?parent=82130"}],"wp:term":[{"taxonomy":"product_brand","embeddable":true,"href":"https:\/\/www.soanam.de\/it\/wp-json\/wp\/v2\/product_brand?post=82130"},{"taxonomy":"product_cat","embeddable":true,"href":"https:\/\/www.soanam.de\/it\/wp-json\/wp\/v2\/product_cat?post=82130"},{"taxonomy":"product_tag","embeddable":true,"href":"https:\/\/www.soanam.de\/it\/wp-json\/wp\/v2\/product_tag?post=82130"}],"curies":[{"name":"wp","href":"https:\/\/api.w.org\/{rel}","templated":true}]}}