{"id":82058,"date":"2023-12-14T02:11:26","date_gmt":"2023-12-14T01:11:26","guid":{"rendered":"https:\/\/www.soanam.de\/?post_type=product&#038;p=82058"},"modified":"2023-12-14T02:13:44","modified_gmt":"2023-12-14T01:13:44","slug":"alife-and-kickin-steppmantel-junaak-in-weiss-groesse-xl","status":"publish","type":"product","link":"https:\/\/www.soanam.de\/it\/produkt\/alife-and-kickin-steppmantel-junaak-in-weiss-groesse-xl\/","title":{"rendered":"Cappotto trapuntato Alife e Kickin JunaAK , in bianco, taglia XL"},"content":{"rendered":"<p>Damen Steppmantel von alife and kickin<br \/>\nMateriale resistente<br \/>\nTaglio dritto<br \/>\nCappuccio con coulisse<br \/>\nCollare stand-up<br \/>\nZweiwege-Rei\u00dfverschluss<br \/>\nRei\u00dfverschlusstaschen<br \/>\nSeitliche Rei\u00dfverschl\u00fcsse am Saum<br \/>\nStorm Cuffs<br \/>\nImbottitura<\/p>\n<p>Der Steppmantel von alife and kickin ist aus strapazierf\u00e4higem Material gefertigt und gerade geschnitten.<br \/>\nEr kommt mit Kapuze, Zweiwege-Rei\u00dfverschluss und Wattierung.<br \/>\nNat\u00fcrlich darf auch die typische Markenlabelung nicht fehlen.<\/p>\n<p>Materiale: 100 poliestere %<br \/>\nIstruzioni per la cura: Lavare in lavatrice<\/p>\n<p>Farbe: cloudy<br \/>\nModello: senza<br \/>\nTaglia: XL<\/p>\n<p>Larghezza della spalla: 50 cm<br \/>\nLarghezza del torace: 124 cm<br \/>\nLunghezza delle maniche: 72 cm<br \/>\nLunghezza totale: 111 cm<\/p>","protected":false},"excerpt":{"rendered":"<p>Stil: Mantel<\/p>\n<p>Passform: Regular Fit<\/p>\n<p>W\u00e4rmegrad: Warm<\/p>\n<p>Wasserfestigkeit: Wasserabweisend<\/p>\n<p>Atmungsaktivit\u00e4t: Atmungsaktiv<\/p>\n<p>Kapuze: Kapuze mit Kordelzug<\/p>\n<p>Kragen: Erh\u00f6hter Kragen<\/p>\n<p>Rei\u00dfverschluss: Durchgehender Frontrei\u00dfverschluss, Rei\u00dfverschluss mit Kinnschutz<\/p>\n<p>Taschen: Seitentaschen<\/p>\n<p>\u00c4rmel: Gerippte \u00c4rmelb\u00fcndchen<\/p>\n<p>Bund: Gerippter Bund, Seitliche Rei\u00dfverschl\u00fcsse<\/p>\n<p>Look: Unifarben<\/p>\n<p>Logodetails: Kunstleder-Patch, Logostick, Logoemblem<\/p>\n<p>Futter: Stretchtaft<\/p>\n<p>F\u00fcllung: Synthetik-Wattierung<\/p>\n<p>Beschaffenheit: Windabweisendes Material<\/p>\n<p>HerstellerFarbe: cloudy<\/p>","protected":false},"featured_media":82172,"comment_status":"open","ping_status":"closed","template":"","meta":{"_seopress_robots_primary_cat":"","_seopress_titles_title":"","_seopress_titles_desc":"","_seopress_robots_index":""},"product_brand":[],"product_cat":[1348,1354,1356],"product_tag":[],"class_list":{"0":"post-82058","1":"product","2":"type-product","3":"status-publish","4":"has-post-thumbnail","6":"product_cat-damen-mode","7":"product_cat-jacken-maentel","8":"product_cat-wintermaentel","9":"product_shipping_class-standard-versand","11":"first","12":"instock","13":"taxable","14":"shipping-taxable","15":"purchasable","16":"product-type-simple"},"_links":{"self":[{"href":"https:\/\/www.soanam.de\/it\/wp-json\/wp\/v2\/product\/82058","targetHints":{"allow":["GET"]}}],"collection":[{"href":"https:\/\/www.soanam.de\/it\/wp-json\/wp\/v2\/product"}],"about":[{"href":"https:\/\/www.soanam.de\/it\/wp-json\/wp\/v2\/types\/product"}],"replies":[{"embeddable":true,"href":"https:\/\/www.soanam.de\/it\/wp-json\/wp\/v2\/comments?post=82058"}],"wp:featuredmedia":[{"embeddable":true,"href":"https:\/\/www.soanam.de\/it\/wp-json\/wp\/v2\/media\/82172"}],"wp:attachment":[{"href":"https:\/\/www.soanam.de\/it\/wp-json\/wp\/v2\/media?parent=82058"}],"wp:term":[{"taxonomy":"product_brand","embeddable":true,"href":"https:\/\/www.soanam.de\/it\/wp-json\/wp\/v2\/product_brand?post=82058"},{"taxonomy":"product_cat","embeddable":true,"href":"https:\/\/www.soanam.de\/it\/wp-json\/wp\/v2\/product_cat?post=82058"},{"taxonomy":"product_tag","embeddable":true,"href":"https:\/\/www.soanam.de\/it\/wp-json\/wp\/v2\/product_tag?post=82058"}],"curies":[{"name":"wp","href":"https:\/\/api.w.org\/{rel}","templated":true}]}}