{"id":81997,"date":"2023-12-14T02:10:07","date_gmt":"2023-12-14T01:10:07","guid":{"rendered":"https:\/\/www.soanam.de\/?post_type=product&#038;p=81997"},"modified":"2023-12-14T02:12:24","modified_gmt":"2023-12-14T01:12:24","slug":"vero-moda-lederjacke-vmroycesalon-short-suede-jacket-in-schwarz-groesse-xl","status":"publish","type":"product","link":"https:\/\/www.soanam.de\/it\/produkt\/vero-moda-lederjacke-vmroycesalon-short-suede-jacket-in-schwarz-groesse-xl\/","title":{"rendered":"Vero Moda giacca in pelle VMROYCESALON GIACCA CORTA IN SUEDE, in nero, taglia XL"},"content":{"rendered":"<p>Wildlederjacke von VERO MODA<br \/>\nKurzjacke im Bikerstil<br \/>\nMit asymmetrischem Zipper<br \/>\nKurze und sehr figurbetonte Form<br \/>\nAus echtem Leder<\/p>\n<p>Der Schnitt der Vero Moda Lederjacke ist sehr figurbetont, so liegt sie nah an und betont deinen K\u00f6rper gut.<br \/>\nDie langen \u00c4rmel enden in einer 1-Knopf-Manschette, die f\u00fcr einen guten Sitz sorgt, ohne dass sie verrutschen.<br \/>\nIn den Rei\u00dfverschlusstaschen sind deine Wertsachen sicher aufbewahrt und k\u00f6nnen nicht einfach herausfallen.<br \/>\nSelbst nach l\u00e4ngerem Tragen bleibt das Material in seiner urspr\u00fcnglichen Form.<\/p>\n<p>Material: 100% Schweinsleder<br \/>\nIstruzioni per la cura: Pulizia della pelle<\/p>\n<p>Colore: nero<br \/>\nModello: senza<br \/>\nTaglia: XL<\/p>\n<p>Larghezza della spalla: 44 cm<br \/>\nLarghezza del torace: 105 cm<br \/>\nLunghezza delle maniche: 62 cm<br \/>\nLunghezza totale: 54 cm<\/p>","protected":false},"excerpt":{"rendered":"<table class=\"dv_characteristicsTable\">\n<tbody>\n<tr>\n<td class=\"left\">Dimensione<\/td>\n<td>XL<\/td>\n<\/tr>\n<tr>\n<td class=\"left\">Gr\u00f6\u00dfentyp<\/td>\n<td>Normalgr\u00f6\u00dfen<\/td>\n<\/tr>\n<tr>\n<td class=\"left\">Composizione del materiale<\/td>\n<td>Obermaterial: 100% Schweinsleder<\/td>\n<\/tr>\n<tr>\n<td class=\"left\">Materialart Innenfutter<\/td>\n<td>Web<\/td>\n<\/tr>\n<tr>\n<td class=\"left\">Materialeigenschaften<\/td>\n<td>nicht elastisch<\/td>\n<\/tr>\n<tr>\n<td class=\"left\">Istruzioni per la cura<\/td>\n<td>Lederreinigung<\/td>\n<\/tr>\n<tr>\n<td class=\"left\">Optik<\/td>\n<td>unifarben<\/td>\n<\/tr>\n<tr>\n<td class=\"left\">Stil<\/td>\n<td>modisch<\/td>\n<\/tr>\n<tr>\n<td class=\"left\">Colore<\/td>\n<td>black<\/td>\n<\/tr>\n<tr>\n<td class=\"left\">\u00c4rmel<\/td>\n<td>Manica lunga<\/td>\n<\/tr>\n<tr>\n<td class=\"left\">\u00c4rmelabschluss<\/td>\n<td>1-Knopf-Manschette<\/td>\n<\/tr>\n<tr>\n<td class=\"left\">In forma<\/td>\n<td>sehr figurbetont<\/td>\n<\/tr>\n<tr>\n<td class=\"left\">Herstellerpassform<\/td>\n<td>regular fit<\/td>\n<\/tr>\n<tr>\n<td class=\"left\">Borse<\/td>\n<td>Rei\u00dfverschlusstaschen<\/td>\n<\/tr>\n<tr>\n<td class=\"left\">Verschluss<\/td>\n<td>Chiusura a zip<\/td>\n<\/tr>\n<tr>\n<td class=\"left\">Verschlussdetails<\/td>\n<td>asymmetrisch<\/td>\n<\/tr>\n<tr>\n<td class=\"left\">Gr\u00f6\u00dfenhinweis<\/td>\n<td>F\u00e4llt eng aus, bitte eine Gr\u00f6\u00dfe gr\u00f6\u00dfer bestellen.<\/td>\n<\/tr>\n<\/tbody>\n<\/table>","protected":false},"featured_media":82108,"comment_status":"open","ping_status":"closed","template":"","meta":{"_seopress_robots_primary_cat":"","_seopress_titles_title":"","_seopress_titles_desc":"","_seopress_robots_index":""},"product_brand":[],"product_cat":[1348,1354,1405],"product_tag":[],"class_list":{"0":"post-81997","1":"product","2":"type-product","3":"status-publish","4":"has-post-thumbnail","6":"product_cat-damen-mode","7":"product_cat-jacken-maentel","8":"product_cat-lederjacken-jacken-maentel","9":"product_shipping_class-standard-versand","11":"first","12":"instock","13":"taxable","14":"shipping-taxable","15":"purchasable","16":"product-type-simple"},"_links":{"self":[{"href":"https:\/\/www.soanam.de\/it\/wp-json\/wp\/v2\/product\/81997","targetHints":{"allow":["GET"]}}],"collection":[{"href":"https:\/\/www.soanam.de\/it\/wp-json\/wp\/v2\/product"}],"about":[{"href":"https:\/\/www.soanam.de\/it\/wp-json\/wp\/v2\/types\/product"}],"replies":[{"embeddable":true,"href":"https:\/\/www.soanam.de\/it\/wp-json\/wp\/v2\/comments?post=81997"}],"wp:featuredmedia":[{"embeddable":true,"href":"https:\/\/www.soanam.de\/it\/wp-json\/wp\/v2\/media\/82108"}],"wp:attachment":[{"href":"https:\/\/www.soanam.de\/it\/wp-json\/wp\/v2\/media?parent=81997"}],"wp:term":[{"taxonomy":"product_brand","embeddable":true,"href":"https:\/\/www.soanam.de\/it\/wp-json\/wp\/v2\/product_brand?post=81997"},{"taxonomy":"product_cat","embeddable":true,"href":"https:\/\/www.soanam.de\/it\/wp-json\/wp\/v2\/product_cat?post=81997"},{"taxonomy":"product_tag","embeddable":true,"href":"https:\/\/www.soanam.de\/it\/wp-json\/wp\/v2\/product_tag?post=81997"}],"curies":[{"name":"wp","href":"https:\/\/api.w.org\/{rel}","templated":true}]}}