{"id":79971,"date":"2023-12-13T23:55:05","date_gmt":"2023-12-13T22:55:05","guid":{"rendered":"https:\/\/www.soanam.de\/?post_type=product&#038;p=79971"},"modified":"2023-12-13T23:59:28","modified_gmt":"2023-12-13T22:59:28","slug":"hardshell-matte-case-cover-fuer-macbook-air-13-a1932-a2179-2020-pro-16-a2141","status":"publish","type":"product","link":"https:\/\/www.soanam.de\/it\/produkt\/hardshell-matte-case-cover-fuer-macbook-air-13-a1932-a2179-2020-pro-16-a2141\/","title":{"rendered":"Custodia Hardshell Matte Cover per Macbook Air 13\" A1932\/A2179 2020 Pro 16\" A2141"},"content":{"rendered":"<div>\n<h3>Descrizione del<\/h3>\n<h5>Panzertasche Hard Case mit Unterlage f\u00fcr Apple Macbook Air 13 M1<\/h5>\n<p>Die Schutztasche Serie Hard Case ist eine hochwertiger Artikel f\u00fcr\u00a0<strong>Apple Macbook Air 13 M1<\/strong>. Die Schutztasche passt ideal ans Ger\u00e4t an und sch\u00fctzt es vor Verschmutzungen, Besch\u00e4digungen und Rissen.<\/p>\n<p>Die Schutztasche weist ein schlichtes und elegantes Design auf, das dank einer matten Struktur lange sauber und \u00e4sthetisch bleibt, ohne sichtbare Fingerabdr\u00fccke. Die Schutztasche mit dem anspruchslosen Design ist perfekt f\u00fcr wichtigere Momente und ein eleganter Zubeh\u00f6r.<\/p>\n<p>Die Panzertasche ist mit folgenden Modellen kompatibel: <strong>A2179, A2337<\/strong><\/p>\n<\/div>\n<div>\n<div>F\u00fcr Macbook Pro 16\" A2141<\/div>\n<div><\/div>\n<div><strong>In sintesi<\/strong><\/div>\n<div><\/div>\n<\/div>\n<div>Aus hochwertigem Material<br \/>\nProblemloser Zugriff auf alle Anschl\u00fcsse und Steckpl\u00e4tze<br \/>\nRutschfeste F\u00fc\u00dfe<br \/>\nVerst\u00e4rkte Ecken<br \/>\nEingebaute klappbare F\u00fc\u00dfe<br \/>\nIdeal ans Ger\u00e4t angepasst<br \/>\nAnspruchsloses Design<br \/>\nEinfache Montage und Demontage<br \/>\nKompatibel mit: A2179, A2337<\/div>","protected":false},"excerpt":{"rendered":"<h3>Caratteristiche dell'articolo<\/h3>\n<p>Condizione dell'articolo: Nuovo con etichetta: articolo nuovo, non usato e non indossato nella sua confezione originale.<\/p>\n<table border=\"0\" frame=\"VOID\" rules=\"NONE\" cellspacing=\"0\">\n<colgroup>\n<col width=\"166\" \/>\n<col width=\"296\" \/><\/colgroup>\n<tbody>\n<tr>\n<td align=\"LEFT\" width=\"166\" height=\"17\">Caratteristiche speciali:<\/td>\n<td align=\"LEFT\" width=\"296\">Anti-Rutsch, Faltbar<\/td>\n<\/tr>\n<tr>\n<td align=\"LEFT\" height=\"17\">EAN:<\/td>\n<td align=\"LEFT\">5907765652695<\/td>\n<\/tr>\n<tr>\n<td align=\"LEFT\" height=\"17\">Colore:<\/td>\n<td align=\"LEFT\">grau<\/td>\n<\/tr>\n<tr>\n<td align=\"LEFT\" height=\"17\"><\/td>\n<td align=\"LEFT\"><\/td>\n<\/tr>\n<tr>\n<td align=\"LEFT\" height=\"17\">Altezza:<\/td>\n<td align=\"LEFT\">nicht zutreffend<\/td>\n<\/tr>\n<tr>\n<td align=\"LEFT\" height=\"17\">Kompatibel mit Laptopgr\u00f6\u00dfe:<\/td>\n<td align=\"LEFT\">Apple MacBook Air 13 M1<\/td>\n<\/tr>\n<tr>\n<td align=\"LEFT\" height=\"17\">Materiale:<\/td>\n<td align=\"LEFT\">Polycarbonat<\/td>\n<\/tr>\n<tr>\n<td align=\"LEFT\" height=\"17\">Modell:<\/td>\n<td align=\"LEFT\">MacBook Air 13 M1<\/td>\n<\/tr>\n<tr>\n<td align=\"LEFT\" height=\"17\">Modello:<\/td>\n<td align=\"LEFT\">nicht zutreffend<\/td>\n<\/tr>\n<tr>\n<td align=\"LEFT\" height=\"17\">Produktart:<\/td>\n<td align=\"LEFT\">Hard Case Klapptasche<\/td>\n<\/tr>\n<\/tbody>\n<\/table>","protected":false},"featured_media":80107,"comment_status":"open","ping_status":"closed","template":"","meta":{"_seopress_robots_primary_cat":"","_seopress_titles_title":"","_seopress_titles_desc":"","_seopress_robots_index":""},"product_brand":[],"product_cat":[1730],"product_tag":[],"class_list":{"0":"post-79971","1":"product","2":"type-product","3":"status-publish","4":"has-post-thumbnail","6":"product_cat-sonstiges-2","7":"product_shipping_class-standard-versand","9":"first","10":"instock","11":"sale","12":"taxable","13":"shipping-taxable","14":"purchasable","15":"product-type-simple"},"_links":{"self":[{"href":"https:\/\/www.soanam.de\/it\/wp-json\/wp\/v2\/product\/79971","targetHints":{"allow":["GET"]}}],"collection":[{"href":"https:\/\/www.soanam.de\/it\/wp-json\/wp\/v2\/product"}],"about":[{"href":"https:\/\/www.soanam.de\/it\/wp-json\/wp\/v2\/types\/product"}],"replies":[{"embeddable":true,"href":"https:\/\/www.soanam.de\/it\/wp-json\/wp\/v2\/comments?post=79971"}],"wp:featuredmedia":[{"embeddable":true,"href":"https:\/\/www.soanam.de\/it\/wp-json\/wp\/v2\/media\/80107"}],"wp:attachment":[{"href":"https:\/\/www.soanam.de\/it\/wp-json\/wp\/v2\/media?parent=79971"}],"wp:term":[{"taxonomy":"product_brand","embeddable":true,"href":"https:\/\/www.soanam.de\/it\/wp-json\/wp\/v2\/product_brand?post=79971"},{"taxonomy":"product_cat","embeddable":true,"href":"https:\/\/www.soanam.de\/it\/wp-json\/wp\/v2\/product_cat?post=79971"},{"taxonomy":"product_tag","embeddable":true,"href":"https:\/\/www.soanam.de\/it\/wp-json\/wp\/v2\/product_tag?post=79971"}],"curies":[{"name":"wp","href":"https:\/\/api.w.org\/{rel}","templated":true}]}}