{"id":79182,"date":"2023-12-13T22:33:58","date_gmt":"2023-12-13T21:33:58","guid":{"rendered":"https:\/\/www.soanam.de\/?post_type=product&#038;p=79182"},"modified":"2023-12-13T22:36:42","modified_gmt":"2023-12-13T21:36:42","slug":"cappotto-donna-giacca-comfort-bi-elastico-traspirante-in-melba-taglia-40","status":"publish","type":"product","link":"https:\/\/www.soanam.de\/it\/produkt\/damen-manteljacke-komfort-bi-elastisch-atmungsaktiv-in-melba-gr-40\/","title":{"rendered":"Giacca da donna comfort, bielastica, traspirante, in melba, taglia 40"},"content":{"rendered":"<h3>Descrizione del<\/h3>\n<p>Sie hat die typischen Stilelemente des Trenchcoats: die Manteljacke mit gro\u00dfen Kn\u00f6pfen, Koller, \u00c4rmelriegeln, Stehkragen. Was nat\u00fcrlich auch sofort auff\u00e4llt, ist der frische, aktuelle Melba-Ton. Aber dieses Modell hat noch mehr zu bieten! Denn auch der Stoff ist besonders; die Baumwollmischung ist bi-elastisch und bietet Ihnen daher ein H\u00f6chstma\u00df an Komfort. Dabei bleibt der Stoff weich, atmungsaktiv und ist knitterunempfindlich. Die L\u00e4ngsteilungsn\u00e4hte sorgen f\u00fcr einen guten Sitz. Wenn das nicht Ihr liebster Begleiter f\u00fcr ansteigende Temperaturen wird.<\/p>\n<p><strong>Verarbeitung<\/strong>:<\/p>\n<p>Stehkragen.<br \/>\nAuf 5 Schmuckkn\u00f6pfe zu schlie\u00dfen.<br \/>\n2 Leistentaschen.<br \/>\n\u00c4rmelriegel.<br \/>\nAbgesteppte Teilungsn\u00e4hte,<br \/>\nKoller vorne.<br \/>\nInnen: 2 kn\u00f6pfbare Taschen.<br \/>\nL\u00e4nge ca. 80 cm in Gr. 42<br \/>\nFutter: 100% Polyester.<\/p>\n<p>Material: 59% Baumwolle, 30% Polyester, 11% Elasthan.<br \/>\nWaschmaschinenfest und pflegeleicht.<\/p>","protected":false},"excerpt":{"rendered":"<h3>Caratteristiche dell'articolo<\/h3>\n<p>Condizione dell'articolo: Nuovo con etichetta: articolo nuovo, non usato e non indossato nella sua confezione originale.<\/p>\n<table border=\"0\" frame=\"VOID\" rules=\"NONE\" cellspacing=\"0\">\n<colgroup>\n<col width=\"141\" \/>\n<col width=\"198\" \/><\/colgroup>\n<tbody>\n<tr>\n<td align=\"LEFT\" width=\"141\" height=\"17\">Abteilung:<\/td>\n<td align=\"LEFT\" width=\"198\">Damen<\/td>\n<\/tr>\n<tr>\n<td align=\"LEFT\" height=\"17\">Anlass:<\/td>\n<td align=\"LEFT\">Business, Freizeit<\/td>\n<\/tr>\n<tr>\n<td align=\"LEFT\" height=\"17\">Au\u00dfenmaterial:<\/td>\n<td align=\"LEFT\">Baumwolle, Polyester, Elastan<\/td>\n<\/tr>\n<tr>\n<td align=\"LEFT\" height=\"17\">Caratteristiche speciali:<\/td>\n<td align=\"LEFT\">Traspirante<\/td>\n<\/tr>\n<tr>\n<td align=\"LEFT\" height=\"17\">Charakter:<\/td>\n<td align=\"LEFT\">ohne<\/td>\n<\/tr>\n<tr>\n<td align=\"LEFT\" height=\"17\">Colore:<\/td>\n<td align=\"LEFT\">Melba<\/td>\n<\/tr>\n<tr>\n<td align=\"LEFT\" height=\"17\">Futtermaterial:<\/td>\n<td align=\"LEFT\">Poliestere<\/td>\n<\/tr>\n<tr>\n<td align=\"LEFT\" height=\"17\">Gewebeart:<\/td>\n<td align=\"LEFT\">Mischgewebe<\/td>\n<\/tr>\n<tr>\n<td align=\"LEFT\" height=\"17\">Gr\u00f6\u00dfe:<\/td>\n<td align=\"LEFT\">40<\/td>\n<\/tr>\n<tr>\n<td align=\"LEFT\" height=\"17\">Gr\u00f6\u00dfenkategorie:<\/td>\n<td align=\"LEFT\">Normalgr\u00f6\u00dfe<\/td>\n<\/tr>\n<tr>\n<td align=\"LEFT\" height=\"17\">Jacken \/ Mantell\u00e4nge:<\/td>\n<td align=\"LEFT\">Halblang<\/td>\n<\/tr>\n<tr>\n<td align=\"LEFT\" height=\"17\">Jahreszeit:<\/td>\n<td align=\"LEFT\">Fr\u00fchling<\/td>\n<\/tr>\n<tr>\n<td align=\"LEFT\" height=\"17\">Marke:<\/td>\n<td align=\"LEFT\">Walbusch<\/td>\n<\/tr>\n<tr>\n<td align=\"LEFT\" height=\"17\">Modell:<\/td>\n<td align=\"LEFT\">Melba<\/td>\n<\/tr>\n<tr>\n<td align=\"LEFT\" height=\"17\">Modello:<\/td>\n<td align=\"LEFT\">Ohne Muster<\/td>\n<\/tr>\n<tr>\n<td align=\"LEFT\" height=\"17\">Produktart:<\/td>\n<td align=\"LEFT\">Mantel<\/td>\n<\/tr>\n<tr>\n<td align=\"LEFT\" height=\"17\">Stil:<\/td>\n<td align=\"LEFT\">Trenchcoat<\/td>\n<\/tr>\n<tr>\n<td align=\"LEFT\" height=\"17\">Thema:<\/td>\n<td align=\"LEFT\">Elegant<\/td>\n<\/tr>\n<tr>\n<td align=\"LEFT\" height=\"17\">Verschluss:<\/td>\n<td align=\"LEFT\">Knopf<\/td>\n<\/tr>\n<tr>\n<td align=\"LEFT\" height=\"17\">Vintage:<\/td>\n<td align=\"LEFT\">Nein<\/td>\n<\/tr>\n<\/tbody>\n<\/table>","protected":false},"featured_media":79292,"comment_status":"open","ping_status":"closed","template":"","meta":{"_seopress_robots_primary_cat":"","_seopress_titles_title":"","_seopress_titles_desc":"","_seopress_robots_index":""},"product_brand":[],"product_cat":[1348,1354,1355,1356],"product_tag":[],"class_list":{"0":"post-79182","1":"product","2":"type-product","3":"status-publish","4":"has-post-thumbnail","6":"product_cat-damen-mode","7":"product_cat-jacken-maentel","8":"product_cat-maentel","9":"product_cat-wintermaentel","10":"product_shipping_class-standard-versand","12":"first","13":"instock","14":"sale","15":"taxable","16":"shipping-taxable","17":"purchasable","18":"product-type-simple"},"_links":{"self":[{"href":"https:\/\/www.soanam.de\/it\/wp-json\/wp\/v2\/product\/79182","targetHints":{"allow":["GET"]}}],"collection":[{"href":"https:\/\/www.soanam.de\/it\/wp-json\/wp\/v2\/product"}],"about":[{"href":"https:\/\/www.soanam.de\/it\/wp-json\/wp\/v2\/types\/product"}],"replies":[{"embeddable":true,"href":"https:\/\/www.soanam.de\/it\/wp-json\/wp\/v2\/comments?post=79182"}],"wp:featuredmedia":[{"embeddable":true,"href":"https:\/\/www.soanam.de\/it\/wp-json\/wp\/v2\/media\/79292"}],"wp:attachment":[{"href":"https:\/\/www.soanam.de\/it\/wp-json\/wp\/v2\/media?parent=79182"}],"wp:term":[{"taxonomy":"product_brand","embeddable":true,"href":"https:\/\/www.soanam.de\/it\/wp-json\/wp\/v2\/product_brand?post=79182"},{"taxonomy":"product_cat","embeddable":true,"href":"https:\/\/www.soanam.de\/it\/wp-json\/wp\/v2\/product_cat?post=79182"},{"taxonomy":"product_tag","embeddable":true,"href":"https:\/\/www.soanam.de\/it\/wp-json\/wp\/v2\/product_tag?post=79182"}],"curies":[{"name":"wp","href":"https:\/\/api.w.org\/{rel}","templated":true}]}}