{"id":78923,"date":"2023-12-13T21:55:59","date_gmt":"2023-12-13T20:55:59","guid":{"rendered":"https:\/\/www.soanam.de\/?post_type=product&#038;p=78923"},"modified":"2023-12-13T21:58:03","modified_gmt":"2023-12-13T20:58:03","slug":"desigual-anorak-lena-kapuze-reissverschlusstaschen-weinrot-gr-s","status":"publish","type":"product","link":"https:\/\/www.soanam.de\/it\/produkt\/desigual-anorak-lena-kapuze-reissverschlusstaschen-weinrot-gr-s\/","title":{"rendered":"Giacca a vento Desigual \"Lena\", cappuccio, tasche con zip, rosso vino, taglia S"},"content":{"rendered":"<h3>Descrizione del<\/h3>\n<p>Roter Anorak f\u00fcr Damen. Modell im Slim Fit mit Rei\u00dfverschluss, quer verlaufendem Steppmuster und hinten verst\u00e4rkter Taille. Kapuze mit Kragen, zwei Rei\u00dfverschlusstaschen und Druckkn\u00f6pfe an den \u00c4rmelb\u00fcndchen f\u00fcr besonders kalte Tage. Enth\u00e4lt recycelte Materialien.<\/p>\n<p><strong>Produktdetails:<\/strong><\/p>\n<p>Produktart: Jacken<br \/>\nProdukttyp: Softshelljacke<br \/>\nDesign: Uni<br \/>\nZielgruppe: Damen<br \/>\nFarbe: rot<br \/>\nTaglia: S<br \/>\nMateriale: poliestere 100%<br \/>\nPflegehinweis: nicht Bleichen - 30\u00b0C Pflegeleicht - nicht im W\u00e4schetrockner trocknen - Hei\u00df b\u00fcgeln - nicht mit L\u00f6semitteln behandeln<\/p>","protected":false},"excerpt":{"rendered":"<h3>Caratteristiche dell'articolo<\/h3>\n<p>Condizione dell'articolo: Nuovo con etichetta: articolo nuovo, non usato e non indossato nella sua confezione originale.<\/p>\n<table border=\"0\" frame=\"VOID\" rules=\"NONE\" cellspacing=\"0\">\n<colgroup>\n<col width=\"141\" \/>\n<col width=\"281\" \/><\/colgroup>\n<tbody>\n<tr>\n<td align=\"LEFT\" width=\"141\" height=\"17\">Au\u00dfenmaterial:<\/td>\n<td align=\"LEFT\" width=\"281\">Poliestere<\/td>\n<\/tr>\n<tr>\n<td align=\"LEFT\" height=\"17\">Caratteristiche speciali:<\/td>\n<td align=\"LEFT\">Abnehmbare Kapuze, Rei\u00dfverschlusstasche<\/td>\n<\/tr>\n<tr>\n<td align=\"LEFT\" height=\"17\">Charakter:<\/td>\n<td align=\"LEFT\">ohne<\/td>\n<\/tr>\n<tr>\n<td align=\"LEFT\" height=\"17\">EAN:<\/td>\n<td align=\"LEFT\">8445110099278<\/td>\n<\/tr>\n<tr>\n<td align=\"LEFT\" height=\"17\">Colore:<\/td>\n<td align=\"LEFT\">Rosso<\/td>\n<\/tr>\n<tr>\n<td align=\"LEFT\" height=\"17\">Futtermaterial:<\/td>\n<td align=\"LEFT\">Poliestere<\/td>\n<\/tr>\n<tr>\n<td align=\"LEFT\" height=\"17\">Gewebeart:<\/td>\n<td align=\"LEFT\">Softshell<\/td>\n<\/tr>\n<tr>\n<td align=\"LEFT\" height=\"17\">Gr\u00f6\u00dfe:<\/td>\n<td align=\"LEFT\">S<\/td>\n<\/tr>\n<tr>\n<td align=\"LEFT\" height=\"17\">Gr\u00f6\u00dfenkategorie:<\/td>\n<td align=\"LEFT\">Normalgr\u00f6\u00dfe<\/td>\n<\/tr>\n<tr>\n<td align=\"LEFT\" height=\"17\">Isoliermaterial:<\/td>\n<td align=\"LEFT\">Poliestere<\/td>\n<\/tr>\n<tr>\n<td align=\"LEFT\" height=\"17\">Jacken-\/Mantell\u00e4nge:<\/td>\n<td align=\"LEFT\">Halblang<\/td>\n<\/tr>\n<tr>\n<td align=\"LEFT\" height=\"17\">Jahreszeit:<\/td>\n<td align=\"LEFT\">Fr\u00fchling, Herbst, Winter<\/td>\n<\/tr>\n<tr>\n<td align=\"LEFT\" height=\"17\">Marke:<\/td>\n<td align=\"LEFT\">Desigual<\/td>\n<\/tr>\n<tr>\n<td align=\"LEFT\" height=\"17\">Modell:<\/td>\n<td align=\"LEFT\">Lena<\/td>\n<\/tr>\n<tr>\n<td align=\"LEFT\" height=\"17\">Modello:<\/td>\n<td align=\"LEFT\">Ohne Muster<\/td>\n<\/tr>\n<tr>\n<td align=\"LEFT\" height=\"17\">Produktart:<\/td>\n<td align=\"LEFT\">Jacke<\/td>\n<\/tr>\n<tr>\n<td align=\"LEFT\" height=\"17\">Stil:<\/td>\n<td align=\"LEFT\">Anorak<\/td>\n<\/tr>\n<tr>\n<td align=\"LEFT\" height=\"17\">Thema:<\/td>\n<td align=\"LEFT\">Outdoor<\/td>\n<\/tr>\n<tr>\n<td align=\"LEFT\" height=\"17\">Verschluss:<\/td>\n<td align=\"LEFT\">Chiusura a zip<\/td>\n<\/tr>\n<tr>\n<td align=\"LEFT\" height=\"17\">Vintage:<\/td>\n<td align=\"LEFT\">Nein<\/td>\n<\/tr>\n<\/tbody>\n<\/table>","protected":false},"featured_media":79019,"comment_status":"open","ping_status":"closed","template":"","meta":{"_seopress_robots_primary_cat":"","_seopress_titles_title":"","_seopress_titles_desc":"","_seopress_robots_index":""},"product_brand":[],"product_cat":[1348,1354,1375,1548],"product_tag":[],"class_list":{"0":"post-78923","1":"product","2":"type-product","3":"status-publish","4":"has-post-thumbnail","6":"product_cat-damen-mode","7":"product_cat-jacken-maentel","8":"product_cat-winterjacken","9":"product_cat-anoraks","10":"product_shipping_class-standard-versand","12":"first","13":"instock","14":"sale","15":"taxable","16":"shipping-taxable","17":"purchasable","18":"product-type-simple"},"_links":{"self":[{"href":"https:\/\/www.soanam.de\/it\/wp-json\/wp\/v2\/product\/78923","targetHints":{"allow":["GET"]}}],"collection":[{"href":"https:\/\/www.soanam.de\/it\/wp-json\/wp\/v2\/product"}],"about":[{"href":"https:\/\/www.soanam.de\/it\/wp-json\/wp\/v2\/types\/product"}],"replies":[{"embeddable":true,"href":"https:\/\/www.soanam.de\/it\/wp-json\/wp\/v2\/comments?post=78923"}],"wp:featuredmedia":[{"embeddable":true,"href":"https:\/\/www.soanam.de\/it\/wp-json\/wp\/v2\/media\/79019"}],"wp:attachment":[{"href":"https:\/\/www.soanam.de\/it\/wp-json\/wp\/v2\/media?parent=78923"}],"wp:term":[{"taxonomy":"product_brand","embeddable":true,"href":"https:\/\/www.soanam.de\/it\/wp-json\/wp\/v2\/product_brand?post=78923"},{"taxonomy":"product_cat","embeddable":true,"href":"https:\/\/www.soanam.de\/it\/wp-json\/wp\/v2\/product_cat?post=78923"},{"taxonomy":"product_tag","embeddable":true,"href":"https:\/\/www.soanam.de\/it\/wp-json\/wp\/v2\/product_tag?post=78923"}],"curies":[{"name":"wp","href":"https:\/\/api.w.org\/{rel}","templated":true}]}}