{"id":83830,"date":"2023-12-17T23:17:17","date_gmt":"2023-12-17T22:17:17","guid":{"rendered":"https:\/\/www.soanam.de\/?post_type=product&#038;p=83830"},"modified":"2023-12-17T23:18:37","modified_gmt":"2023-12-17T22:18:37","slug":"2021-la-tribuna-vin-rouge-sec-075l-135","status":"publish","type":"product","link":"https:\/\/www.soanam.de\/fr\/produkt\/2021-la-tribuna-trocken-rotwein-075l-135\/","title":{"rendered":"2021 La Tribuna sec - Vin rouge 0,75L, 13,5%"},"content":{"rendered":"<h3>Description du produit<\/h3>\n<p>Il y a beaucoup de qualifi\u00e9s. Fin et fruit\u00e9. Transparent et frais. Aimable et s\u00e9duisant. Gr\u00e2ce \u00e0 l'association judicieuse du bois et du fruit, La Tribuna est un vin de tous les jours que l'on peut appr\u00e9cier. Quatre mois de maturation en f\u00fbts et deux mois suppl\u00e9mentaires en f\u00fbts de 7.000 litres lui conf\u00e8rent la note qui lui permet de s'\u00e9quilibrer. Un vin servi frais fonctionne \u00e9galement. En raison de sa l\u00e9g\u00e8ret\u00e9, c'est un vin aux multiples possibilit\u00e9s. Convient \u00e9galement aux v\u00e9g\u00e9taliens<\/p>\n<p>Le nez est marqu\u00e9 par un bouquet de fruits rouges frais, de violettes et de l\u00e9gers ar\u00f4mes grill\u00e9s. La bouche est large, ronde et pleine de fruits g\u00e9n\u00e9reux.<\/p>\n<p>Ce vin accompagne parfaitement les r\u00f4tis, les viandes, les rago\u00fbts et le gibier, mais il est \u00e9galement id\u00e9al avec les entr\u00e9es, les p\u00e2tes, les pizzas et la raclette.<\/p>\n<p><strong>D\u00e9tails<\/strong><\/p>\n<p>Contenu : 0,75 L<br \/>\nType de vin : vin rouge<br \/>\nMill\u00e9sime : 2021<br \/>\nC\u00e9page : 50 % Monastrell, 50 % Syrah<br \/>\nNiveau de qualit\u00e9 : vin de qualit\u00e9<br \/>\nGo\u00fbt : sec<br \/>\nTeneur en alcool (vol.%) : 13,5 %<br \/>\nAllerg\u00e8nes : Contient des sulfites<br \/>\nProducteur : DO Valencia, sous-zone Clariano. Bodega El Angosto, ONTINYENT<br \/>\nPays : Espagne<\/p>\n<p><strong>Remarque<\/strong><br \/>\nDistribution uniquement aux personnes \u00e2g\u00e9es de 18 ans r\u00e9volus<\/p>","protected":false},"excerpt":{"rendered":"<h3>Caract\u00e9ristiques de l'article<\/h3>\n<p>Artikelzustand: Neu - Neuer, unbenutzter und unbesch\u00e4digter Artikel in der unge\u00f6ffneten Verpackung<\/p>\n<table dir=\"ltr\" border=\"1\" cellspacing=\"0\" cellpadding=\"0\">\n<colgroup>\n<col width=\"203\" \/>\n<col width=\"259\" \/><\/colgroup>\n<tbody>\n<tr>\n<td data-sheets-value=\"{&quot;1&quot;:2,&quot;2&quot;:&quot;Alkoholgehalt:&quot;}\">Alkoholgehalt:<\/td>\n<td data-sheets-value=\"{&quot;1&quot;:2,&quot;2&quot;:&quot;10,1-15%&quot;}\">13,5%<\/td>\n<\/tr>\n<tr>\n<td data-sheets-value=\"{&quot;1&quot;:2,&quot;2&quot;:&quot;Allergene:&quot;}\">Allergene:<\/td>\n<td data-sheets-value=\"{&quot;1&quot;:2,&quot;2&quot;:&quot;Schwefeldioxid &amp; Sulfite&quot;}\">Sulfite<\/td>\n<\/tr>\n<tr>\n<td data-sheets-value=\"{&quot;1&quot;:2,&quot;2&quot;:&quot;Basis:&quot;}\">Basis:<\/td>\n<td data-sheets-value=\"{&quot;1&quot;:2,&quot;2&quot;:&quot;Lemberger&quot;}\">Monastrell, Syrah<\/td>\n<\/tr>\n<tr>\n<td data-sheets-value=\"{&quot;1&quot;:2,&quot;2&quot;:&quot;EAN:&quot;}\">EAN:<\/td>\n<td data-sheets-value=\"{&quot;1&quot;:3,&quot;3&quot;:4010333030373}\">8437007844030<\/td>\n<\/tr>\n<tr>\n<td data-sheets-value=\"{&quot;1&quot;:2,&quot;2&quot;:&quot;Eigenschaften:&quot;}\">Caract\u00e9ristiques :<\/td>\n<td data-sheets-value=\"{&quot;1&quot;:2,&quot;2&quot;:&quot;dicht und harmonisch&quot;}\">frisch, fruchtig mit einem Hauch von neuem Holz<\/td>\n<\/tr>\n<tr>\n<td data-sheets-value=\"{&quot;1&quot;:2,&quot;2&quot;:&quot;Farbe:&quot;}\">couleur :<\/td>\n<td data-sheets-value=\"{&quot;1&quot;:2,&quot;2&quot;:&quot;Rot&quot;}\">Rouge<\/td>\n<\/tr>\n<tr>\n<td data-sheets-value=\"{&quot;1&quot;:2,&quot;2&quot;:&quot;Jahrgang:&quot;}\">Jahrgang:<\/td>\n<td data-sheets-value=\"{&quot;1&quot;:3,&quot;3&quot;:2019}\">2021<\/td>\n<\/tr>\n<tr>\n<td data-sheets-value=\"{&quot;1&quot;:2,&quot;2&quot;:&quot;Lebensmittelspezifikationen:&quot;}\">Lebensmittelspezifikationen:<\/td>\n<td data-sheets-value=\"{&quot;1&quot;:2,&quot;2&quot;:&quot;Alkoholhaltig&quot;}\">Alkoholhaltig<\/td>\n<\/tr>\n<tr>\n<td data-sheets-value=\"{&quot;1&quot;:2,&quot;2&quot;:&quot;Marke:&quot;}\">Marke:<\/td>\n<td data-sheets-value=\"{&quot;1&quot;:2,&quot;2&quot;:&quot;Lemberger&quot;}\">La Tribuna<\/td>\n<\/tr>\n<tr>\n<td data-sheets-value=\"{&quot;1&quot;:2,&quot;2&quot;:&quot;Region:&quot;}\">Region:<\/td>\n<td data-sheets-value=\"{&quot;1&quot;:2,&quot;2&quot;:&quot;W\u00fcrttemberg, Deutschland&quot;}\">DO Valencia, Subzone Clariano.\u00a0Bodega El Angosto, ONTINYENT, Spanien<\/td>\n<\/tr>\n<tr>\n<td data-sheets-value=\"{&quot;1&quot;:2,&quot;2&quot;:&quot;Signiert:&quot;}\">Signiert:<\/td>\n<td data-sheets-value=\"{&quot;1&quot;:2,&quot;2&quot;:&quot;Nein&quot;}\">Nein<\/td>\n<\/tr>\n<tr>\n<td data-sheets-value=\"{&quot;1&quot;:2,&quot;2&quot;:&quot;Stil:&quot;}\">Stil:<\/td>\n<td data-sheets-value=\"{&quot;1&quot;:2,&quot;2&quot;:&quot;Trocken&quot;}\">Trocken<\/td>\n<\/tr>\n<tr>\n<td data-sheets-value=\"{&quot;1&quot;:2,&quot;2&quot;:&quot;Verpackung:&quot;}\">Verpackung:<\/td>\n<td data-sheets-value=\"{&quot;1&quot;:2,&quot;2&quot;:&quot;Flasche (Drehverschluss)&quot;}\">Flasche<\/td>\n<\/tr>\n<tr>\n<td data-sheets-value=\"{&quot;1&quot;:2,&quot;2&quot;:&quot;Volumen:&quot;}\">Volumen:<\/td>\n<td data-sheets-value=\"{&quot;1&quot;:2,&quot;2&quot;:&quot;0,75 L&quot;}\">0,75 L<\/td>\n<\/tr>\n<\/tbody>\n<\/table>","protected":false},"featured_media":83854,"comment_status":"open","ping_status":"closed","template":"","meta":{"_seopress_robots_primary_cat":"","_seopress_titles_title":"","_seopress_titles_desc":"","_seopress_robots_index":""},"product_brand":[],"product_cat":[1499,1512],"product_tag":[],"class_list":{"0":"post-83830","1":"product","2":"type-product","3":"status-publish","4":"has-post-thumbnail","6":"product_cat-alkoholische-getraenke","7":"product_cat-weine","8":"product_shipping_class-standard-versand","10":"first","11":"instock","12":"sale","13":"taxable","14":"shipping-taxable","15":"purchasable","16":"product-type-simple"},"_links":{"self":[{"href":"https:\/\/www.soanam.de\/fr\/wp-json\/wp\/v2\/product\/83830","targetHints":{"allow":["GET"]}}],"collection":[{"href":"https:\/\/www.soanam.de\/fr\/wp-json\/wp\/v2\/product"}],"about":[{"href":"https:\/\/www.soanam.de\/fr\/wp-json\/wp\/v2\/types\/product"}],"replies":[{"embeddable":true,"href":"https:\/\/www.soanam.de\/fr\/wp-json\/wp\/v2\/comments?post=83830"}],"wp:featuredmedia":[{"embeddable":true,"href":"https:\/\/www.soanam.de\/fr\/wp-json\/wp\/v2\/media\/83854"}],"wp:attachment":[{"href":"https:\/\/www.soanam.de\/fr\/wp-json\/wp\/v2\/media?parent=83830"}],"wp:term":[{"taxonomy":"product_brand","embeddable":true,"href":"https:\/\/www.soanam.de\/fr\/wp-json\/wp\/v2\/product_brand?post=83830"},{"taxonomy":"product_cat","embeddable":true,"href":"https:\/\/www.soanam.de\/fr\/wp-json\/wp\/v2\/product_cat?post=83830"},{"taxonomy":"product_tag","embeddable":true,"href":"https:\/\/www.soanam.de\/fr\/wp-json\/wp\/v2\/product_tag?post=83830"}],"curies":[{"name":"wp","href":"https:\/\/api.w.org\/{rel}","templated":true}]}}