{"id":82333,"date":"2023-12-14T02:22:06","date_gmt":"2023-12-14T01:22:06","guid":{"rendered":"https:\/\/www.soanam.de\/?post_type=product&#038;p=82333"},"modified":"2023-12-14T02:24:32","modified_gmt":"2023-12-14T01:24:32","slug":"nike-sporttasche-brasilia-m-printed-green-in-tarnfarbe-groesse-60l","status":"publish","type":"product","link":"https:\/\/www.soanam.de\/fr\/produkt\/nike-sporttasche-brasilia-m-printed-green-in-tarnfarbe-groesse-60l\/","title":{"rendered":"Sac de sport Nike Brasilia M Printed Green, en couleur camouflage, taille 60L"},"content":{"rendered":"<p>Das Hauptfach mit Rei\u00dfverschluss bietet sicheren Stauraum zur Aufbewahrung deiner Trainings-Essentials.<br \/>\nDas Rei\u00dfverschlussfach innen h\u00e4lt schmutzige Schuhe und verschwitzte Kleidung von anderer Ausr\u00fcstung getrennt.<br \/>\nDer beschichtete Boden sch\u00fctzt deine Sachen vor St\u00f6\u00dfen, Kratzern und Feuchtigkeit.<br \/>\nDank der Au\u00dfentaschen sind deine Essentials stets griffbereit.<br \/>\nSchultergurt verstellbar<\/p>\n<p>Mit der ger\u00e4umigen, strapazierf\u00e4higen Nike Brasilia Sporttasche hast du schnellen Zugriff auf deine Trainingsausr\u00fcstung.<br \/>\nDas seitliche Fach eignet sich zur separaten Aufbewahrung von Schuhen.<br \/>\nDank der Innen- und Au\u00dfentaschen beh\u00e4ltst du die \u00dcbersicht.<br \/>\nDas Hauptfach mit Rei\u00dfverschluss bietet sicheren Stauraum zur Aufbewahrung deiner Trainings-Essentials.<br \/>\nDieses Produkt besteht aus mindestens 65 % recycelten Polyesterfasern.<\/p>\n<p>Mat\u00e9riau : Dessus : 100% polyester<\/p>\n<p>Farbe: gr\u00fcn-schwarz<br \/>\nMuster: Tarnfarbe<br \/>\nGr\u00f6\u00dfe: 62x30x30 \/ 60L<\/p>","protected":false},"excerpt":{"rendered":"<table class=\"dv_characteristicsTable\">\n<tbody>\n<tr>\n<td class=\"left\">Mat\u00e9riau<\/td>\n<td>Kunstfaser<\/td>\n<\/tr>\n<tr>\n<td class=\"left\">Composition du mat\u00e9riau<\/td>\n<td>Dessus : 100% polyester<\/td>\n<\/tr>\n<\/tbody>\n<\/table>\n<table class=\"dv_characteristicsTable\">\n<tbody>\n<tr>\n<td class=\"left\">Couleur<\/td>\n<td>schwarz<\/td>\n<\/tr>\n<\/tbody>\n<\/table>\n<table class=\"dv_characteristicsTable\">\n<tbody>\n<tr>\n<td class=\"left\">Applikationen<\/td>\n<td>Logodruck<br \/>\nLogoschriftzug<\/td>\n<\/tr>\n<\/tbody>\n<\/table>\n<table class=\"dv_characteristicsTable\">\n<tbody>\n<tr>\n<td class=\"left\">Anzahl Hauptf\u00e4cher<\/td>\n<td>1<\/td>\n<\/tr>\n<tr>\n<td class=\"left\">Hauptf\u00e4cherverschluss<\/td>\n<td>Fermeture \u00e0 glissi\u00e8re<\/td>\n<\/tr>\n<tr>\n<td class=\"left\">Anzahl Vordertaschen<\/td>\n<td>1<\/td>\n<\/tr>\n<tr>\n<td class=\"left\">Vordertaschenverschluss<\/td>\n<td>Fermeture \u00e0 glissi\u00e8re<\/td>\n<\/tr>\n<tr>\n<td class=\"left\">Schulterriemen<\/td>\n<td>ja<\/td>\n<\/tr>\n<tr>\n<td class=\"left\">Schulterriemendetails<\/td>\n<td>verstellbar<\/td>\n<\/tr>\n<tr>\n<td class=\"left\">Tragegriff<\/td>\n<td>doppelter Henkel<\/td>\n<\/tr>\n<\/tbody>\n<\/table>\n<table class=\"dv_characteristicsTable\">\n<caption>MASSANGABE<\/caption>\n<tbody>\n<tr>\n<td class=\"left\">Breite<\/td>\n<td>62 cm<\/td>\n<\/tr>\n<tr>\n<td class=\"left\">H\u00f6he<\/td>\n<td>30 cm<\/td>\n<\/tr>\n<tr>\n<td class=\"left\">Tiefe<\/td>\n<td>30 cm<\/td>\n<\/tr>\n<\/tbody>\n<\/table>","protected":false},"featured_media":82439,"comment_status":"open","ping_status":"closed","template":"","meta":{"_seopress_robots_primary_cat":"","_seopress_titles_title":"","_seopress_titles_desc":"","_seopress_robots_index":""},"product_brand":[],"product_cat":[1345,1348,1357,1358,1387,1409,1579],"product_tag":[],"class_list":{"0":"post-82333","1":"product","2":"type-product","3":"status-publish","4":"has-post-thumbnail","6":"product_cat-herrenmode","7":"product_cat-damen-mode","8":"product_cat-accessoires","9":"product_cat-taschen","10":"product_cat-accessoires-herrenmode","11":"product_cat-taschen-accessoires-herrenmode","12":"product_cat-tragetaschen","13":"product_shipping_class-standard-versand","15":"first","16":"instock","17":"taxable","18":"shipping-taxable","19":"purchasable","20":"product-type-simple"},"_links":{"self":[{"href":"https:\/\/www.soanam.de\/fr\/wp-json\/wp\/v2\/product\/82333","targetHints":{"allow":["GET"]}}],"collection":[{"href":"https:\/\/www.soanam.de\/fr\/wp-json\/wp\/v2\/product"}],"about":[{"href":"https:\/\/www.soanam.de\/fr\/wp-json\/wp\/v2\/types\/product"}],"replies":[{"embeddable":true,"href":"https:\/\/www.soanam.de\/fr\/wp-json\/wp\/v2\/comments?post=82333"}],"wp:featuredmedia":[{"embeddable":true,"href":"https:\/\/www.soanam.de\/fr\/wp-json\/wp\/v2\/media\/82439"}],"wp:attachment":[{"href":"https:\/\/www.soanam.de\/fr\/wp-json\/wp\/v2\/media?parent=82333"}],"wp:term":[{"taxonomy":"product_brand","embeddable":true,"href":"https:\/\/www.soanam.de\/fr\/wp-json\/wp\/v2\/product_brand?post=82333"},{"taxonomy":"product_cat","embeddable":true,"href":"https:\/\/www.soanam.de\/fr\/wp-json\/wp\/v2\/product_cat?post=82333"},{"taxonomy":"product_tag","embeddable":true,"href":"https:\/\/www.soanam.de\/fr\/wp-json\/wp\/v2\/product_tag?post=82333"}],"curies":[{"name":"wp","href":"https:\/\/api.w.org\/{rel}","templated":true}]}}