{"id":82276,"date":"2023-12-14T02:20:47","date_gmt":"2023-12-14T01:20:47","guid":{"rendered":"https:\/\/www.soanam.de\/?post_type=product&#038;p=82276"},"modified":"2023-12-14T02:23:36","modified_gmt":"2023-12-14T01:23:36","slug":"alpenblitz-manteau-dhiver-slim-wai-en-olive-taille-44","status":"publish","type":"product","link":"https:\/\/www.soanam.de\/fr\/produkt\/alpenblitz-wintermantel-slim-wai-in-olive-groesse-44\/","title":{"rendered":"ALPENBLITZ Manteau d'hiver Slim Wai, en olive, taille 44"},"content":{"rendered":"<p>Manteau d'hiver avec capuche d\u00e9tachable von Alpenblitz<br \/>\nAvec de nombreux d\u00e9tails, comme une double fermeture \u00e0 glissi\u00e8re pratique, de grandes poches \u00e0 fermeture \u00e0 glissi\u00e8re, une poche int\u00e9rieure, une fronce \u00e9lastique \u00e0 la taille, des poignets qui sont \u00e9galement r\u00e9glables individuellement.<br \/>\nAvec le logo Alpenblitz sur la manche<br \/>\nEn mati\u00e8re facile d'entretien, doublure l\u00e9g\u00e8re et chaude<\/p>\n<p>Manteau d'hiver classique d'ALPENBLITZ avec grande capuche amovible.<br \/>\nLa parka est d'une longueur chaude, couvrant les fesses, avec une taille r\u00e9glable gr\u00e2ce \u00e0 des fronces \u00e9lastiques, une coupe flatteuse pour la silhouette et noble.<br \/>\nDe grandes poches zipp\u00e9es, une poche int\u00e9rieure, des poignets qui peuvent \u00e9galement \u00eatre r\u00e9gl\u00e9s individuellement - ce ne sont que quelques-uns des nombreux d\u00e9tails styl\u00e9s et pratiques.<br \/>\nLe dessus est en mat\u00e9riau l\u00e9g\u00e8rement brillant et facile d'entretien, avec une doublure chaude.<\/p>\n<p>Mat\u00e9riau : Dessus : nylon 100%<br \/>\nConseils d'entretien : Lavage en machine<\/p>\n<p>couleur : olive<br \/>\n\u00c9chantillon : sans<br \/>\nTaille : 44<\/p>\n<p>Largeur des \u00e9paules : 46cm<br \/>\nTour de poitrine : 120cm<br \/>\nLongueur des manches : 65cm<br \/>\nlongueur totale : 107cm<\/p>","protected":false},"excerpt":{"rendered":"<table class=\"dv_characteristicsTable\">\n<tbody>\n<tr>\n<td class=\"left\">Taille<\/td>\n<td>44<\/td>\n<\/tr>\n<tr>\n<td class=\"left\">Gr\u00f6\u00dfentyp<\/td>\n<td>Normalgr\u00f6\u00dfen<\/td>\n<\/tr>\n<tr>\n<td class=\"left\">Composition du mat\u00e9riau<\/td>\n<td>Obermaterial: 100% Nylon. Futter: 100% Polyester.<\/td>\n<\/tr>\n<tr>\n<td class=\"left\">Materialart<\/td>\n<td>Web<\/td>\n<\/tr>\n<tr>\n<td class=\"left\">Conseils d'entretien<\/td>\n<td>Lavage en machine<\/td>\n<\/tr>\n<tr>\n<td class=\"left\">Optik<\/td>\n<td>unifarben, leicht gl\u00e4nzend<\/td>\n<\/tr>\n<tr>\n<td class=\"left\">Stil<\/td>\n<td>casual<\/td>\n<\/tr>\n<tr>\n<td class=\"left\">Couleur<\/td>\n<td>olive<\/td>\n<\/tr>\n<tr>\n<td class=\"left\">Ausschnitt<\/td>\n<td>Kragen<\/td>\n<\/tr>\n<tr>\n<td class=\"left\">\u00c4rmel<\/td>\n<td>Manches longues<\/td>\n<\/tr>\n<tr>\n<td class=\"left\">\u00c4rmeldetails<\/td>\n<td>\u00c4rmel mit einstellbaren \u00c4rmelenden<\/td>\n<\/tr>\n<tr>\n<td class=\"left\">\u00c4rmelabschluss<\/td>\n<td>Poignets c\u00f4tel\u00e9s<\/td>\n<\/tr>\n<tr>\n<td class=\"left\">Capuche<\/td>\n<td>mit Kapuze<\/td>\n<\/tr>\n<tr>\n<td class=\"left\">Coupe<\/td>\n<td>figurumspielend<\/td>\n<\/tr>\n<tr>\n<td class=\"left\">Schnittform L\u00e4nge<\/td>\n<td>Po-bedeckend<\/td>\n<\/tr>\n<tr>\n<td class=\"left\">Applikationen<\/td>\n<td>Markenlabel<\/td>\n<\/tr>\n<tr>\n<td class=\"left\">Verschluss<\/td>\n<td>doppelter Rei\u00dfverschluss<\/td>\n<\/tr>\n<tr>\n<td class=\"left\"><\/td>\n<td><\/td>\n<\/tr>\n<tr>\n<td class=\"left\"><\/td>\n<td><\/td>\n<\/tr>\n<tr>\n<td class=\"left\"><\/td>\n<td><\/td>\n<\/tr>\n<tr>\n<td class=\"left\"><\/td>\n<td><\/td>\n<\/tr>\n<tr>\n<td class=\"left\"><\/td>\n<td><\/td>\n<\/tr>\n<tr>\n<td class=\"left\"><\/td>\n<td><\/td>\n<\/tr>\n<tr>\n<td class=\"left\"><\/td>\n<td><\/td>\n<\/tr>\n<tr>\n<td class=\"left\"><\/td>\n<td><\/td>\n<\/tr>\n<tr>\n<td class=\"left\"><\/td>\n<td><\/td>\n<\/tr>\n<\/tbody>\n<\/table>","protected":false},"featured_media":82401,"comment_status":"open","ping_status":"closed","template":"","meta":{"_seopress_robots_primary_cat":"","_seopress_titles_title":"","_seopress_titles_desc":"","_seopress_robots_index":""},"product_brand":[],"product_cat":[1348,1354,1375,1440],"product_tag":[],"class_list":{"0":"post-82276","1":"product","2":"type-product","3":"status-publish","4":"has-post-thumbnail","6":"product_cat-damen-mode","7":"product_cat-jacken-maentel","8":"product_cat-winterjacken","9":"product_cat-parkas-winterjacken","10":"product_shipping_class-standard-versand","12":"first","13":"instock","14":"sale","15":"taxable","16":"shipping-taxable","17":"purchasable","18":"product-type-simple"},"_links":{"self":[{"href":"https:\/\/www.soanam.de\/fr\/wp-json\/wp\/v2\/product\/82276","targetHints":{"allow":["GET"]}}],"collection":[{"href":"https:\/\/www.soanam.de\/fr\/wp-json\/wp\/v2\/product"}],"about":[{"href":"https:\/\/www.soanam.de\/fr\/wp-json\/wp\/v2\/types\/product"}],"replies":[{"embeddable":true,"href":"https:\/\/www.soanam.de\/fr\/wp-json\/wp\/v2\/comments?post=82276"}],"wp:featuredmedia":[{"embeddable":true,"href":"https:\/\/www.soanam.de\/fr\/wp-json\/wp\/v2\/media\/82401"}],"wp:attachment":[{"href":"https:\/\/www.soanam.de\/fr\/wp-json\/wp\/v2\/media?parent=82276"}],"wp:term":[{"taxonomy":"product_brand","embeddable":true,"href":"https:\/\/www.soanam.de\/fr\/wp-json\/wp\/v2\/product_brand?post=82276"},{"taxonomy":"product_cat","embeddable":true,"href":"https:\/\/www.soanam.de\/fr\/wp-json\/wp\/v2\/product_cat?post=82276"},{"taxonomy":"product_tag","embeddable":true,"href":"https:\/\/www.soanam.de\/fr\/wp-json\/wp\/v2\/product_tag?post=82276"}],"curies":[{"name":"wp","href":"https:\/\/api.w.org\/{rel}","templated":true}]}}