{"id":82233,"date":"2023-12-14T02:14:59","date_gmt":"2023-12-14T01:14:59","guid":{"rendered":"https:\/\/www.soanam.de\/?post_type=product&#038;p=82233"},"modified":"2023-12-14T02:22:45","modified_gmt":"2023-12-14T01:22:45","slug":"rhode-island-parka-avec-capuche-noir-taille-xxl","status":"publish","type":"product","link":"https:\/\/www.soanam.de\/fr\/produkt\/rhode-island-parka-mit-kapuze-in-schwarz-groesse-xxl\/","title":{"rendered":"Rhode Island Parka avec capuche, noir, taille XXL"},"content":{"rendered":"<p>Parka matelass\u00e9e de Rhode Island<br \/>\nAvec capuche amovible et col en fausse fourrure amovible<br \/>\nQualit\u00e9 coupe-vent et imperm\u00e9able<br \/>\nComfort-fit\/ forme confortable<br \/>\nAvec poches zipp\u00e9es, grande poche frontale et ouverture lat\u00e9rale<\/p>\n<p>Parfaite pour les froides journ\u00e9es d'hiver - la parka de Rhode Island.<br \/>\nLe mat\u00e9riau ext\u00e9rieur l\u00e9g\u00e8rement chatoyant est rehauss\u00e9 par de petits d\u00e9tails contrast\u00e9s sur les fermetures \u00e9clair et le col douillet en imitation fourrure ainsi que par un design matelass\u00e9 d\u00e9contract\u00e9.<br \/>\nAvec sa coupe confortable et sa ceinture qui souligne la taille, ce manteau matelass\u00e9 est extr\u00eamement flatteur.<br \/>\nLa fermeture \u00e9clair est habilement dissimul\u00e9e par le rabat \u00e0 boutons-pression, les poches \u00e0 rabat boutonn\u00e9es et les poches poitrine zipp\u00e9es compl\u00e8tent avec style le design de cette parka de Rhode Island aux attributs pratiques.<\/p>\n<p>Mat\u00e9riau : Dessus : 100% polyester<br \/>\nConseils d'entretien : Lavage en machine<\/p>\n<p>couleur : noir<br \/>\n\u00c9chantillon : sans<br \/>\nTaille : XXL<\/p>\n<p>Largeur des \u00e9paules : 55cm<br \/>\nTour de poitrine : 142cm<br \/>\nLongueur des manches : 67cm<br \/>\nlongueur totale : 88cm<\/p>\n<p>&nbsp;<\/p>\n<p>Il s'agit pour ce nouvel article d'un retour client sans \u00e9tiquette.<\/p>","protected":false},"excerpt":{"rendered":"<table class=\"dv_characteristicsTable\">\n<tbody>\n<tr>\n<td class=\"left\">Taille<\/td>\n<td>XXL<\/td>\n<\/tr>\n<tr>\n<td class=\"left\">Gr\u00f6\u00dfentyp<\/td>\n<td>Normalgr\u00f6\u00dfen<\/td>\n<\/tr>\n<tr>\n<td class=\"left\">Composition du mat\u00e9riau<\/td>\n<td>Obermaterial: 100% Polyester. Futter: 100% Polyester. Kapuzenfutter: 100% Polyester. Besatz: 100% Polyester. F\u00fcllung: 100% Polyester<\/td>\n<\/tr>\n<tr>\n<td class=\"left\">Materialart<\/td>\n<td>Web<\/td>\n<\/tr>\n<tr>\n<td class=\"left\">Conseils d'entretien<\/td>\n<td>Lavage en machine<\/td>\n<\/tr>\n<tr>\n<td class=\"left\">Optik<\/td>\n<td>unifarben<\/td>\n<\/tr>\n<tr>\n<td class=\"left\">Stil<\/td>\n<td>casual<\/td>\n<\/tr>\n<tr>\n<td class=\"left\">Couleur<\/td>\n<td>schwarz<\/td>\n<\/tr>\n<tr>\n<td class=\"left\">Kragen<\/td>\n<td>Fellimitatkragen<\/td>\n<\/tr>\n<tr>\n<td class=\"left\">Kragendetails<\/td>\n<td>abnehmbarer Besatz<\/td>\n<\/tr>\n<tr>\n<td class=\"left\">\u00c4rmel<\/td>\n<td>Manches longues<\/td>\n<\/tr>\n<tr>\n<td class=\"left\">\u00c4rmelabschluss<\/td>\n<td>Poignets c\u00f4tel\u00e9s<\/td>\n<\/tr>\n<tr>\n<td class=\"left\">Rumpfabschluss<\/td>\n<td>gerader Abschluss<\/td>\n<\/tr>\n<tr>\n<td class=\"left\">Coupe<\/td>\n<td>bequem<\/td>\n<\/tr>\n<tr>\n<td class=\"left\">Capuche<\/td>\n<td>mit Kapuze<\/td>\n<\/tr>\n<tr>\n<td class=\"left\">Kapuzendetails<\/td>\n<td>abnehmbar, Kante mit Gummizug verstellbar<\/td>\n<\/tr>\n<tr>\n<td class=\"left\">Kapuzenf\u00fctterung<\/td>\n<td>gef\u00fcttert, kontrastfarben<\/td>\n<\/tr>\n<tr>\n<td class=\"left\">Applikationen<\/td>\n<td>Badge<\/td>\n<\/tr>\n<tr>\n<td class=\"left\">Sacs<\/td>\n<td>aufgesetzte Tasche, Eingrifftasche, Innentaschen, Rei\u00dfverschlusstaschen<\/td>\n<\/tr>\n<tr>\n<td class=\"left\">Verschluss<\/td>\n<td>2-Wege-Rei\u00dfverschluss, Knopfverschluss<\/td>\n<\/tr>\n<tr>\n<td class=\"left\">Verschlussdetails<\/td>\n<td>durchgehend<\/td>\n<\/tr>\n<tr>\n<td class=\"left\">Zus\u00e4tzlicher Verschluss<\/td>\n<td>Druckknopfverschluss<\/td>\n<\/tr>\n<\/tbody>\n<\/table>","protected":false},"featured_media":82360,"comment_status":"open","ping_status":"closed","template":"","meta":{"_seopress_robots_primary_cat":"","_seopress_titles_title":"","_seopress_titles_desc":"","_seopress_robots_index":""},"product_brand":[],"product_cat":[1345,1363,1377,1389],"product_tag":[],"class_list":{"0":"post-82233","1":"product","2":"type-product","3":"status-publish","4":"has-post-thumbnail","6":"product_cat-herrenmode","7":"product_cat-jacken-maentel-herrenmode","8":"product_cat-winterjacken-jacken-maentel-herrenmode","9":"product_cat-parkas","10":"product_shipping_class-standard-versand","12":"first","13":"instock","14":"taxable","15":"shipping-taxable","16":"purchasable","17":"product-type-simple"},"_links":{"self":[{"href":"https:\/\/www.soanam.de\/fr\/wp-json\/wp\/v2\/product\/82233","targetHints":{"allow":["GET"]}}],"collection":[{"href":"https:\/\/www.soanam.de\/fr\/wp-json\/wp\/v2\/product"}],"about":[{"href":"https:\/\/www.soanam.de\/fr\/wp-json\/wp\/v2\/types\/product"}],"replies":[{"embeddable":true,"href":"https:\/\/www.soanam.de\/fr\/wp-json\/wp\/v2\/comments?post=82233"}],"wp:featuredmedia":[{"embeddable":true,"href":"https:\/\/www.soanam.de\/fr\/wp-json\/wp\/v2\/media\/82360"}],"wp:attachment":[{"href":"https:\/\/www.soanam.de\/fr\/wp-json\/wp\/v2\/media?parent=82233"}],"wp:term":[{"taxonomy":"product_brand","embeddable":true,"href":"https:\/\/www.soanam.de\/fr\/wp-json\/wp\/v2\/product_brand?post=82233"},{"taxonomy":"product_cat","embeddable":true,"href":"https:\/\/www.soanam.de\/fr\/wp-json\/wp\/v2\/product_cat?post=82233"},{"taxonomy":"product_tag","embeddable":true,"href":"https:\/\/www.soanam.de\/fr\/wp-json\/wp\/v2\/product_tag?post=82233"}],"curies":[{"name":"wp","href":"https:\/\/api.w.org\/{rel}","templated":true}]}}