{"id":82231,"date":"2023-12-14T02:14:58","date_gmt":"2023-12-14T01:14:58","guid":{"rendered":"https:\/\/www.soanam.de\/?post_type=product&#038;p=82231"},"modified":"2023-12-14T02:22:35","modified_gmt":"2023-12-14T01:22:35","slug":"kangaroos-steppjacke-mit-abnehmbarem-fellimitat-kragen-in-schwarz-groesse-42","status":"publish","type":"product","link":"https:\/\/www.soanam.de\/fr\/produkt\/kangaroos-steppjacke-mit-abnehmbarem-fellimitat-kragen-in-schwarz-groesse-42\/","title":{"rendered":"KangaROOS Steppjacke mit abnehmbarem Fellimitat-Kragen, in Schwarz, Gr\u00f6\u00dfe 42"},"content":{"rendered":"<p>Steppmantel mit Kapuze von KangaROOS<br \/>\nZwei-Wege-Rei\u00dfverschluss<br \/>\nAus wattierter und abgesteppter Web-Qualit\u00e4t<br \/>\nFutter mit Logo-Druck Pr\u00e4gung<br \/>\nFigurbetont Form in der Taille mit Kordelzug<br \/>\nPraktische Eingrifftaschen mit Rei\u00dfverschluss<br \/>\nAbnehmbarer Fellimitat-Kragen an der Kapuze<\/p>\n<p>Mit dem w\u00e4rmenden Steppmantel von Kagaroos kannst du die kalte Jahreszeit rundum genie\u00dfen.<br \/>\nAn der Kapuze sitzt eine kuschelige Borte aus Fake Fur und durch variable Tunnelzugb\u00e4nder lassen sich Kragen und Taille nach Belieben variieren.<br \/>\nGer\u00e4umige Eingrifftaschen geh\u00f6ren ebenfalls zur komfortablen Ausstattung des Wintermantels.<br \/>\nAuch innen liegenden B\u00fcndchen und ein verblendeter Zwei-Wege-Zipper sch\u00fctzen vor Wind und K\u00e4lte.<\/p>\n<p>Mat\u00e9riau : Dessus : 100% polyester<br \/>\nConseils d'entretien : Lavage en machine<\/p>\n<p>couleur : noir<br \/>\n\u00c9chantillon : sans<br \/>\nTaille : 42<\/p>\n<p>Largeur des \u00e9paules : 45cm<br \/>\nTour de poitrine : 115cm<br \/>\nLongueur des manches : 64cm<br \/>\nlongueur totale : 92cm<\/p>","protected":false},"excerpt":{"rendered":"<table class=\"dv_characteristicsTable\">\n<tbody>\n<tr>\n<td class=\"left\">Taille<\/td>\n<td>42<\/td>\n<\/tr>\n<tr>\n<td class=\"left\">Gr\u00f6\u00dfentyp<\/td>\n<td>Normalgr\u00f6\u00dfen<\/td>\n<\/tr>\n<tr>\n<td class=\"left\">Composition du mat\u00e9riau<\/td>\n<td>Obermaterial: 100% Polyester. Futter: 100% Polyester. Besatz: 80% Polyacryl, 20% Polyester. Wattierung: 100% Polyester<\/td>\n<\/tr>\n<tr>\n<td class=\"left\">Materialart<\/td>\n<td>Web<\/td>\n<\/tr>\n<tr>\n<td class=\"left\">Conseils d'entretien<\/td>\n<td>Lavage en machine<\/td>\n<\/tr>\n<tr>\n<td class=\"left\">Optik<\/td>\n<td>kontrastfarbene Details<\/td>\n<\/tr>\n<tr>\n<td class=\"left\">Stil<\/td>\n<td>casual<\/td>\n<\/tr>\n<tr>\n<td class=\"left\">Couleur<\/td>\n<td>schwarz<\/td>\n<\/tr>\n<tr>\n<td class=\"left\">\u00c4rmel<\/td>\n<td>Manches longues<\/td>\n<\/tr>\n<tr>\n<td class=\"left\">\u00c4rmelabschluss<\/td>\n<td>Poignets c\u00f4tel\u00e9s<\/td>\n<\/tr>\n<tr>\n<td class=\"left\">Coupe<\/td>\n<td>figurbetont<\/td>\n<\/tr>\n<tr>\n<td class=\"left\">Schnittform L\u00e4nge<\/td>\n<td>Po-bedeckend<\/td>\n<\/tr>\n<tr>\n<td class=\"left\">Capuche<\/td>\n<td>mit Kapuze<\/td>\n<\/tr>\n<tr>\n<td class=\"left\">Kapuzendetails<\/td>\n<td>Fellimitat an der Kapuze, mit Kordelzug<\/td>\n<\/tr>\n<tr>\n<td class=\"left\">Applikationen<\/td>\n<td>Badge, Markenlabel, Tunnelzug<\/td>\n<\/tr>\n<tr>\n<td class=\"left\">Sacs<\/td>\n<td>Poches \u00e0 fermeture \u00e9clair<\/td>\n<\/tr>\n<tr>\n<td class=\"left\">Verschluss<\/td>\n<td>Rei\u00dfverschluss, Druckkn\u00f6pfe<\/td>\n<\/tr>\n<tr>\n<td class=\"left\">Besondere Merkmale<\/td>\n<td>mit kuscheligem, abnehmbarem Fellimitat-Kragen an der Kapuze<\/td>\n<\/tr>\n<\/tbody>\n<\/table>","protected":false},"featured_media":82352,"comment_status":"open","ping_status":"closed","template":"","meta":{"_seopress_robots_primary_cat":"","_seopress_titles_title":"","_seopress_titles_desc":"","_seopress_robots_index":""},"product_brand":[],"product_cat":[1348,1354,1375,1376],"product_tag":[],"class_list":{"0":"post-82231","1":"product","2":"type-product","3":"status-publish","4":"has-post-thumbnail","6":"product_cat-damen-mode","7":"product_cat-jacken-maentel","8":"product_cat-winterjacken","9":"product_cat-daunenjacken-steppjacken","10":"product_shipping_class-standard-versand","12":"first","13":"instock","14":"taxable","15":"shipping-taxable","16":"purchasable","17":"product-type-simple"},"_links":{"self":[{"href":"https:\/\/www.soanam.de\/fr\/wp-json\/wp\/v2\/product\/82231","targetHints":{"allow":["GET"]}}],"collection":[{"href":"https:\/\/www.soanam.de\/fr\/wp-json\/wp\/v2\/product"}],"about":[{"href":"https:\/\/www.soanam.de\/fr\/wp-json\/wp\/v2\/types\/product"}],"replies":[{"embeddable":true,"href":"https:\/\/www.soanam.de\/fr\/wp-json\/wp\/v2\/comments?post=82231"}],"wp:featuredmedia":[{"embeddable":true,"href":"https:\/\/www.soanam.de\/fr\/wp-json\/wp\/v2\/media\/82352"}],"wp:attachment":[{"href":"https:\/\/www.soanam.de\/fr\/wp-json\/wp\/v2\/media?parent=82231"}],"wp:term":[{"taxonomy":"product_brand","embeddable":true,"href":"https:\/\/www.soanam.de\/fr\/wp-json\/wp\/v2\/product_brand?post=82231"},{"taxonomy":"product_cat","embeddable":true,"href":"https:\/\/www.soanam.de\/fr\/wp-json\/wp\/v2\/product_cat?post=82231"},{"taxonomy":"product_tag","embeddable":true,"href":"https:\/\/www.soanam.de\/fr\/wp-json\/wp\/v2\/product_tag?post=82231"}],"curies":[{"name":"wp","href":"https:\/\/api.w.org\/{rel}","templated":true}]}}