{"id":82211,"date":"2023-12-14T02:14:32","date_gmt":"2023-12-14T01:14:32","guid":{"rendered":"https:\/\/www.soanam.de\/?post_type=product&#038;p=82211"},"modified":"2023-12-14T02:22:03","modified_gmt":"2023-12-14T01:22:03","slug":"blend-parka-homme-noir-taille-44-46","status":"publish","type":"product","link":"https:\/\/www.soanam.de\/fr\/produkt\/blend-herren-parka-in-schwarz-groesse-44-46\/","title":{"rendered":"Parka homme Blend, noir, taille 44\/46"},"content":{"rendered":"<p>Parka von Blend<br \/>\nAbnehmbares Fellimitat an der Kapuze<br \/>\nBeschichtete und washed-out Jacke<br \/>\nAus strapazierf\u00e4higem Material<br \/>\nRegular-fit\/ forme normale<br \/>\nAuff\u00e4llig orangefarbenes Innenfutter<br \/>\nKontrastfarbiges Teddyfutterimitat in der Kapuze<\/p>\n<p>Der Parka von Blend ist eine praktische Winterjacke f\u00fcr Herren.<br \/>\nSie besitzt eine gro\u00dfe Kapuze mit Fellimitatbesatz, Pattentaschen, eine \u00c4rmeltasche, einen durchgehenden Rei\u00dfverschluss mit Druckknopfblende, \u00c4rmel mit Rippb\u00fcndchen und eine verl\u00e4ngerte R\u00fcckseite.<br \/>\nDas beschichtete, strapazierf\u00e4hige Material macht sie unentberhrlich bei Wind und Wetter.<\/p>\n<p>Material: Obermaterial: 100% Nylon. Fellimitat: 100% Polyester. Futter: 100% Polyester<br \/>\nConseils d'entretien : Lavage en machine<\/p>\n<p>couleur : noir<br \/>\n\u00c9chantillon : sans<br \/>\nTaille : 44\/46<\/p>\n<p>Largeur des \u00e9paules : 50cm<br \/>\nTour de poitrine : 120cm<br \/>\nLongueur des manches : 71cm<br \/>\nlongueur totale : 92cm<\/p>\n<p>&nbsp;<\/p>\n<p>Il s'agit pour ce nouvel article d'un retour client sans \u00e9tiquette.<\/p>","protected":false},"excerpt":{"rendered":"<table class=\"dv_characteristicsTable\" style=\"height: 601px;\" width=\"420\">\n<tbody>\n<tr>\n<td class=\"left\">Taille<\/td>\n<td>M<\/td>\n<\/tr>\n<tr>\n<td class=\"left\">Gr\u00f6\u00dfentyp<\/td>\n<td>Normalgr\u00f6\u00dfen<\/td>\n<\/tr>\n<tr>\n<td class=\"left\">Composition du mat\u00e9riau<\/td>\n<td>Dessus : 100% polyester<\/td>\n<\/tr>\n<tr>\n<td class=\"left\">Conseils d'entretien<\/td>\n<td>Lavage en machine<\/td>\n<\/tr>\n<tr>\n<td class=\"left\">Optik<\/td>\n<td>unifarben<\/td>\n<\/tr>\n<tr>\n<td class=\"left\">Stil<\/td>\n<td>casual<\/td>\n<\/tr>\n<tr>\n<td class=\"left\">Couleur<\/td>\n<td>schwarz<\/td>\n<\/tr>\n<tr>\n<td class=\"left\">Kragen<\/td>\n<td>mit Kapuze<\/td>\n<\/tr>\n<tr>\n<td class=\"left\">Doubl\u00e9<\/td>\n<td>ja<\/td>\n<\/tr>\n<tr>\n<td class=\"left\">\u00c4rmel<\/td>\n<td>Manches longues<\/td>\n<\/tr>\n<tr>\n<td class=\"left\">Ton in Ton N\u00e4hte<\/td>\n<td>ja<\/td>\n<\/tr>\n<tr>\n<td class=\"left\">L\u00e4nge<\/td>\n<td>Oberschenkel<\/td>\n<\/tr>\n<tr>\n<td class=\"left\">Schnitt<\/td>\n<td>regular fit<\/td>\n<\/tr>\n<tr>\n<td class=\"left\">Verschluss<\/td>\n<td>Rei\u00dfverschluss, Kn\u00f6pfe<\/td>\n<\/tr>\n<tr>\n<td class=\"left\"><\/td>\n<td><\/td>\n<\/tr>\n<tr>\n<td class=\"left\"><\/td>\n<td><\/td>\n<\/tr>\n<tr>\n<td class=\"left\"><\/td>\n<td><\/td>\n<\/tr>\n<tr>\n<td class=\"left\"><\/td>\n<td><\/td>\n<\/tr>\n<tr>\n<td class=\"left\"><\/td>\n<td><\/td>\n<\/tr>\n<tr>\n<td class=\"left\"><\/td>\n<td><\/td>\n<\/tr>\n<\/tbody>\n<\/table>","protected":false},"featured_media":82327,"comment_status":"open","ping_status":"closed","template":"","meta":{"_seopress_robots_primary_cat":"","_seopress_titles_title":"","_seopress_titles_desc":"","_seopress_robots_index":""},"product_brand":[],"product_cat":[1345,1363,1377,1389],"product_tag":[],"class_list":{"0":"post-82211","1":"product","2":"type-product","3":"status-publish","4":"has-post-thumbnail","6":"product_cat-herrenmode","7":"product_cat-jacken-maentel-herrenmode","8":"product_cat-winterjacken-jacken-maentel-herrenmode","9":"product_cat-parkas","10":"product_shipping_class-standard-versand","12":"first","13":"instock","14":"sale","15":"taxable","16":"shipping-taxable","17":"purchasable","18":"product-type-simple"},"_links":{"self":[{"href":"https:\/\/www.soanam.de\/fr\/wp-json\/wp\/v2\/product\/82211","targetHints":{"allow":["GET"]}}],"collection":[{"href":"https:\/\/www.soanam.de\/fr\/wp-json\/wp\/v2\/product"}],"about":[{"href":"https:\/\/www.soanam.de\/fr\/wp-json\/wp\/v2\/types\/product"}],"replies":[{"embeddable":true,"href":"https:\/\/www.soanam.de\/fr\/wp-json\/wp\/v2\/comments?post=82211"}],"wp:featuredmedia":[{"embeddable":true,"href":"https:\/\/www.soanam.de\/fr\/wp-json\/wp\/v2\/media\/82327"}],"wp:attachment":[{"href":"https:\/\/www.soanam.de\/fr\/wp-json\/wp\/v2\/media?parent=82211"}],"wp:term":[{"taxonomy":"product_brand","embeddable":true,"href":"https:\/\/www.soanam.de\/fr\/wp-json\/wp\/v2\/product_brand?post=82211"},{"taxonomy":"product_cat","embeddable":true,"href":"https:\/\/www.soanam.de\/fr\/wp-json\/wp\/v2\/product_cat?post=82211"},{"taxonomy":"product_tag","embeddable":true,"href":"https:\/\/www.soanam.de\/fr\/wp-json\/wp\/v2\/product_tag?post=82211"}],"curies":[{"name":"wp","href":"https:\/\/api.w.org\/{rel}","templated":true}]}}